{"id":240296,"date":"2025-10-06T13:40:44","date_gmt":"2025-10-06T11:40:44","guid":{"rendered":"https:\/\/gs-hude-sued.de\/?page_id=240296"},"modified":"2026-02-23T12:02:45","modified_gmt":"2026-02-23T11:02:45","slug":"%d0%b1%d1%96%d0%b1%d0%bb%d1%96%d0%be%d1%82%d0%b5%d0%ba%d0%b0","status":"publish","type":"page","link":"https:\/\/gs-hude-sued.de\/uk\/%d1%86%d0%b5-%d0%bc%d0%b8\/%d0%b1%d1%96%d0%b1%d0%bb%d1%96%d0%be%d1%82%d0%b5%d0%ba%d0%b0\/","title":{"rendered":"\u0431\u0456\u0431\u043b\u0456\u043e\u0442\u0435\u043a\u0430"},"content":{"rendered":"<p>[et_pb_section fb_built=&#8220;1&#8243; _builder_version=&#8220;4.27.4&#8243; _module_preset=&#8220;default&#8220; global_colors_info=&#8220;{}&#8220;][et_pb_row column_structure=&#8220;1_2,1_2&#8243; _builder_version=&#8220;4.27.5&#8243; _module_preset=&#8220;default&#8220; custom_padding=&#8220;0px||0px||true|false&#8220; hover_enabled=&#8220;0&#8243; custom_css_main_element=&#8220;display: flex;||justify-content: center; ||align-items: center;||&#8220; global_colors_info=&#8220;{}&#8220; custom_css_main_element_last_edited=&#8220;on|phone&#8220; custom_css_main_element_tablet=&#8220;display:block;&#8220; custom_css_main_element_phone=&#8220;display:block;||&#8220; sticky_enabled=&#8220;0&#8243;][et_pb_column type=&#8220;1_2&#8243; _builder_version=&#8220;4.27.4&#8243; _module_preset=&#8220;default&#8220; global_colors_info=&#8220;{}&#8220;][et_pb_text _builder_version=&#8220;4.27.5&#8243; _module_preset=&#8220;default&#8220; hover_enabled=&#8220;0&#8243; global_colors_info=&#8220;{}&#8220; sticky_enabled=&#8220;0&#8243;]<\/p>\n<div id=\"meta-origin\" data-coolorigin=\"https%3A%2F%2Foffice.flowscript.de%2Fcool%2Fclipboard%3FWOPISrc%3Dhttps%253A%252F%252Fcloud.digelite.de%252Findex.php%252Fapps%252Frichdocuments%252Fwopi%252Ffiles%252F29066_oc1qiigmd72i%26ServerId%3Dbf6de5cf%26ViewId%3D4%26Tag%3Da9e4e88475fdbbed\">\n<h1>B\u00fccherei<\/h1>\n<p>Im Herzen der Grundschule liegt unsere kleine Schulb\u00fccherei. Hier gibt es auf ca. 20 qm Platz, um sich neue B\u00fccher auszuleihen und darin zu schm\u00f6kern.<\/p>\n<p>Es werden B\u00fccher aller Art angeboten, von Bilderb\u00fcchern, \u00fcber B\u00fccher der 1. Lesestufe, Wissensb\u00fccher, Buchreihen wie Harry Potter oder das magische Baumhaus bis hin zu Klassikern wie das Sams oder der R\u00e4uber Hotzenplotz. Regelm\u00e4\u00dfig werden neue B\u00fccher angeschafft, nicht selten d\u00fcrfen die Kinder mitbestimmen, welche B\u00fccher sie gerne noch in der B\u00fccherei h\u00e4tten.<\/p>\n<p>Alle Kinder der Grundschule haben die M\u00f6glichkeit, mit ihrer Klassenlehrkraft regelm\u00e4\u00dfig in die B\u00fccherei zu gehen um sich ein Buch auszuleihen oder ein bereits gelesenes wieder zur\u00fcckzubringen. Viele Kinder leihen sich aus der B\u00fccherei gerne ein Buch aus, welches sie dann in der im Schulalltag integrierten Lesezeit lesen. Die Kinder bewegen sich in der B\u00fccherei unter Aufsicht sehr selbstst\u00e4ndig.<\/p>\n<p>Jeden Mittwoch in der AG-Zeit k\u00fcmmern sich einige Sch\u00fclerInnen der 3. &amp; 4. Klassen unter der Leitung von Frau Heider dann darum, liegengebliebene B\u00fccher wieder einzusortieren, neue B\u00fccher auszuschildern oder alte und kaputte B\u00fccher auszusortieren.<\/p>\n<p>Nat\u00fcrlich gibt es, wie in jeder B\u00fccherei, auch in unserer B\u00fccherei Regeln, an die sich alle halten m\u00fcssen.<\/p>\n<\/div>\n<p>[\/et_pb_text][\/et_pb_column][et_pb_column type=&#8220;1_2&#8243; _builder_version=&#8220;4.27.4&#8243; _module_preset=&#8220;default&#8220; global_colors_info=&#8220;{}&#8220;][et_pb_image src=&#8220;https:\/\/gs-hude-sued.de\/wp-content\/uploads\/2026\/02\/Gemini_Generated_Image_9zny979zny979zny.png&#8220; _builder_version=&#8220;4.27.5&#8243; _module_preset=&#8220;default&#8220; hover_enabled=&#8220;0&#8243; global_colors_info=&#8220;{}&#8220; title_text=&#8220;Gemini_Generated_Image_9zny979zny979zny&#8220; sticky_enabled=&#8220;0&#8243; module_alignment=&#8220;center&#8220;][\/et_pb_image][\/et_pb_column][\/et_pb_row][et_pb_row _builder_version=&#8220;4.27.5&#8243; _module_preset=&#8220;default&#8220;][et_pb_column _builder_version=&#8220;4.27.5&#8243; _module_preset=&#8220;default&#8220; type=&#8220;4_4&#8243;][et_pb_text _builder_version=&#8220;4.27.5&#8243; _module_preset=&#8220;default&#8220; hover_enabled=&#8220;0&#8243; sticky_enabled=&#8220;0&#8243;]<\/p>\n<h2>Allgemeine Regeln<\/h2>\n<h3>Wann und wie viele B\u00fccher kann ich ausleihen?<\/h3>\n<p>Du kannst jede Woche ein Buch ausleihen. \u00dcber die Ferien darfst du zwei B\u00fccher mitnehmen, nur vor den Sommerferien m\u00fcssen alle B\u00fccher wieder zur\u00fcck.<\/p>\n<h3>Kann ich ein Buch l\u00e4nger als eine Woche ausleihen?<\/h3>\n<p>Ja, du kannst es dreimal verl\u00e4ngern lassen. Aber du musst das Buch trotzdem jede Woche am Ausleihtag mitbringen und es deinem Lehrer\/deiner Lehrerin zeigen.<\/p>\n<h3>Was passiert, wenn ich mein Buch dreimal zu Hause vergesse?<\/h3>\n<p>Dann schreiben wir einen Zettel an deine Eltern und erinnern an die Abgabe des Buches.<\/p>\n<h3>Was passiert, wenn ein Buch besch\u00e4digt wird oder sogar verloren geht?<\/h3>\n<p>Dann m\u00fcssen deine Eltern ein neues Buch kaufen.<\/p>\n<h2>Regeln in der B\u00fccherei<\/h2>\n<p>Ich verhalte mich in der B\u00fccherei leise und bewege mich langsam.<\/p>\n<p>Wenn ich ein Buch aus dem Regal nehme, lege ich an die Stelle einen Platzhalter. Will ich das Buch zur\u00fcckstellen, nehme ich den Platzhalter wieder weg und lege ihn zur\u00fcck. Will ich das Buch ausleihen, lege ich den Platzhalter auch wieder zur\u00fcck.<\/p>\n<p>Kippen B\u00fccher beim Durchsehen im Regal um, stelle ich sie wieder hin.<\/p>\n<p>Ist die Ausleihkarte voll, stecke ich die Karte in das Buch und lege es auf den \u201eParkplatz\u201c ins Regal. Das mache ich auch mit einem Buch, das besch\u00e4digt ist.<\/p>\n<p>[\/et_pb_text][\/et_pb_column][\/et_pb_row][\/et_pb_section]<\/p>\n","protected":false},"excerpt":{"rendered":"<p>B\u00fccherei Im Herzen der Grundschule liegt unsere kleine Schulb\u00fccherei. Hier gibt es auf ca. 20 qm Platz, um sich neue B\u00fccher auszuleihen und darin zu schm\u00f6kern. Es werden B\u00fccher aller Art angeboten, von Bilderb\u00fcchern, \u00fcber B\u00fccher der 1. Lesestufe, Wissensb\u00fccher, Buchreihen wie Harry Potter oder das magische Baumhaus bis hin zu Klassikern wie das Sams [&hellip;]<\/p>\n","protected":false},"author":1,"featured_media":240352,"parent":240090,"menu_order":0,"comment_status":"closed","ping_status":"closed","template":"","meta":{"_acf_changed":false,"_et_pb_use_builder":"on","_et_pb_old_content":"<!-- wp:divi\/placeholder \/-->","_et_gb_content_width":"","footnotes":""},"class_list":["post-240296","page","type-page","status-publish","has-post-thumbnail","hentry"],"acf":[],"yoast_head":"<!-- This site is optimized with the Yoast SEO Premium plugin v26.0 (Yoast SEO v27.0) - https:\/\/yoast.com\/product\/yoast-seo-premium-wordpress\/ -->\n<title>Grundschule Hude-S\u00fcd: Schulprofil, Alltag &amp; Projekte<\/title>\n<meta name=\"description\" content=\"Die Grundschule Hude-S\u00fcd ist eine lebendige Schule in Niedersachsen. Gemeinschaft, Verantwortung und Lernfreude pr\u00e4gen Schulprofil und Alltag. Jetzt entdecken.\" \/>\n<meta name=\"robots\" content=\"index, follow, max-snippet:-1, max-image-preview:large, max-video-preview:-1\" \/>\n<link rel=\"canonical\" href=\"https:\/\/gs-hude-sued.de\/uk\/\u0446\u0435-\u043c\u0438\/\u0431\u0456\u0431\u043b\u0456\u043e\u0442\u0435\u043a\u0430\/\" \/>\n<meta property=\"og:locale\" content=\"uk_UA\" \/>\n<meta property=\"og:type\" content=\"article\" \/>\n<meta property=\"og:title\" content=\"B\u00fccherei\" \/>\n<meta property=\"og:description\" content=\"Die Grundschule Hude-S\u00fcd ist eine lebendige Schule in Niedersachsen. Gemeinschaft, Verantwortung und Lernfreude pr\u00e4gen Schulprofil und Alltag. Jetzt entdecken.\" \/>\n<meta property=\"og:url\" content=\"https:\/\/gs-hude-sued.de\/uk\/\u0446\u0435-\u043c\u0438\/\u0431\u0456\u0431\u043b\u0456\u043e\u0442\u0435\u043a\u0430\/\" \/>\n<meta property=\"og:site_name\" content=\"Grundschule Hude S\u00fcd\" \/>\n<meta property=\"article:modified_time\" content=\"2026-02-23T11:02:45+00:00\" \/>\n<meta property=\"og:image\" content=\"https:\/\/gs-hude-sued.de\/wp-content\/uploads\/2025\/10\/Gemini_Generated_Image_tgozt6tgozt6tgoz-Kopie.png\" \/>\n\t<meta property=\"og:image:width\" content=\"300\" \/>\n\t<meta property=\"og:image:height\" content=\"311\" \/>\n\t<meta property=\"og:image:type\" content=\"image\/png\" \/>\n<meta name=\"twitter:card\" content=\"summary_large_image\" \/>\n<meta name=\"twitter:label1\" content=\"\u041f\u0440\u0438\u0431\u043b. \u0447\u0430\u0441 \u0447\u0438\u0442\u0430\u043d\u043d\u044f\" \/>\n\t<meta name=\"twitter:data1\" content=\"1 \u0445\u0432\u0438\u043b\u0438\u043d\u0430\" \/>\n<script type=\"application\/ld+json\" class=\"yoast-schema-graph\">{\"@context\":\"https:\/\/schema.org\",\"@graph\":[{\"@type\":\"WebPage\",\"@id\":\"https:\/\/gs-hude-sued.de\/das-sind-wir\/buecherei\/\",\"url\":\"https:\/\/gs-hude-sued.de\/das-sind-wir\/buecherei\/\",\"name\":\"Grundschule Hude-S\u00fcd: Schulprofil, Alltag & Projekte\",\"isPartOf\":{\"@id\":\"https:\/\/gs-hude-sued.de\/#website\"},\"primaryImageOfPage\":{\"@id\":\"https:\/\/gs-hude-sued.de\/das-sind-wir\/buecherei\/#primaryimage\"},\"image\":{\"@id\":\"https:\/\/gs-hude-sued.de\/das-sind-wir\/buecherei\/#primaryimage\"},\"thumbnailUrl\":\"https:\/\/gs-hude-sued.de\/wp-content\/uploads\/2025\/10\/Gemini_Generated_Image_tgozt6tgozt6tgoz-Kopie.png\",\"datePublished\":\"2025-10-06T11:40:44+00:00\",\"dateModified\":\"2026-02-23T11:02:45+00:00\",\"description\":\"Die Grundschule Hude-S\u00fcd ist eine lebendige Schule in Niedersachsen. Gemeinschaft, Verantwortung und Lernfreude pr\u00e4gen Schulprofil und Alltag. Jetzt entdecken.\",\"breadcrumb\":{\"@id\":\"https:\/\/gs-hude-sued.de\/das-sind-wir\/buecherei\/#breadcrumb\"},\"inLanguage\":\"uk\",\"potentialAction\":[{\"@type\":\"ReadAction\",\"target\":[\"https:\/\/gs-hude-sued.de\/das-sind-wir\/buecherei\/\"]}]},{\"@type\":\"ImageObject\",\"inLanguage\":\"uk\",\"@id\":\"https:\/\/gs-hude-sued.de\/das-sind-wir\/buecherei\/#primaryimage\",\"url\":\"https:\/\/gs-hude-sued.de\/wp-content\/uploads\/2025\/10\/Gemini_Generated_Image_tgozt6tgozt6tgoz-Kopie.png\",\"contentUrl\":\"https:\/\/gs-hude-sued.de\/wp-content\/uploads\/2025\/10\/Gemini_Generated_Image_tgozt6tgozt6tgoz-Kopie.png\",\"width\":300,\"height\":311,\"caption\":\"Das Bild zeigt zwei Kinder, die sich angeregt unterhalten. Ihre Kleidung und Mimik unterstreichen eine fr\u00f6hliche, neugierige Stimmung.\"},{\"@type\":\"BreadcrumbList\",\"@id\":\"https:\/\/gs-hude-sued.de\/das-sind-wir\/buecherei\/#breadcrumb\",\"itemListElement\":[{\"@type\":\"ListItem\",\"position\":1,\"name\":\"Startseite\",\"item\":\"https:\/\/gs-hude-sued.de\/\"},{\"@type\":\"ListItem\",\"position\":2,\"name\":\"Unser Schulleben\",\"item\":\"https:\/\/gs-hude-sued.de\/das-sind-wir\/\"},{\"@type\":\"ListItem\",\"position\":3,\"name\":\"B\u00fccherei\"}]},{\"@type\":\"WebSite\",\"@id\":\"https:\/\/gs-hude-sued.de\/#website\",\"url\":\"https:\/\/gs-hude-sued.de\/\",\"name\":\"Grundschule Hude S\u00fcd\",\"description\":\"Grundschule Hude-S\u00fcd \u2013 Miteinander stark f\u00fcr die Zukunft.\",\"potentialAction\":[{\"@type\":\"SearchAction\",\"target\":{\"@type\":\"EntryPoint\",\"urlTemplate\":\"https:\/\/gs-hude-sued.de\/?s={search_term_string}\"},\"query-input\":{\"@type\":\"PropertyValueSpecification\",\"valueRequired\":true,\"valueName\":\"search_term_string\"}}],\"inLanguage\":\"uk\"}]}<\/script>\n<!-- \/ Yoast SEO Premium plugin. -->","yoast_head_json":{"title":"\u041f\u043e\u0447\u0430\u0442\u043a\u043e\u0432\u0430 \u0448\u043a\u043e\u043b\u0430 \u0425\u0443\u0434\u0435-\u0417\u044e\u0434: \u043f\u0440\u043e\u0444\u0456\u043b\u044c \u0448\u043a\u043e\u043b\u0438, \u0440\u043e\u0437\u043f\u043e\u0440\u044f\u0434\u043e\u043a \u0434\u043d\u044f \u0442\u0430 \u043f\u0440\u043e\u0435\u043a\u0442\u0438","description":"\u041f\u043e\u0447\u0430\u0442\u043a\u043e\u0432\u0430 \u0448\u043a\u043e\u043b\u0430 \u0425\u0443\u0434\u0435-\u0417\u044e\u0434 \u2013 \u0446\u0435 \u0434\u0438\u043d\u0430\u043c\u0456\u0447\u043d\u0430 \u0448\u043a\u043e\u043b\u0430 \u0432 \u041d\u0438\u0436\u043d\u0456\u0439 \u0421\u0430\u043a\u0441\u043e\u043d\u0456\u0457. \u0413\u0440\u043e\u043c\u0430\u0434\u0430, \u0432\u0456\u0434\u043f\u043e\u0432\u0456\u0434\u0430\u043b\u044c\u043d\u0456\u0441\u0442\u044c \u0442\u0430 \u043b\u044e\u0431\u043e\u0432 \u0434\u043e \u043d\u0430\u0432\u0447\u0430\u043d\u043d\u044f \u0444\u043e\u0440\u043c\u0443\u044e\u0442\u044c \u043f\u0440\u043e\u0444\u0456\u043b\u044c \u0448\u043a\u043e\u043b\u0438 \u0442\u0430 \u0457\u0457 \u043f\u043e\u0432\u0441\u044f\u043a\u0434\u0435\u043d\u043d\u0435 \u0436\u0438\u0442\u0442\u044f. \u0412\u0456\u0434\u043a\u0440\u0438\u0439\u0442\u0435 \u0434\u043b\u044f \u0441\u0435\u0431\u0435 \u0446\u0435 \u0437\u0430\u0440\u0430\u0437.","robots":{"index":"index","follow":"follow","max-snippet":"max-snippet:-1","max-image-preview":"max-image-preview:large","max-video-preview":"max-video-preview:-1"},"canonical":"https:\/\/gs-hude-sued.de\/uk\/\u0446\u0435-\u043c\u0438\/\u0431\u0456\u0431\u043b\u0456\u043e\u0442\u0435\u043a\u0430\/","og_locale":"uk_UA","og_type":"article","og_title":"B\u00fccherei","og_description":"Die Grundschule Hude-S\u00fcd ist eine lebendige Schule in Niedersachsen. Gemeinschaft, Verantwortung und Lernfreude pr\u00e4gen Schulprofil und Alltag. Jetzt entdecken.","og_url":"https:\/\/gs-hude-sued.de\/uk\/\u0446\u0435-\u043c\u0438\/\u0431\u0456\u0431\u043b\u0456\u043e\u0442\u0435\u043a\u0430\/","og_site_name":"Grundschule Hude S\u00fcd","article_modified_time":"2026-02-23T11:02:45+00:00","og_image":[{"width":300,"height":311,"url":"https:\/\/gs-hude-sued.de\/wp-content\/uploads\/2025\/10\/Gemini_Generated_Image_tgozt6tgozt6tgoz-Kopie.png","type":"image\/png"}],"twitter_card":"summary_large_image","twitter_misc":{"\u041f\u0440\u0438\u0431\u043b. \u0447\u0430\u0441 \u0447\u0438\u0442\u0430\u043d\u043d\u044f":"1 \u0445\u0432\u0438\u043b\u0438\u043d\u0430"},"schema":{"@context":"https:\/\/schema.org","@graph":[{"@type":"WebPage","@id":"https:\/\/gs-hude-sued.de\/das-sind-wir\/buecherei\/","url":"https:\/\/gs-hude-sued.de\/das-sind-wir\/buecherei\/","name":"\u041f\u043e\u0447\u0430\u0442\u043a\u043e\u0432\u0430 \u0448\u043a\u043e\u043b\u0430 \u0425\u0443\u0434\u0435-\u0417\u044e\u0434: \u043f\u0440\u043e\u0444\u0456\u043b\u044c \u0448\u043a\u043e\u043b\u0438, \u0440\u043e\u0437\u043f\u043e\u0440\u044f\u0434\u043e\u043a \u0434\u043d\u044f \u0442\u0430 \u043f\u0440\u043e\u0435\u043a\u0442\u0438","isPartOf":{"@id":"https:\/\/gs-hude-sued.de\/#website"},"primaryImageOfPage":{"@id":"https:\/\/gs-hude-sued.de\/das-sind-wir\/buecherei\/#primaryimage"},"image":{"@id":"https:\/\/gs-hude-sued.de\/das-sind-wir\/buecherei\/#primaryimage"},"thumbnailUrl":"https:\/\/gs-hude-sued.de\/wp-content\/uploads\/2025\/10\/Gemini_Generated_Image_tgozt6tgozt6tgoz-Kopie.png","datePublished":"2025-10-06T11:40:44+00:00","dateModified":"2026-02-23T11:02:45+00:00","description":"\u041f\u043e\u0447\u0430\u0442\u043a\u043e\u0432\u0430 \u0448\u043a\u043e\u043b\u0430 \u0425\u0443\u0434\u0435-\u0417\u044e\u0434 \u2013 \u0446\u0435 \u0434\u0438\u043d\u0430\u043c\u0456\u0447\u043d\u0430 \u0448\u043a\u043e\u043b\u0430 \u0432 \u041d\u0438\u0436\u043d\u0456\u0439 \u0421\u0430\u043a\u0441\u043e\u043d\u0456\u0457. \u0413\u0440\u043e\u043c\u0430\u0434\u0430, \u0432\u0456\u0434\u043f\u043e\u0432\u0456\u0434\u0430\u043b\u044c\u043d\u0456\u0441\u0442\u044c \u0442\u0430 \u043b\u044e\u0431\u043e\u0432 \u0434\u043e \u043d\u0430\u0432\u0447\u0430\u043d\u043d\u044f \u0444\u043e\u0440\u043c\u0443\u044e\u0442\u044c \u043f\u0440\u043e\u0444\u0456\u043b\u044c \u0448\u043a\u043e\u043b\u0438 \u0442\u0430 \u0457\u0457 \u043f\u043e\u0432\u0441\u044f\u043a\u0434\u0435\u043d\u043d\u0435 \u0436\u0438\u0442\u0442\u044f. \u0412\u0456\u0434\u043a\u0440\u0438\u0439\u0442\u0435 \u0434\u043b\u044f \u0441\u0435\u0431\u0435 \u0446\u0435 \u0437\u0430\u0440\u0430\u0437.","breadcrumb":{"@id":"https:\/\/gs-hude-sued.de\/das-sind-wir\/buecherei\/#breadcrumb"},"inLanguage":"uk","potentialAction":[{"@type":"ReadAction","target":["https:\/\/gs-hude-sued.de\/das-sind-wir\/buecherei\/"]}]},{"@type":"ImageObject","inLanguage":"uk","@id":"https:\/\/gs-hude-sued.de\/das-sind-wir\/buecherei\/#primaryimage","url":"https:\/\/gs-hude-sued.de\/wp-content\/uploads\/2025\/10\/Gemini_Generated_Image_tgozt6tgozt6tgoz-Kopie.png","contentUrl":"https:\/\/gs-hude-sued.de\/wp-content\/uploads\/2025\/10\/Gemini_Generated_Image_tgozt6tgozt6tgoz-Kopie.png","width":300,"height":311,"caption":"Das Bild zeigt zwei Kinder, die sich angeregt unterhalten. Ihre Kleidung und Mimik unterstreichen eine fr\u00f6hliche, neugierige Stimmung."},{"@type":"BreadcrumbList","@id":"https:\/\/gs-hude-sued.de\/das-sind-wir\/buecherei\/#breadcrumb","itemListElement":[{"@type":"ListItem","position":1,"name":"Startseite","item":"https:\/\/gs-hude-sued.de\/"},{"@type":"ListItem","position":2,"name":"Unser Schulleben","item":"https:\/\/gs-hude-sued.de\/das-sind-wir\/"},{"@type":"ListItem","position":3,"name":"B\u00fccherei"}]},{"@type":"WebSite","@id":"https:\/\/gs-hude-sued.de\/#website","url":"https:\/\/gs-hude-sued.de\/","name":"\u041f\u043e\u0447\u0430\u0442\u043a\u043e\u0432\u0430 \u0448\u043a\u043e\u043b\u0430 \u0413\u0443\u0434\u0435 \u0421\u0430\u0443\u0442","description":"\u041f\u043e\u0447\u0430\u0442\u043a\u043e\u0432\u0430 \u0448\u043a\u043e\u043b\u0430 \u0425\u0443\u0434\u0435-\u0417\u044e\u0434 \u2013 \u0421\u0438\u043b\u044c\u043d\u0456 \u0440\u0430\u0437\u043e\u043c \u0437\u0430\u0440\u0430\u0434\u0438 \u043c\u0430\u0439\u0431\u0443\u0442\u043d\u044c\u043e\u0433\u043e.","potentialAction":[{"@type":"SearchAction","target":{"@type":"EntryPoint","urlTemplate":"https:\/\/gs-hude-sued.de\/?s={search_term_string}"},"query-input":{"@type":"PropertyValueSpecification","valueRequired":true,"valueName":"search_term_string"}}],"inLanguage":"uk"}]}},"_links":{"self":[{"href":"https:\/\/gs-hude-sued.de\/uk\/wp-json\/wp\/v2\/pages\/240296","targetHints":{"allow":["GET"]}}],"collection":[{"href":"https:\/\/gs-hude-sued.de\/uk\/wp-json\/wp\/v2\/pages"}],"about":[{"href":"https:\/\/gs-hude-sued.de\/uk\/wp-json\/wp\/v2\/types\/page"}],"author":[{"embeddable":true,"href":"https:\/\/gs-hude-sued.de\/uk\/wp-json\/wp\/v2\/users\/1"}],"replies":[{"embeddable":true,"href":"https:\/\/gs-hude-sued.de\/uk\/wp-json\/wp\/v2\/comments?post=240296"}],"version-history":[{"count":8,"href":"https:\/\/gs-hude-sued.de\/uk\/wp-json\/wp\/v2\/pages\/240296\/revisions"}],"predecessor-version":[{"id":241332,"href":"https:\/\/gs-hude-sued.de\/uk\/wp-json\/wp\/v2\/pages\/240296\/revisions\/241332"}],"up":[{"embeddable":true,"href":"https:\/\/gs-hude-sued.de\/uk\/wp-json\/wp\/v2\/pages\/240090"}],"wp:featuredmedia":[{"embeddable":true,"href":"https:\/\/gs-hude-sued.de\/uk\/wp-json\/wp\/v2\/media\/240352"}],"wp:attachment":[{"href":"https:\/\/gs-hude-sued.de\/uk\/wp-json\/wp\/v2\/media?parent=240296"}],"curies":[{"name":"\u0412\u041f","href":"https:\/\/api.w.org\/{rel}","templated":true}]}}