{"id":240098,"date":"2025-10-05T12:14:49","date_gmt":"2025-10-05T10:14:49","guid":{"rendered":"https:\/\/gs-hude-sued.de\/?page_id=240098"},"modified":"2026-02-24T08:39:02","modified_gmt":"2026-02-24T07:39:02","slug":"%d1%88%d0%ba%d1%96%d0%bb%d1%8c%d0%bd%d0%b5-%d0%b6%d0%b8%d1%82%d1%82%d1%8f","status":"publish","type":"page","link":"https:\/\/gs-hude-sued.de\/uk\/%d1%86%d0%b5-%d0%bc%d0%b8\/%d1%88%d0%ba%d1%96%d0%bb%d1%8c%d0%bd%d0%b5-%d0%b6%d0%b8%d1%82%d1%82%d1%8f\/","title":{"rendered":"\u0423\u0447\u043d\u0456 \u0440\u043e\u0431\u043b\u044f\u0442\u044c \u0448\u043a\u043e\u043b\u0443"},"content":{"rendered":"<p>[et_pb_section fb_built=&#8220;1&#8243; _builder_version=&#8220;4.27.4&#8243; _module_preset=&#8220;default&#8220; custom_padding_tablet=&#8220;||0px||false|false&#8220; custom_padding_phone=&#8220;0px||||false|false&#8220; animation_style=&#8220;fade&#8220; global_colors_info=&#8220;{}&#8220;][et_pb_row disabled_on=&#8220;off|on|on&#8220; _builder_version=&#8220;4.27.4&#8243; _module_preset=&#8220;default&#8220; custom_padding=&#8220;||0px||false|false&#8220; global_colors_info=&#8220;{}&#8220;][et_pb_column type=&#8220;4_4&#8243; _builder_version=&#8220;4.27.4&#8243; _module_preset=&#8220;default&#8220; global_colors_info=&#8220;{}&#8220;][et_pb_text _builder_version=&#8220;4.27.4&#8243; _module_preset=&#8220;default&#8220; header_2_font_size_phone=&#8220;28px&#8220; global_colors_info=&#8220;{}&#8220;]<\/p>\n<h2>\ud83c\udf92 Sch\u00fcler machen Schule<\/h2>\n<p>[\/et_pb_text][\/et_pb_column][\/et_pb_row][et_pb_row column_structure=&#8220;2_3,1_3&#8243; custom_padding_last_edited=&#8220;on|phone&#8220; disabled_on=&#8220;off|on|on&#8220; _builder_version=&#8220;4.27.4&#8243; _module_preset=&#8220;default&#8220; custom_margin=&#8220;0px||||false|false&#8220; custom_padding=&#8220;0px||||false|false&#8220; custom_padding_tablet=&#8220;0px||||false|false&#8220; custom_padding_phone=&#8220;||0px||false|false&#8220; custom_css_main_element=&#8220;||  display: flex;||flex-wrap: wrap;||  justify-content: center; \/* horizontale Zentrierung *\/||  align-items: center;     \/* vertikale Zentrierung *\/||&#8220; global_colors_info=&#8220;{}&#8220; custom_css_main_element_last_edited=&#8220;on|phone&#8220; custom_css_main_element_tablet=&#8220;display: flex;||flex-wrap: wrap;||  justify-content: center; \/* horizontale Zentrierung *\/||  align-items: center;     \/* vertikale Zentrierung *\/&#8220; custom_css_main_element_phone=&#8220;display: flex;||  justify-content: center; \/* horizontale Zentrierung *\/||  align-items: center;     \/* vertikale Zentrierung *\/&#8220;][et_pb_column type=&#8220;2_3&#8243; _builder_version=&#8220;4.27.4&#8243; _module_preset=&#8220;default&#8220; global_colors_info=&#8220;{}&#8220; custom_css_main_element_last_edited=&#8220;on|phone&#8220; custom_css_main_element_phone=&#8220;width: 700px!important;||max-width: 600px!important;&#8220;][et_pb_text _builder_version=&#8220;4.27.4&#8243; _module_preset=&#8220;default&#8220; text_font_size=&#8220;16px&#8220; header_2_font_size_phone=&#8220;28px&#8220; global_colors_info=&#8220;{}&#8220;]<\/p>\n<blockquote>\n<p>\u201eHallo! Ich bin [logo_child_name name=&#8220;\u00fc&#8220;]  \ud83d\udc4b<br \/>\n  Ich m\u00f6chte euch heute zeigen, was bei uns in der Schule alles passiert.<br \/>\n  Es gibt so viele tolle Dinge, die unser Schulleben bunt und lebendig machen!\u201c \ud83c\udf08<\/p>\n<\/p>\n<\/blockquote>\n<p>[\/et_pb_text][\/et_pb_column][et_pb_column type=&#8220;1_3&#8243; _builder_version=&#8220;4.27.4&#8243; _module_preset=&#8220;default&#8220; global_colors_info=&#8220;{}&#8220;][et_pb_image src=&#8220;https:\/\/gs-hude-sued.de\/wp-content\/uploads\/2025\/10\/3-2.png&#8220; alt=&#8220;Ein fr\u00f6hlicher Junge mit lockigen Haaren zeigt Daumen hoch; er tr\u00e4gt ein blaues T-Shirt mit dem Buchstaben &#8218;\u00dc&#8216; und Shorts in heller Farbe.&#8220; title_text=&#8220;Fr\u00f6hlicher Junge zeigt Daumen hoch&#8220; align=&#8220;center&#8220; disabled_on=&#8220;off|on|on&#8220; _builder_version=&#8220;4.27.4&#8243; _module_preset=&#8220;default&#8220; transform_scale=&#8220;130%|130%&#8220; transform_translate=&#8220;0px|-12px&#8220; vertical_offset=&#8220;2px&#8220; horizontal_offset=&#8220;76px&#8220; position_origin_a_tablet=&#8220;&#8220; position_origin_a_phone=&#8220;&#8220; position_origin_a_last_edited=&#8220;on|phone&#8220; position_origin_f_tablet=&#8220;&#8220; position_origin_f_phone=&#8220;&#8220; position_origin_f_last_edited=&#8220;on|phone&#8220; position_origin_r_tablet=&#8220;&#8220; position_origin_r_phone=&#8220;&#8220; position_origin_r_last_edited=&#8220;on|phone&#8220; max_width=&#8220;250px&#8220; max_width_tablet=&#8220;250px&#8220; max_width_phone=&#8220;250px&#8220; max_width_last_edited=&#8220;on|phone&#8220; module_alignment=&#8220;center&#8220; custom_margin=&#8220;||||false|false&#8220; custom_padding_tablet=&#8220;&#8220; custom_padding_phone=&#8220;0px||||false|false&#8220; custom_padding_last_edited=&#8220;on|phone&#8220; positioning_tablet=&#8220;&#8220; positioning_phone=&#8220;none&#8220; positioning_last_edited=&#8220;on|phone&#8220; global_colors_info=&#8220;{}&#8220;][\/et_pb_image][\/et_pb_column][\/et_pb_row][et_pb_row column_structure=&#8220;1_3,2_3&#8243; custom_padding_last_edited=&#8220;on|phone&#8220; _builder_version=&#8220;4.27.4&#8243; _module_preset=&#8220;default&#8220; custom_margin_tablet=&#8220;&#8220; custom_margin_phone=&#8220;-25px||||false|false&#8220; custom_margin_last_edited=&#8220;on|phone&#8220; custom_padding=&#8220;||||false|false&#8220; custom_padding_tablet=&#8220;||||false|false&#8220; custom_padding_phone=&#8220;0px||0px||false|false&#8220; custom_css_main_element=&#8220;||  display: flex;||flex-wrap: wrap;||  justify-content: center; \/* horizontale Zentrierung *\/||  align-items: center;     \/* vertikale Zentrierung *\/||&#8220; global_colors_info=&#8220;{}&#8220; custom_css_main_element_last_edited=&#8220;on|phone&#8220; custom_css_main_element_tablet=&#8220;display: flex;||flex-wrap: wrap;||  justify-content: center; \/* horizontale Zentrierung *\/||  align-items: center;     \/* vertikale Zentrierung *\/&#8220; custom_css_main_element_phone=&#8220;||  display: block;&#8220;][et_pb_column type=&#8220;1_3&#8243; _builder_version=&#8220;4.27.4&#8243; _module_preset=&#8220;default&#8220; global_colors_info=&#8220;{}&#8220;][et_pb_image src=&#8220;https:\/\/gs-hude-sued.de\/wp-content\/uploads\/2025\/10\/3-2.png&#8220; alt=&#8220;Ein fr\u00f6hlicher Junge mit lockigen Haaren zeigt Daumen hoch; er tr\u00e4gt ein blaues T-Shirt mit dem Buchstaben &#8218;\u00dc&#8216; und Shorts in heller Farbe.&#8220; title_text=&#8220;Fr\u00f6hlicher Junge zeigt Daumen hoch&#8220; align=&#8220;center&#8220; disabled_on=&#8220;on|off|off&#8220; _builder_version=&#8220;4.27.4&#8243; _module_preset=&#8220;default&#8220; vertical_offset=&#8220;2px&#8220; horizontal_offset=&#8220;76px&#8220; position_origin_a_tablet=&#8220;&#8220; position_origin_a_phone=&#8220;&#8220; position_origin_a_last_edited=&#8220;on|phone&#8220; position_origin_f_tablet=&#8220;&#8220; position_origin_f_phone=&#8220;&#8220; position_origin_f_last_edited=&#8220;on|phone&#8220; position_origin_r_tablet=&#8220;&#8220; position_origin_r_phone=&#8220;&#8220; position_origin_r_last_edited=&#8220;on|phone&#8220; max_width=&#8220;250px&#8220; max_width_tablet=&#8220;250px&#8220; max_width_phone=&#8220;50%&#8220; max_width_last_edited=&#8220;on|phone&#8220; module_alignment=&#8220;center&#8220; custom_margin=&#8220;-62px||||false|false&#8220; custom_padding_tablet=&#8220;&#8220; custom_padding_phone=&#8220;0px||||false|false&#8220; custom_padding_last_edited=&#8220;on|phone&#8220; positioning_tablet=&#8220;&#8220; positioning_phone=&#8220;relative&#8220; positioning_last_edited=&#8220;on|phone&#8220; global_colors_info=&#8220;{}&#8220;][\/et_pb_image][\/et_pb_column][et_pb_column type=&#8220;2_3&#8243; _builder_version=&#8220;4.27.4&#8243; _module_preset=&#8220;default&#8220; global_colors_info=&#8220;{}&#8220;][et_pb_text disabled_on=&#8220;on|off|off&#8220; _builder_version=&#8220;4.27.4&#8243; _module_preset=&#8220;default&#8220; header_2_font_size_phone=&#8220;28px&#8220; global_colors_info=&#8220;{}&#8220;]<\/p>\n<h2>\ud83c\udf92 Sch\u00fcler machen Schule<\/h2>\n<blockquote>\n<p>\u201eHallo! Ich bin [logo_child_name name=&#8220;\u00fc&#8220;]  \ud83d\udc4b<br \/>\n  Ich m\u00f6chte euch heute zeigen, was bei uns in der Schule alles passiert.<br \/>\n  Es gibt so viele tolle Dinge, die unser Schulleben bunt und lebendig machen!\u201c \ud83c\udf08<\/p>\n<\/p>\n<\/blockquote>\n<p>[\/et_pb_text][et_pb_text _builder_version=&#8220;4.27.4&#8243; _module_preset=&#8220;default&#8220; header_2_font_size_phone=&#8220;28px&#8220; global_colors_info=&#8220;{}&#8220;]<\/p>\n<p>An unserer Schule ist immer etwas los!<br \/>\n  Es gibt viele einmalige und wiederkehrende Aktivit\u00e4ten, Veranstaltungen und Projekte, die den Schulalltag spannend und abwechslungsreich gestalten.<br \/>\n  Hier stellen wir euch einige besondere Bereiche unseres Schullebens vor:<\/p>\n<p>[\/et_pb_text][et_pb_text _builder_version=&#8220;4.27.4&#8243; _module_preset=&#8220;default&#8220; header_2_font_size_phone=&#8220;28px&#8220; global_colors_info=&#8220;{}&#8220;]<\/p>\n<p>In unserer Schule ist immer etwas los! \ud83c\udf89<\/p>\n<p>Viele <strong>Aktionen, Veranstaltungen und Projekte<\/strong> machen den Schulalltag spannend und abwechslungsreich.<\/p>\n<p>Hier stellen wir euch einige <strong>besondere Bereiche unseres Schullebens<\/strong> vor \u2013 Dinge, die unsere Schule lebendig machen und uns als Gemeinschaft verbinden.<\/p>\n<p>[\/et_pb_text][\/et_pb_column][\/et_pb_row][\/et_pb_section][et_pb_section fb_built=&#8220;1&#8243; custom_padding_last_edited=&#8220;on|tablet&#8220; module_id=&#8220;Schuelerrat&#8220; _builder_version=&#8220;4.27.4&#8243; _module_preset=&#8220;default&#8220; background_color=&#8220;RGBA(255,255,255,0)&#8220; custom_margin=&#8220;||||false|false&#8220; custom_padding_tablet=&#8220;0px||||false|false&#8220; custom_padding_phone=&#8220;30px||||false|false&#8220; top_divider_flip=&#8220;horizontal&#8220; global_colors_info=&#8220;{}&#8220;][et_pb_row column_structure=&#8220;1_2,1_2&#8243; module_class=&#8220;et_pb_default_text&#8220; _builder_version=&#8220;4.27.4&#8243; _module_preset=&#8220;default&#8220; width=&#8220;79.7%&#8220; custom_css_main_element=&#8220;display: flex;||justify-content: center; ||align-items: center;||&#8220; global_colors_info=&#8220;{}&#8220; custom_css_main_element_last_edited=&#8220;on|desktop&#8220; custom_css_main_element_tablet=&#8220;display: block;||&#8220; custom_css_main_element_phone=&#8220;display: block;||&#8220;][et_pb_column type=&#8220;1_2&#8243; _builder_version=&#8220;4.27.4&#8243; _module_preset=&#8220;default&#8220; animation_style=&#8220;slide&#8220; animation_direction=&#8220;bottom&#8220; global_colors_info=&#8220;{}&#8220;][et_pb_text _builder_version=&#8220;4.27.4&#8243; _module_preset=&#8220;default&#8220; custom_margin=&#8220;||10px||false|false&#8220; custom_padding=&#8220;||||false|false&#8220; global_colors_info=&#8220;{}&#8220;]<\/p>\n<h2>Der <span>Kinderrat<\/span><\/h2>\n<p>[\/et_pb_text][et_pb_divider color=&#8220;#A9C835&#8243; divider_weight=&#8220;4px&#8220; _builder_version=&#8220;4.27.4&#8243; _module_preset=&#8220;default&#8220; max_width=&#8220;60px&#8220; custom_margin=&#8220;||10px||false|false&#8220; custom_padding=&#8220;0px||0px||false|false&#8220; global_colors_info=&#8220;{}&#8220;][\/et_pb_divider][et_pb_text module_class=&#8220;et_pb_default_text&#8220; _builder_version=&#8220;4.27.4&#8243; _module_preset=&#8220;default&#8220; global_colors_info=&#8220;{}&#8220;]<\/p>\n<h3>Wahl der Klassensprecher<\/h3>\n<p>In jeder Klasse der Grundschule Hude-S\u00fcd werden zu Beginn eines neuen Schuljahres zwei Klassensprecher gew\u00e4hlt<br \/>(\u00fcblicherweise ein M\u00e4dchen und ein Junge).<br \/>Alle Klassensprecher der Grundschule Hude-S\u00fcd bilden gemeinsam den Sch\u00fclerrat (SR).<br \/>Derzeitig besteht der SR aus insgesamt 18 Sch\u00fclerinnen und Sch\u00fclern aus den Jahrg\u00e4ngen 3 bis 4.<br \/>Aus dem Jahrgang 1 kommen ab dem zweiten Halbjahr jeweils zwei Kinder dazu.<\/p>\n<h3>Leitung und Organisation<\/h3>\n<p>Geleitet wird der Sch\u00fclerrat von der Schulsozialarbeiterin der Grundschule, Frau Lintelmann.<br \/>Sie l\u00e4dt zu den Sitzungen ein, leitet diese und f\u00fchrt Protokoll.<br \/>Der SR tagt regelm\u00e4\u00dfig am Vormittag, wenn es der Schulalltag zul\u00e4sst, f\u00fcr eine Schulstunde.<\/p>\n<h3>Kommunikation und Mitwirkung<\/h3>\n<p>In den Sitzungen besprochene Inhalte und Vereinbarungen werden durch die Schulsprecherinnen und Schulsprecher<br \/>den Lehrkr\u00e4ften und Mitarbeiterinnen der Grundschule vorgetragen<br \/>und von den jeweiligen Klassensprechern in die Klassen weitergegeben.<\/p>\n<p>Auch bei den Gesamtkonferenzen d\u00fcrfen die Schulsprecher ihre W\u00fcnsche, Anliegen und Anregungen<br \/>dem Kollegium und der Elternschaft vortragen.<\/p>\n<p>[\/et_pb_text][\/et_pb_column][et_pb_column type=&#8220;1_2&#8243; _builder_version=&#8220;4.27.4&#8243; _module_preset=&#8220;default&#8220; animation_style=&#8220;slide&#8220; animation_direction=&#8220;right&#8220; global_colors_info=&#8220;{}&#8220;][et_pb_image src=&#8220;https:\/\/gs-hude-sued.de\/wp-content\/uploads\/2025\/10\/3-3.png&#8220; alt=&#8220;Sechs Sch\u00fcler und eine Lehrerin sitzen an einem Tisch und arbeiten gemeinsam an Aufgaben; einer der Sch\u00fcler sitzt im Rollstuhl.&#8220; title_text=&#8220;Gemeinschaftliches Lernen in der Grundschule&#8220; _builder_version=&#8220;4.27.4&#8243; _module_preset=&#8220;default&#8220; custom_padding_tablet=&#8220;&#8220; custom_padding_phone=&#8220;&#8220; custom_padding_last_edited=&#8220;on|phone&#8220; global_colors_info=&#8220;{}&#8220;][\/et_pb_image][et_pb_blurb image=&#8220;https:\/\/gs-hude-sued.de\/wp-content\/uploads\/2025\/10\/h2Der-Schuelerrath21.png&#8220; icon_placement=&#8220;left&#8220; image_icon_width=&#8220;100%&#8220; _builder_version=&#8220;4.27.4&#8243; _module_preset=&#8220;default&#8220; global_colors_info=&#8220;{}&#8220;]\u201eIm Sch\u00fclerrat sprechen wir \u00fcber Dinge, die uns Kindern wichtig sind. \ud83d\udcac<br \/>\nSo k\u00f6nnen wir mitbestimmen, was an unserer Schule passiert.\u201c[\/et_pb_blurb][\/et_pb_column][\/et_pb_row][et_pb_row column_structure=&#8220;1_2,1_2&#8243; module_class=&#8220;et_pb_alternative_text&#8220; _builder_version=&#8220;4.27.4&#8243; _module_preset=&#8220;default&#8220; width=&#8220;79.7%&#8220; custom_css_main_element=&#8220;display: flex;||justify-content: center; ||align-items: center;||&#8220; global_colors_info=&#8220;{}&#8220; custom_css_main_element_last_edited=&#8220;on|desktop&#8220; custom_css_main_element_tablet=&#8220;display: block;||&#8220; custom_css_main_element_phone=&#8220;display: block;||&#8220;][et_pb_column type=&#8220;1_2&#8243; _builder_version=&#8220;4.27.4&#8243; _module_preset=&#8220;default&#8220; animation_style=&#8220;slide&#8220; animation_direction=&#8220;bottom&#8220; global_colors_info=&#8220;{}&#8220;][et_pb_text _builder_version=&#8220;4.27.4&#8243; _module_preset=&#8220;default&#8220; custom_margin=&#8220;||10px||false|false&#8220; custom_padding=&#8220;||||false|false&#8220; global_colors_info=&#8220;{}&#8220;]<\/p>\n<h2>Der <span>Kinderrat<\/span><\/h2>\n<p>[\/et_pb_text][et_pb_divider color=&#8220;#A9C835&#8243; divider_weight=&#8220;4px&#8220; _builder_version=&#8220;4.27.4&#8243; _module_preset=&#8220;default&#8220; max_width=&#8220;60px&#8220; custom_margin=&#8220;||10px||false|false&#8220; custom_padding=&#8220;0px||0px||false|false&#8220; global_colors_info=&#8220;{}&#8220;][\/et_pb_divider][et_pb_text _builder_version=&#8220;4.27.4&#8243; _module_preset=&#8220;default&#8220; global_colors_info=&#8220;{}&#8220;]<\/p>\n<h3>Wahl der Klassensprecher<\/h3>\n<p>Zu Beginn jedes Schuljahres w\u00e4hlt jede Klasse zwei <strong>Klassensprecher<\/strong> \u2013 meistens ein M\u00e4dchen und einen Jungen. Alle Klassensprecher zusammen bilden den <strong>Sch\u00fclerrat (SR)<\/strong>.<\/p>\n<p>Im Moment besteht der Sch\u00fclerrat aus <strong>18 Kindern<\/strong> aus den Jahrg\u00e4ngen 3 bis\u00a04. Ab dem zweiten Halbjahr kommen auch Kinder aus dem <strong>1. Jahrgang<\/strong> dazu \u2013 jeweils zwei pro Klasse.<\/p>\n<h3>Leitung und Organisation<\/h3>\n<p>Der Sch\u00fclerrat wird von unserer <strong>Schulsozialarbeiterin Frau Lintelmann<\/strong> geleitet. Sie l\u00e4dt zu den Sitzungen ein, f\u00fchrt durch die Treffen und schreibt das Protokoll. Die Sitzungen finden regelm\u00e4\u00dfig am Vormittag statt und dauern etwa eine Schulstunde \u2013 je nachdem, wie es in den Stundenplan passt.<\/p>\n<h3>Kommunikation und Mitwirkung<\/h3>\n<p>Alles, was im Sch\u00fclerrat besprochen und beschlossen wird, geben die <strong>Schulsprecherinnen und Schulsprecher<\/strong> an die Lehrkr\u00e4fte und Mitarbeitenden der Schule weiter. Die <strong>Klassensprecher<\/strong> informieren anschlie\u00dfend ihre Klassen \u00fcber die Ergebnisse.<\/p>\n<p>Auch bei den <strong>Gesamtkonferenzen<\/strong> d\u00fcrfen die Schulsprecher teilnehmen. Dort tragen sie die <strong>W\u00fcnsche, Ideen und Anliegen<\/strong> der Kinder dem Kollegium und den Eltern vor.[\/et_pb_text][\/et_pb_column][et_pb_column type=&#8220;1_2&#8243; _builder_version=&#8220;4.27.4&#8243; _module_preset=&#8220;default&#8220; animation_style=&#8220;slide&#8220; animation_direction=&#8220;right&#8220; global_colors_info=&#8220;{}&#8220;][et_pb_image src=&#8220;https:\/\/gs-hude-sued.de\/wp-content\/uploads\/2025\/10\/3-3.png&#8220; alt=&#8220;Sechs Sch\u00fcler und eine Lehrerin sitzen an einem Tisch und arbeiten gemeinsam an Aufgaben; einer der Sch\u00fcler sitzt im Rollstuhl.&#8220; title_text=&#8220;Gemeinschaftliches Lernen in der Grundschule&#8220; _builder_version=&#8220;4.27.4&#8243; _module_preset=&#8220;default&#8220; custom_padding_tablet=&#8220;&#8220; custom_padding_phone=&#8220;&#8220; custom_padding_last_edited=&#8220;on|phone&#8220; global_colors_info=&#8220;{}&#8220;][\/et_pb_image][et_pb_blurb image=&#8220;https:\/\/gs-hude-sued.de\/wp-content\/uploads\/2025\/10\/h2Der-Schuelerrath21.png&#8220; icon_placement=&#8220;left&#8220; image_icon_width=&#8220;100%&#8220; _builder_version=&#8220;4.27.4&#8243; _module_preset=&#8220;default&#8220; global_colors_info=&#8220;{}&#8220;]\u201eIm Sch\u00fclerrat sprechen wir \u00fcber Dinge, die uns Kindern wichtig sind. \ud83d\udcac<br \/>\nSo k\u00f6nnen wir mitbestimmen, was an unserer Schule passiert.\u201c[\/et_pb_blurb][\/et_pb_column][\/et_pb_row][et_pb_row column_structure=&#8220;1_2,1_2&#8243; module_class=&#8220;et_pb_default_text&#8220; _builder_version=&#8220;4.27.4&#8243; _module_preset=&#8220;default&#8220; global_colors_info=&#8220;{}&#8220;][et_pb_column type=&#8220;1_2&#8243; _builder_version=&#8220;4.27.4&#8243; _module_preset=&#8220;default&#8220; global_colors_info=&#8220;{}&#8220;][et_pb_text _builder_version=&#8220;4.27.4&#8243; _module_preset=&#8220;default&#8220; global_colors_info=&#8220;{}&#8220;]<\/p>\n<h3>Aufgaben und Bedeutung des Sch\u00fclerrats<\/h3>\n<p>Der Sch\u00fclerrat vertritt die Interessen der gesamten Sch\u00fclerschaft<br \/>und erm\u00f6glicht den Sch\u00fclerinnen und Sch\u00fclern mehr Mitbestimmung und Mitsprache im Schulalltag.<br \/>Die Anliegen der Kinder werden ernst genommen, wodurch eine Kultur der Mitbestimmung entsteht und gef\u00f6rdert wird.<\/p>\n<p>[\/et_pb_text][\/et_pb_column][et_pb_column type=&#8220;1_2&#8243; _builder_version=&#8220;4.27.4&#8243; _module_preset=&#8220;default&#8220; global_colors_info=&#8220;{}&#8220;][et_pb_text _builder_version=&#8220;4.27.4&#8243; _module_preset=&#8220;default&#8220; global_colors_info=&#8220;{}&#8220;]<\/p>\n<h3>Beispiele f\u00fcr Mitgestaltung<\/h3>\n<p>Mit Hilfe des Sch\u00fclerrats werden beispielsweise Themen f\u00fcr Projektwochen festgelegt,<br \/>Feste und Veranstaltungen geplant<br \/>oder neue Pausenspielzeuge vorgeschlagen, evaluiert und angeschafft.<\/p>\n<p>[\/et_pb_text][\/et_pb_column][\/et_pb_row][et_pb_row column_structure=&#8220;1_2,1_2&#8243; module_class=&#8220;et_pb_alternative_text&#8220; _builder_version=&#8220;4.27.4&#8243; _module_preset=&#8220;default&#8220; global_colors_info=&#8220;{}&#8220;][et_pb_column type=&#8220;1_2&#8243; _builder_version=&#8220;4.27.4&#8243; _module_preset=&#8220;default&#8220; global_colors_info=&#8220;{}&#8220;][et_pb_text _builder_version=&#8220;4.27.4&#8243; _module_preset=&#8220;default&#8220; global_colors_info=&#8220;{}&#8220;]<\/p>\n<h3>Aufgaben und Bedeutung des Sch\u00fclerrats<\/h3>\n<p>Der Sch\u00fclerrat vertritt die <strong>Interessen aller Kinder<\/strong> an der Schule. Er sorgt daf\u00fcr, dass die Sch\u00fclerinnen und Sch\u00fcler im Schulalltag <strong>mitreden und mitbestimmen<\/strong> k\u00f6nnen. So entsteht eine echte <strong>Kultur der Mitbestimmung<\/strong>, in der die Meinungen der Kinder ernst genommen werden.<\/p>\n<p>[\/et_pb_text][\/et_pb_column][et_pb_column type=&#8220;1_2&#8243; _builder_version=&#8220;4.27.4&#8243; _module_preset=&#8220;default&#8220; global_colors_info=&#8220;{}&#8220;][et_pb_text _builder_version=&#8220;4.27.4&#8243; _module_preset=&#8220;default&#8220; global_colors_info=&#8220;{}&#8220;]<\/p>\n<h3>Beispiele f\u00fcr Mitgestaltung<\/h3>\n<p>Der Sch\u00fclerrat hilft zum Beispiel dabei, <strong>Themen f\u00fcr Projektwochen<\/strong> auszuw\u00e4hlen, <strong>Schulfeste und Veranstaltungen<\/strong> mitzuplanen oder neue <strong>Pausenspielzeuge<\/strong> vorzuschlagen und zu bewerten. So k\u00f6nnen die Kinder ihre Schule aktiv mitgestalten.<\/p>\n<\/section>\n<p>[\/et_pb_text][\/et_pb_column][\/et_pb_row][\/et_pb_section][et_pb_section fb_built=&#8220;1&#8243; module_id=&#8220;Streitschlichter&#8220; _builder_version=&#8220;4.27.4&#8243; _module_preset=&#8220;default&#8220; background_color=&#8220;#F0F0F0&#8243; custom_padding_tablet=&#8220;0px||||false|false&#8220; custom_padding_phone=&#8220;29px||29px||true|false&#8220; global_colors_info=&#8220;{}&#8220;][et_pb_row column_structure=&#8220;1_2,1_2&#8243; custom_padding_last_edited=&#8220;off|desktop&#8220; _builder_version=&#8220;4.27.4&#8243; _module_preset=&#8220;default&#8220; custom_padding=&#8220;0px||0px||false|false&#8220; custom_css_main_element=&#8220;display: flex;||flex-wrap: wrap;||justify-content: center; ||align-items: center;||&#8220; global_colors_info=&#8220;{}&#8220; custom_css_main_element_last_edited=&#8220;on|tablet&#8220; custom_css_main_element_tablet=&#8220;display: flex;||flex-wrap: wrap;||&#8220; custom_css_main_element_phone=&#8220;display: flex;||flex-wrap: wrap;||&#8220;][et_pb_column type=&#8220;1_2&#8243; _builder_version=&#8220;4.27.4&#8243; _module_preset=&#8220;default&#8220; animation_direction=&#8220;left&#8220; custom_css_main_element=&#8220;order: 1;&#8220; global_colors_info=&#8220;{}&#8220; custom_css_main_element_last_edited=&#8220;on|tablet&#8220; custom_css_main_element_tablet=&#8220;order: 2;&#8220; custom_css_main_element_phone=&#8220;order: 2;&#8220;][et_pb_image src=&#8220;https:\/\/gs-hude-sued.de\/wp-content\/uploads\/2025\/10\/2-1.png&#8220; alt=&#8220;Ein Junge in einer Warnweste agiert als Schlichter zwischen zwei w\u00fctenden Kindern auf einem Spielplatz. Er hebt beide H\u00e4nde und versucht zu vermitteln.&#8220; title_text=&#8220;Sch\u00fclerrat der Grundschule Hude-S\u00fcd&#8220; align=&#8220;center&#8220; _builder_version=&#8220;4.27.4&#8243; _module_preset=&#8220;default&#8220; max_width=&#8220;500px&#8220; global_colors_info=&#8220;{}&#8220;][\/et_pb_image][et_pb_blurb image=&#8220;https:\/\/gs-hude-sued.de\/wp-content\/uploads\/2025\/10\/h2Der-Schuelerrath21.png&#8220; icon_placement=&#8220;left&#8220; image_icon_width=&#8220;100%&#8220; _builder_version=&#8220;4.27.4&#8243; _module_preset=&#8220;default&#8220; global_colors_info=&#8220;{}&#8220;]\u201eIch bin Streitschlichterin \u2013 das hei\u00dft, ich helfe anderen Kindern, wenn sie sich streiten. \ud83e\udd1d<br \/>\nGemeinsam finden wir L\u00f6sungen, damit wieder alle Freunde sind.\u201c[\/et_pb_blurb][\/et_pb_column][et_pb_column type=&#8220;1_2&#8243; _builder_version=&#8220;4.27.4&#8243; _module_preset=&#8220;default&#8220; animation_style=&#8220;slide&#8220; animation_direction=&#8220;bottom&#8220; custom_css_main_element=&#8220;order: 2;&#8220; global_colors_info=&#8220;{}&#8220; custom_css_main_element_last_edited=&#8220;on|tablet&#8220; custom_css_main_element_tablet=&#8220;order: 1;&#8220; custom_css_main_element_phone=&#8220;order: 1;&#8220;][et_pb_text _builder_version=&#8220;4.27.4&#8243; _module_preset=&#8220;default&#8220; custom_margin=&#8220;||10px||false|false&#8220; custom_padding=&#8220;||||false|false&#8220; global_colors_info=&#8220;{}&#8220;]<\/p>\n<h2>Der Streitschlichter<\/h2>\n<p>[\/et_pb_text][et_pb_divider color=&#8220;#A9C835&#8243; divider_weight=&#8220;4px&#8220; _builder_version=&#8220;4.27.4&#8243; _module_preset=&#8220;default&#8220; max_width=&#8220;60px&#8220; custom_margin=&#8220;||10px||false|false&#8220; custom_padding=&#8220;0px||0px||false|false&#8220; global_colors_info=&#8220;{}&#8220;][\/et_pb_divider][et_pb_text module_class=&#8220;et_pb_default_text&#8220; _builder_version=&#8220;4.27.4&#8243; _module_preset=&#8220;default&#8220; global_colors_info=&#8220;{}&#8220;]<\/p>\n<p>Regelm\u00e4\u00dfig wird an der <strong>GS Hude-S\u00fcd<\/strong> die <strong>Streitschlichter-AG<\/strong> angeboten, in der insgesamt <strong>sechs Kinder<\/strong> der dritten Klassen ab dem zweiten Halbjahr zu <strong>Streitschlichtern<\/strong> ausgebildet werden. Die AG findet \u00fcblicherweise ein halbes Schuljahr <strong>einmal w\u00f6chentlich<\/strong> statt. Hier lernen die Kinder <strong>sechs Stufen<\/strong> kennen, die das Vorgehen beim <strong>Schlichten von Streit<\/strong> strukturieren und erproben diese in <strong>Rollenspielen<\/strong> und dann <em>unter Aufsicht<\/em> auf dem <strong>Pausenhof<\/strong>.<\/p>\n<p>Nach Abschluss der <strong>Streitschlichter-AG<\/strong> d\u00fcrfen die (inzwischen) <strong>Viertkl\u00e4ssler<\/strong> dann mit den <strong>orangen, gut sichtbaren Streitschlichterwesten<\/strong> in den <strong>Hofpausen<\/strong> Streitigkeiten der Kinder kl\u00e4ren.<\/p>\n<p>Die <strong>Sch\u00fclerinnen und Sch\u00fcler<\/strong> sollen durch den Einsatz von <strong>Streitschlichtern<\/strong> in erster Linie lernen, <strong>konstruktiv mit ihren Konflikten umzugehen<\/strong>. Kommt es zu <strong>schwierigen<\/strong>, <strong>verletzenden<\/strong>, <strong>verbalen<\/strong> oder <strong>k\u00f6rperlichen Auseinandersetzungen<\/strong> zwischen Kindern auf dem <strong>Pausenhof<\/strong>, werden diese nat\u00fcrlich weiterhin von einer <strong>[\/et_pb_text][et_pb_text module_class=&#8220;et_pb_alternative_text&#8220; _builder_version=&#8220;4.27.4&#8243; _module_preset=&#8220;default&#8220; global_colors_info=&#8220;{}&#8220;]<\/p>\n<p>In der Grundschule Hude-S\u00fcd gibt es regelm\u00e4\u00dfig eine <strong>Streitschlichter-AG<\/strong>. Dort werden jedes Jahr sechs Kinder aus den dritten Klassen zu Streitschlichtern ausgebildet. Die Ausbildung beginnt im zweiten Halbjahr.<\/p>\n<p>Die AG dauert ein halbes Schuljahr und findet <strong>einmal pro Woche<\/strong> statt. In dieser Zeit lernen die Kinder <strong>sechs Schritte<\/strong> kennen, mit denen sie Streit schlichten k\u00f6nnen. Diese Schritte \u00fcben sie zuerst in <em>Rollenspielen<\/em> (also kleinen nachgespielten Situationen) und sp\u00e4ter auch <strong>unter Aufsicht auf dem Pausenhof<\/strong>.<\/p>\n<p>Wenn die Kinder die Ausbildung abgeschlossen haben, sind sie in der vierten Klasse. Dann d\u00fcrfen sie in den Pausen mit ihren <strong>orangen Westen<\/strong> als Streitschlichter auf den Schulhof gehen und bei Streitigkeiten helfen.<\/p>\n<p>Das Ziel der Streitschlichter ist, dass die Sch\u00fclerinnen und Sch\u00fcler <strong>lernen, ihre Konflikte friedlich und fair zu l\u00f6sen<\/strong>. So sollen sie besser miteinander umgehen und Probleme selbst kl\u00e4ren k\u00f6nnen.<\/p>\n<p>Wenn es aber zu <strong>schwierigen oder verletzenden Streits<\/strong> kommt \u2013 also wenn Kinder sich zum Beispiel beschimpfen oder k\u00f6rperlich wehtun \u2013 dann greift nat\u00fcrlich weiterhin eine <strong>Lehrkraft<\/strong> ein und hilft, den Streit zu kl\u00e4ren.<\/p>\n<p>[\/et_pb_text][\/et_pb_column][\/et_pb_row][\/et_pb_section][et_pb_section fb_built=&#8220;1&#8243; module_class=&#8220;Kinderaufsichten&#8220; _builder_version=&#8220;4.27.4&#8243; _module_preset=&#8220;default&#8220; custom_padding_phone=&#8220;30px||10px||false|false&#8220; global_colors_info=&#8220;{}&#8220;][et_pb_row column_structure=&#8220;1_2,1_2&#8243; _builder_version=&#8220;4.27.4&#8243; _module_preset=&#8220;default&#8220; animation_style=&#8220;slide&#8220; custom_css_main_element=&#8220;display: flex;||justify-content: center; ||align-items: center;||&#8220; global_colors_info=&#8220;{}&#8220; custom_css_main_element_last_edited=&#8220;on|desktop&#8220; custom_css_main_element_tablet=&#8220;display: block;||&#8220; custom_css_main_element_phone=&#8220;display: block;||&#8220;][et_pb_column type=&#8220;1_2&#8243; _builder_version=&#8220;4.27.4&#8243; _module_preset=&#8220;default&#8220; global_colors_info=&#8220;{}&#8220;][et_pb_text _builder_version=&#8220;4.27.4&#8243; _module_preset=&#8220;default&#8220; custom_margin=&#8220;||10px||false|false&#8220; custom_padding=&#8220;||||false|false&#8220; global_colors_info=&#8220;{}&#8220;]<\/p>\n<h2>Die Kinderaufsichten<\/h2>\n<p>[\/et_pb_text][et_pb_divider color=&#8220;#A9C835&#8243; divider_weight=&#8220;4px&#8220; _builder_version=&#8220;4.27.4&#8243; _module_preset=&#8220;default&#8220; max_width=&#8220;60px&#8220; custom_margin=&#8220;||10px||false|false&#8220; custom_padding=&#8220;0px||0px||false|false&#8220; global_colors_info=&#8220;{}&#8220;][\/et_pb_divider][et_pb_text module_class=&#8220;et_pb_default_text&#8220; _builder_version=&#8220;4.27.4&#8243; _module_preset=&#8220;default&#8220; global_colors_info=&#8220;{}&#8220;]<\/p>\n<p>Die Kinder der GS Hude-S\u00fcd \u00fcbernehmen ab dem zweiten Schuljahr selber Aufsichten. Dabei bieten sie Kindern in unterschiedlichen Situationen Hilfe an und achten auf das Einhalten von Regeln. Sie greifen niemals selber handgreiflich in Streitereien ein.<\/p>\n<p>[\/et_pb_text][et_pb_text module_class=&#8220;et_pb_alternative_text&#8220; _builder_version=&#8220;4.27.4&#8243; _module_preset=&#8220;default&#8220; global_colors_info=&#8220;{}&#8220;]<\/p>\n<p>Ab dem <strong>zweiten Schuljahr<\/strong> \u00fcbernehmen die Kinder der Grundschule Hude-S\u00fcd selbst Aufsichten auf dem Schulhof.<\/p>\n<p>Sie <strong>helfen anderen Kindern<\/strong> in verschiedenen Situationen und <strong>achten darauf, dass die Schulregeln eingehalten werden<\/strong>.<\/p>\n<p>Wichtig ist: Die Kinder <strong>greifen niemals selbst k\u00f6rperlich in Streitereien ein<\/strong>. Wenn es zu einem Streit kommt, holen sie eine <strong>Lehrkraft<\/strong> oder eine andere erwachsene Aufsichtsperson zur Hilfe.<\/p>\n<p>[\/et_pb_text][et_pb_blurb image=&#8220;https:\/\/gs-hude-sued.de\/wp-content\/uploads\/2025\/10\/h2Der-Schuelerrath21.png&#8220; icon_placement=&#8220;left&#8220; image_icon_width=&#8220;100%&#8220; _builder_version=&#8220;4.27.4&#8243; _module_preset=&#8220;default&#8220; global_colors_info=&#8220;{}&#8220;]\u201eWir d\u00fcrfen ab der dritten Klasse selbst Aufsicht f\u00fchren \u2013 das ist richtig spannend! \ud83d\udc40<br \/>\nSo helfen wir mit, dass alles sicher und fair auf dem Schulhof abl\u00e4uft.\u201c[\/et_pb_blurb][\/et_pb_column][et_pb_column type=&#8220;1_2&#8243; _builder_version=&#8220;4.27.4&#8243; _module_preset=&#8220;default&#8220; global_colors_info=&#8220;{}&#8220;][et_pb_image src=&#8220;https:\/\/gs-hude-sued.de\/wp-content\/uploads\/2025\/10\/Design-ohne-Titel-e1759736264643.png&#8220; alt=&#8220;Kinder der Grundschule Hude-S\u00fcd mit Sicherheitswesten bei Spielen im Freien; sie zeigen Gemeinschaft und Freude am Lernen, w\u00e4hrend ein Kind mit einem Fahrrad sitzt.&#8220; title_text=&#8220;Sch\u00fclerrat bei Aktivit\u00e4ten&#8220; align=&#8220;center&#8220; _builder_version=&#8220;4.27.4&#8243; _module_preset=&#8220;default&#8220; max_width=&#8220;500px&#8220; global_colors_info=&#8220;{}&#8220;][\/et_pb_image][\/et_pb_column][\/et_pb_row][et_pb_row column_structure=&#8220;1_2,1_2&#8243; _builder_version=&#8220;4.27.4&#8243; _module_preset=&#8220;default&#8220; custom_padding=&#8220;||0px||false|false&#8220; global_colors_info=&#8220;{}&#8220;][et_pb_column type=&#8220;1_2&#8243; _builder_version=&#8220;4.27.4&#8243; _module_preset=&#8220;default&#8220; global_colors_info=&#8220;{}&#8220;][et_pb_blurb title=&#8220;Aufgaben der dritten Klassen:&#8220; use_icon=&#8220;on&#8220; _builder_version=&#8220;4.27.4&#8243; _module_preset=&#8220;default&#8220; header_level=&#8220;h3&#8243; global_colors_info=&#8220;{}&#8220;]<\/p>\n<ul>\n<li><strong>Begr\u00fc\u00dfung<\/strong> vor Schulbeginn an der Eingangst\u00fcr<\/li>\n<li><strong>Treppenaufsicht\/Fluraufsicht<\/strong> zu Beginn und Ende der Hofpausen (Erinnerung nicht zu rempeln, zu rennen und auf der richtigen Seite zu gehen)<\/li>\n<\/ul>\n<p>[\/et_pb_blurb][\/et_pb_column][et_pb_column type=&#8220;1_2&#8243; _builder_version=&#8220;4.27.4&#8243; _module_preset=&#8220;default&#8220; global_colors_info=&#8220;{}&#8220;][et_pb_blurb title=&#8220;Aufgaben der vierten Klassen:&#8220; use_icon=&#8220;on&#8220; _builder_version=&#8220;4.27.4&#8243; _module_preset=&#8220;default&#8220; header_level=&#8220;h3&#8243; global_colors_info=&#8220;{}&#8220;]<\/p>\n<ul>\n<li><strong>Hinweise vor Unterrichtsbeginn<\/strong> am Fahrradstand, dass bitte geschoben werden soll.<\/li>\n<li><strong>Kinderaufsicht in den Hofpausen<\/strong> (achten auf das Einhalten von Regeln und geben Hilfestellung bei Unf\u00e4llen)<\/li>\n<\/ul>\n<p>[\/et_pb_blurb][\/et_pb_column][\/et_pb_row][et_pb_row _builder_version=&#8220;4.27.4&#8243; _module_preset=&#8220;default&#8220; custom_padding=&#8220;0px||||false|false&#8220; global_colors_info=&#8220;{}&#8220;][et_pb_column type=&#8220;4_4&#8243; _builder_version=&#8220;4.27.4&#8243; _module_preset=&#8220;default&#8220; global_colors_info=&#8220;{}&#8220;][et_pb_text _builder_version=&#8220;4.27.4&#8243; _module_preset=&#8220;default&#8220; custom_margin=&#8220;0px||||false|false&#8220; custom_padding=&#8220;0px||||false|false&#8220; global_colors_info=&#8220;{}&#8220;]<\/p>\n<h3>Aufgaben aller:<\/h3>\n<p>Freiwillige Toilettenaufsichten, bei denen freundlich daran erinnert wird alles sauber zu hinterlassen, zu sp\u00fclen und die H\u00e4nde zu waschen.<\/p>\n<p>[\/et_pb_text][\/et_pb_column][\/et_pb_row][\/et_pb_section][et_pb_section fb_built=&#8220;1&#8243; disabled_on=&#8220;on|on|on&#8220; module_id=&#8220;Schulobst&#8220; _builder_version=&#8220;4.27.4&#8243; _module_preset=&#8220;default&#8220; background_color=&#8220;#F0F0F0&#8243; custom_padding=&#8220;30px||||false|false&#8220; border_width_bottom=&#8220;4px&#8220; border_color_bottom=&#8220;#A9C835&#8243; disabled=&#8220;on&#8220; global_colors_info=&#8220;{}&#8220;][et_pb_row column_structure=&#8220;1_2,1_2&#8243; _builder_version=&#8220;4.27.4&#8243; _module_preset=&#8220;default&#8220; custom_css_main_element=&#8220;display: flex;||flex-wrap: wrap;||justify-content: center; ||align-items: center;||&#8220; global_colors_info=&#8220;{}&#8220; custom_css_main_element_last_edited=&#8220;on|desktop&#8220; custom_css_main_element_tablet=&#8220;display: flex;||flex-wrap: wrap;||||&#8220; custom_css_main_element_phone=&#8220;display: flex;||flex-wrap: wrap;||||&#8220;][et_pb_column type=&#8220;1_2&#8243; _builder_version=&#8220;4.27.4&#8243; _module_preset=&#8220;default&#8220; animation_style=&#8220;slide&#8220; animation_direction=&#8220;bottom&#8220; custom_css_main_element=&#8220;order: 1;&#8220; global_colors_info=&#8220;{}&#8220; custom_css_main_element_last_edited=&#8220;on|tablet&#8220; custom_css_main_element_tablet=&#8220;order: 2;&#8220; custom_css_main_element_phone=&#8220;order: 2;&#8220;][et_pb_image src=&#8220;https:\/\/gs-hude-sued.de\/wp-content\/uploads\/2025\/10\/4-1.png&#8220; alt=&#8220;Ein Kind in gr\u00fcner Sch\u00fcrze schneidet Gem\u00fcse auf einem Holzbrett; es h\u00e4lt ein Messer und fokussiert sich auf die Zubereitung.&#8220; title_text=&#8220;Kochende Kinder im Sch\u00fclerrat&#8220; _builder_version=&#8220;4.27.4&#8243; _module_preset=&#8220;default&#8220; max_width=&#8220;500px&#8220; module_alignment=&#8220;center&#8220; global_colors_info=&#8220;{}&#8220;][\/et_pb_image][et_pb_blurb image=&#8220;https:\/\/gs-hude-sued.de\/wp-content\/uploads\/2025\/10\/h2Der-Schuelerrath21.png&#8220; icon_placement=&#8220;left&#8220; image_icon_width=&#8220;100%&#8220; _builder_version=&#8220;4.27.4&#8243; _module_preset=&#8220;default&#8220; global_colors_info=&#8220;{}&#8220;]\u201eIch liebe es, wenn es bei uns in der Pause frisches Obst gibt! \ud83c\udf4e<br \/>\nDas schmeckt nicht nur lecker, sondern macht auch richtig fit f\u00fcrs Lernen.\u201c[\/et_pb_blurb][\/et_pb_column][et_pb_column type=&#8220;1_2&#8243; _builder_version=&#8220;4.27.4&#8243; _module_preset=&#8220;default&#8220; animation_style=&#8220;slide&#8220; animation_direction=&#8220;right&#8220; custom_css_main_element=&#8220;order: 2;&#8220; global_colors_info=&#8220;{}&#8220; custom_css_main_element_last_edited=&#8220;on|tablet&#8220; custom_css_main_element_tablet=&#8220;order: 1;&#8220; custom_css_main_element_phone=&#8220;order: 1;&#8220;][et_pb_text _builder_version=&#8220;4.27.4&#8243; _module_preset=&#8220;default&#8220; custom_margin=&#8220;||10px||false|false&#8220; custom_padding=&#8220;||||false|false&#8220; global_colors_info=&#8220;{}&#8220;]<\/p>\n<h2>Schulobst<\/h2>\n<p>[\/et_pb_text][et_pb_divider color=&#8220;#A9C835&#8243; divider_weight=&#8220;4px&#8220; _builder_version=&#8220;4.27.4&#8243; _module_preset=&#8220;default&#8220; max_width=&#8220;60px&#8220; custom_margin=&#8220;||10px||false|false&#8220; custom_padding=&#8220;0px||0px||false|false&#8220; global_colors_info=&#8220;{}&#8220;][\/et_pb_divider][et_pb_text module_class=&#8220;et_pb_default_text&#8220; _builder_version=&#8220;4.27.4&#8243; _module_preset=&#8220;default&#8220; global_colors_info=&#8220;{}&#8220;]<\/p>\n<p>Im Rahmen des <strong>EU-Schulobst- und Gem\u00fcseprogramms<\/strong> erhalten Kinder an drei Tagen pro Woche frisches Obst und Gem\u00fcse.<br \/>Auch die <strong>Grundschule Hude-S\u00fcd<\/strong> nimmt an diesem Programm teil und wird <strong>mittwochs, donnerstags und freitags<\/strong> mit regionalem, saisonalem <strong>Bio-Obst und Gem\u00fcse<\/strong> beliefert.<\/p>\n<p>Dank unserer <strong>flei\u00dfigen Eltern<\/strong>, die das Obst morgens vor Unterrichtsbeginn schneiden und vorbereiten, bekommen alle Klassen gesunde, fertig portionierte Leckereien. \ud83c\udf50\ud83e\udd55<\/p>\n<p>So lernen die Kinder, wie <strong>lecker und wichtig<\/strong> Obst und Gem\u00fcse sind \u2013 und dass beides ganz selbstverst\u00e4ndlich zu einer <strong>gesunden Ern\u00e4hrung<\/strong> dazugeh\u00f6rt.<\/p>\n<p>[\/et_pb_text][et_pb_text module_class=&#8220;et_pb_alternative_text&#8220; _builder_version=&#8220;4.27.4&#8243; _module_preset=&#8220;default&#8220; global_colors_info=&#8220;{}&#8220;]<\/p>\n<p>Im Rahmen des <strong>EU-Schulobst- und Gem\u00fcseprogramms<\/strong> bekommen die Kinder<br \/>an <strong>drei Tagen pro Woche<\/strong> frisches Obst und Gem\u00fcse.<br \/>Auch die <strong>Grundschule Hude-S\u00fcd<\/strong> macht bei diesem Programm mit.<\/p>\n<p>Immer am <strong>Mittwoch, Donnerstag und Freitag<\/strong> wird die Schule<br \/>mit <strong>Bio-Obst und Bio-Gem\u00fcse<\/strong> beliefert.<br \/>Das Obst und Gem\u00fcse kommt aus der Region und passt zur jeweiligen Jahreszeit.<\/p>\n<p>Unsere <strong>hilfsbereiten Eltern<\/strong> schneiden das Obst morgens vor dem Unterricht<br \/>und bereiten alles liebevoll vor.<br \/>So bekommt jede Klasse <strong>gesunde und fertig portionierte Snacks<\/strong>. \ud83c\udf4e\ud83e\udd55<\/p>\n<p>Die Kinder lernen dabei, dass Obst und Gem\u00fcse <strong>nicht nur lecker<\/strong>,<br \/>sondern auch <strong>wichtig f\u00fcr eine gesunde Ern\u00e4hrung<\/strong> sind.<\/p>\n<p>[\/et_pb_text][\/et_pb_column][\/et_pb_row][\/et_pb_section]<\/p>\n","protected":false},"excerpt":{"rendered":"<p>\ud83c\udf92 Sch\u00fcler machen Schule \u201eHallo! Ich bin [logo_child_name name=&#8220;\u00fc&#8220;] \ud83d\udc4b Ich m\u00f6chte euch heute zeigen, was bei uns in der Schule alles passiert. Es gibt so viele tolle Dinge, die unser Schulleben bunt und lebendig machen!\u201c \ud83c\udf08 \ud83c\udf92 Sch\u00fcler machen Schule \u201eHallo! Ich bin [logo_child_name name=&#8220;\u00fc&#8220;] \ud83d\udc4b Ich m\u00f6chte euch heute zeigen, was bei uns [&hellip;]<\/p>\n","protected":false},"author":1,"featured_media":240166,"parent":240090,"menu_order":0,"comment_status":"closed","ping_status":"closed","template":"","meta":{"_acf_changed":false,"_et_pb_use_builder":"on","_et_pb_old_content":"","_et_gb_content_width":"","footnotes":""},"class_list":["post-240098","page","type-page","status-publish","has-post-thumbnail","hentry"],"acf":[],"yoast_head":"<!-- This site is optimized with the Yoast SEO Premium plugin v26.0 (Yoast SEO v27.0) - https:\/\/yoast.com\/product\/yoast-seo-premium-wordpress\/ -->\n<title>Sch\u00fclerrat der Grundschule Hude-S\u00fcd: Mitwirken im Schulalltag<\/title>\n<meta name=\"description\" content=\"Einblicke in den Sch\u00fclerrat der Grundschule Hude-S\u00fcd: Wie Klassensprecher gew\u00e4hlt werden, Mitwirkung gelingt und der Schulalltag wird. Jetzt informieren.\" \/>\n<meta name=\"robots\" content=\"index, follow, max-snippet:-1, max-image-preview:large, max-video-preview:-1\" \/>\n<link rel=\"canonical\" href=\"https:\/\/gs-hude-sued.de\/uk\/\u0446\u0435-\u043c\u0438\/\u0448\u043a\u0456\u043b\u044c\u043d\u0435-\u0436\u0438\u0442\u0442\u044f\/\" \/>\n<meta property=\"og:locale\" content=\"uk_UA\" \/>\n<meta property=\"og:type\" content=\"article\" \/>\n<meta property=\"og:title\" content=\"Sch\u00fcler machen Schule\" \/>\n<meta property=\"og:description\" content=\"Einblicke in den Sch\u00fclerrat der Grundschule Hude-S\u00fcd: Wie Klassensprecher gew\u00e4hlt werden, Mitwirkung gelingt und der Schulalltag wird. Jetzt informieren.\" \/>\n<meta property=\"og:url\" content=\"https:\/\/gs-hude-sued.de\/uk\/\u0446\u0435-\u043c\u0438\/\u0448\u043a\u0456\u043b\u044c\u043d\u0435-\u0436\u0438\u0442\u0442\u044f\/\" \/>\n<meta property=\"og:site_name\" content=\"Grundschule Hude S\u00fcd\" \/>\n<meta property=\"article:modified_time\" content=\"2026-02-24T07:39:02+00:00\" \/>\n<meta property=\"og:image\" content=\"https:\/\/gs-hude-sued.de\/wp-content\/uploads\/2025\/10\/Design-ohne-Titel-e1759736264643.png\" \/>\n\t<meta property=\"og:image:width\" content=\"1000\" \/>\n\t<meta property=\"og:image:height\" content=\"747\" \/>\n\t<meta property=\"og:image:type\" content=\"image\/png\" \/>\n<meta name=\"twitter:card\" content=\"summary_large_image\" \/>\n<meta name=\"twitter:label1\" content=\"\u041f\u0440\u0438\u0431\u043b. \u0447\u0430\u0441 \u0447\u0438\u0442\u0430\u043d\u043d\u044f\" \/>\n\t<meta name=\"twitter:data1\" content=\"10 \u0445\u0432\u0438\u043b\u0438\u043d\" \/>\n<script type=\"application\/ld+json\" class=\"yoast-schema-graph\">{\"@context\":\"https:\/\/schema.org\",\"@graph\":[{\"@type\":\"WebPage\",\"@id\":\"https:\/\/gs-hude-sued.de\/das-sind-wir\/schulleben\/\",\"url\":\"https:\/\/gs-hude-sued.de\/das-sind-wir\/schulleben\/\",\"name\":\"Sch\u00fclerrat der Grundschule Hude-S\u00fcd: Mitwirken im Schulalltag\",\"isPartOf\":{\"@id\":\"https:\/\/gs-hude-sued.de\/#website\"},\"primaryImageOfPage\":{\"@id\":\"https:\/\/gs-hude-sued.de\/das-sind-wir\/schulleben\/#primaryimage\"},\"image\":{\"@id\":\"https:\/\/gs-hude-sued.de\/das-sind-wir\/schulleben\/#primaryimage\"},\"thumbnailUrl\":\"https:\/\/gs-hude-sued.de\/wp-content\/uploads\/2025\/10\/Design-ohne-Titel-e1759736264643.png\",\"datePublished\":\"2025-10-05T10:14:49+00:00\",\"dateModified\":\"2026-02-24T07:39:02+00:00\",\"description\":\"Einblicke in den Sch\u00fclerrat der Grundschule Hude-S\u00fcd: Wie Klassensprecher gew\u00e4hlt werden, Mitwirkung gelingt und der Schulalltag wird. Jetzt informieren.\",\"breadcrumb\":{\"@id\":\"https:\/\/gs-hude-sued.de\/das-sind-wir\/schulleben\/#breadcrumb\"},\"inLanguage\":\"uk\",\"potentialAction\":[{\"@type\":\"ReadAction\",\"target\":[\"https:\/\/gs-hude-sued.de\/das-sind-wir\/schulleben\/\"]}]},{\"@type\":\"ImageObject\",\"inLanguage\":\"uk\",\"@id\":\"https:\/\/gs-hude-sued.de\/das-sind-wir\/schulleben\/#primaryimage\",\"url\":\"https:\/\/gs-hude-sued.de\/wp-content\/uploads\/2025\/10\/Design-ohne-Titel-e1759736264643.png\",\"contentUrl\":\"https:\/\/gs-hude-sued.de\/wp-content\/uploads\/2025\/10\/Design-ohne-Titel-e1759736264643.png\",\"width\":1000,\"height\":747,\"caption\":\"Der Sch\u00fclerrat der Grundschule Hude-S\u00fcd f\u00f6rdert das Mitwirken im Schulalltag. Kinder engagieren sich aktiv und lernen Verantwortung.\"},{\"@type\":\"BreadcrumbList\",\"@id\":\"https:\/\/gs-hude-sued.de\/das-sind-wir\/schulleben\/#breadcrumb\",\"itemListElement\":[{\"@type\":\"ListItem\",\"position\":1,\"name\":\"Startseite\",\"item\":\"https:\/\/gs-hude-sued.de\/\"},{\"@type\":\"ListItem\",\"position\":2,\"name\":\"Unser Schulleben\",\"item\":\"https:\/\/gs-hude-sued.de\/das-sind-wir\/\"},{\"@type\":\"ListItem\",\"position\":3,\"name\":\"Sch\u00fcler machen Schule\"}]},{\"@type\":\"WebSite\",\"@id\":\"https:\/\/gs-hude-sued.de\/#website\",\"url\":\"https:\/\/gs-hude-sued.de\/\",\"name\":\"Grundschule Hude S\u00fcd\",\"description\":\"Grundschule Hude-S\u00fcd \u2013 Miteinander stark f\u00fcr die Zukunft.\",\"potentialAction\":[{\"@type\":\"SearchAction\",\"target\":{\"@type\":\"EntryPoint\",\"urlTemplate\":\"https:\/\/gs-hude-sued.de\/?s={search_term_string}\"},\"query-input\":{\"@type\":\"PropertyValueSpecification\",\"valueRequired\":true,\"valueName\":\"search_term_string\"}}],\"inLanguage\":\"uk\"}]}<\/script>\n<!-- \/ Yoast SEO Premium plugin. -->","yoast_head_json":{"title":"\u0423\u0447\u043d\u0456\u0432\u0441\u044c\u043a\u0430 \u0440\u0430\u0434\u0430 \u043f\u043e\u0447\u0430\u0442\u043a\u043e\u0432\u043e\u0457 \u0448\u043a\u043e\u043b\u0438 \u0425\u0443\u0434\u0435-\u0417\u044e\u0434: \u0423\u0447\u0430\u0441\u0442\u044c \u0443 \u043f\u043e\u0432\u0441\u044f\u043a\u0434\u0435\u043d\u043d\u043e\u043c\u0443 \u0448\u043a\u0456\u043b\u044c\u043d\u043e\u043c\u0443 \u0436\u0438\u0442\u0442\u0456","description":"\u041e\u0433\u043b\u044f\u0434 \u0440\u043e\u0431\u043e\u0442\u0438 \u0443\u0447\u043d\u0456\u0432\u0441\u044c\u043a\u043e\u0457 \u0440\u0430\u0434\u0438 \u043f\u043e\u0447\u0430\u0442\u043a\u043e\u0432\u043e\u0457 \u0448\u043a\u043e\u043b\u0438 \u0425\u0443\u0434\u0435-\u0417\u044e\u0434: \u044f\u043a \u043e\u0431\u0438\u0440\u0430\u044e\u0442\u044c\u0441\u044f \u043f\u0440\u0435\u0434\u0441\u0442\u0430\u0432\u043d\u0438\u043a\u0438 \u043a\u043b\u0430\u0441\u0443, \u044f\u043a \u043f\u0440\u0430\u0446\u044e\u0454 \u0443\u0447\u0430\u0441\u0442\u044c \u0456 \u044f\u043a\u0435 \u043f\u043e\u0432\u0441\u044f\u043a\u0434\u0435\u043d\u043d\u0435 \u0448\u043a\u0456\u043b\u044c\u043d\u0435 \u0436\u0438\u0442\u0442\u044f. \u0414\u0456\u0437\u043d\u0430\u0439\u0442\u0435\u0441\u044f \u0431\u0456\u043b\u044c\u0448\u0435 \u0437\u0430\u0440\u0430\u0437.","robots":{"index":"index","follow":"follow","max-snippet":"max-snippet:-1","max-image-preview":"max-image-preview:large","max-video-preview":"max-video-preview:-1"},"canonical":"https:\/\/gs-hude-sued.de\/uk\/\u0446\u0435-\u043c\u0438\/\u0448\u043a\u0456\u043b\u044c\u043d\u0435-\u0436\u0438\u0442\u0442\u044f\/","og_locale":"uk_UA","og_type":"article","og_title":"Sch\u00fcler machen Schule","og_description":"Einblicke in den Sch\u00fclerrat der Grundschule Hude-S\u00fcd: Wie Klassensprecher gew\u00e4hlt werden, Mitwirkung gelingt und der Schulalltag wird. Jetzt informieren.","og_url":"https:\/\/gs-hude-sued.de\/uk\/\u0446\u0435-\u043c\u0438\/\u0448\u043a\u0456\u043b\u044c\u043d\u0435-\u0436\u0438\u0442\u0442\u044f\/","og_site_name":"Grundschule Hude S\u00fcd","article_modified_time":"2026-02-24T07:39:02+00:00","og_image":[{"width":1000,"height":747,"url":"https:\/\/gs-hude-sued.de\/wp-content\/uploads\/2025\/10\/Design-ohne-Titel-e1759736264643.png","type":"image\/png"}],"twitter_card":"summary_large_image","twitter_misc":{"\u041f\u0440\u0438\u0431\u043b. \u0447\u0430\u0441 \u0447\u0438\u0442\u0430\u043d\u043d\u044f":"10 \u0445\u0432\u0438\u043b\u0438\u043d"},"schema":{"@context":"https:\/\/schema.org","@graph":[{"@type":"WebPage","@id":"https:\/\/gs-hude-sued.de\/das-sind-wir\/schulleben\/","url":"https:\/\/gs-hude-sued.de\/das-sind-wir\/schulleben\/","name":"\u0423\u0447\u043d\u0456\u0432\u0441\u044c\u043a\u0430 \u0440\u0430\u0434\u0430 \u043f\u043e\u0447\u0430\u0442\u043a\u043e\u0432\u043e\u0457 \u0448\u043a\u043e\u043b\u0438 \u0425\u0443\u0434\u0435-\u0417\u044e\u0434: \u0423\u0447\u0430\u0441\u0442\u044c \u0443 \u043f\u043e\u0432\u0441\u044f\u043a\u0434\u0435\u043d\u043d\u043e\u043c\u0443 \u0448\u043a\u0456\u043b\u044c\u043d\u043e\u043c\u0443 \u0436\u0438\u0442\u0442\u0456","isPartOf":{"@id":"https:\/\/gs-hude-sued.de\/#website"},"primaryImageOfPage":{"@id":"https:\/\/gs-hude-sued.de\/das-sind-wir\/schulleben\/#primaryimage"},"image":{"@id":"https:\/\/gs-hude-sued.de\/das-sind-wir\/schulleben\/#primaryimage"},"thumbnailUrl":"https:\/\/gs-hude-sued.de\/wp-content\/uploads\/2025\/10\/Design-ohne-Titel-e1759736264643.png","datePublished":"2025-10-05T10:14:49+00:00","dateModified":"2026-02-24T07:39:02+00:00","description":"\u041e\u0433\u043b\u044f\u0434 \u0440\u043e\u0431\u043e\u0442\u0438 \u0443\u0447\u043d\u0456\u0432\u0441\u044c\u043a\u043e\u0457 \u0440\u0430\u0434\u0438 \u043f\u043e\u0447\u0430\u0442\u043a\u043e\u0432\u043e\u0457 \u0448\u043a\u043e\u043b\u0438 \u0425\u0443\u0434\u0435-\u0417\u044e\u0434: \u044f\u043a \u043e\u0431\u0438\u0440\u0430\u044e\u0442\u044c\u0441\u044f \u043f\u0440\u0435\u0434\u0441\u0442\u0430\u0432\u043d\u0438\u043a\u0438 \u043a\u043b\u0430\u0441\u0443, \u044f\u043a \u043f\u0440\u0430\u0446\u044e\u0454 \u0443\u0447\u0430\u0441\u0442\u044c \u0456 \u044f\u043a\u0435 \u043f\u043e\u0432\u0441\u044f\u043a\u0434\u0435\u043d\u043d\u0435 \u0448\u043a\u0456\u043b\u044c\u043d\u0435 \u0436\u0438\u0442\u0442\u044f. \u0414\u0456\u0437\u043d\u0430\u0439\u0442\u0435\u0441\u044f \u0431\u0456\u043b\u044c\u0448\u0435 \u0437\u0430\u0440\u0430\u0437.","breadcrumb":{"@id":"https:\/\/gs-hude-sued.de\/das-sind-wir\/schulleben\/#breadcrumb"},"inLanguage":"uk","potentialAction":[{"@type":"ReadAction","target":["https:\/\/gs-hude-sued.de\/das-sind-wir\/schulleben\/"]}]},{"@type":"ImageObject","inLanguage":"uk","@id":"https:\/\/gs-hude-sued.de\/das-sind-wir\/schulleben\/#primaryimage","url":"https:\/\/gs-hude-sued.de\/wp-content\/uploads\/2025\/10\/Design-ohne-Titel-e1759736264643.png","contentUrl":"https:\/\/gs-hude-sued.de\/wp-content\/uploads\/2025\/10\/Design-ohne-Titel-e1759736264643.png","width":1000,"height":747,"caption":"Der Sch\u00fclerrat der Grundschule Hude-S\u00fcd f\u00f6rdert das Mitwirken im Schulalltag. Kinder engagieren sich aktiv und lernen Verantwortung."},{"@type":"BreadcrumbList","@id":"https:\/\/gs-hude-sued.de\/das-sind-wir\/schulleben\/#breadcrumb","itemListElement":[{"@type":"ListItem","position":1,"name":"Startseite","item":"https:\/\/gs-hude-sued.de\/"},{"@type":"ListItem","position":2,"name":"Unser Schulleben","item":"https:\/\/gs-hude-sued.de\/das-sind-wir\/"},{"@type":"ListItem","position":3,"name":"Sch\u00fcler machen Schule"}]},{"@type":"WebSite","@id":"https:\/\/gs-hude-sued.de\/#website","url":"https:\/\/gs-hude-sued.de\/","name":"\u041f\u043e\u0447\u0430\u0442\u043a\u043e\u0432\u0430 \u0448\u043a\u043e\u043b\u0430 \u0413\u0443\u0434\u0435 \u0421\u0430\u0443\u0442","description":"\u041f\u043e\u0447\u0430\u0442\u043a\u043e\u0432\u0430 \u0448\u043a\u043e\u043b\u0430 \u0425\u0443\u0434\u0435-\u0417\u044e\u0434 \u2013 \u0421\u0438\u043b\u044c\u043d\u0456 \u0440\u0430\u0437\u043e\u043c \u0437\u0430\u0440\u0430\u0434\u0438 \u043c\u0430\u0439\u0431\u0443\u0442\u043d\u044c\u043e\u0433\u043e.","potentialAction":[{"@type":"SearchAction","target":{"@type":"EntryPoint","urlTemplate":"https:\/\/gs-hude-sued.de\/?s={search_term_string}"},"query-input":{"@type":"PropertyValueSpecification","valueRequired":true,"valueName":"search_term_string"}}],"inLanguage":"uk"}]}},"_links":{"self":[{"href":"https:\/\/gs-hude-sued.de\/uk\/wp-json\/wp\/v2\/pages\/240098","targetHints":{"allow":["GET"]}}],"collection":[{"href":"https:\/\/gs-hude-sued.de\/uk\/wp-json\/wp\/v2\/pages"}],"about":[{"href":"https:\/\/gs-hude-sued.de\/uk\/wp-json\/wp\/v2\/types\/page"}],"author":[{"embeddable":true,"href":"https:\/\/gs-hude-sued.de\/uk\/wp-json\/wp\/v2\/users\/1"}],"replies":[{"embeddable":true,"href":"https:\/\/gs-hude-sued.de\/uk\/wp-json\/wp\/v2\/comments?post=240098"}],"version-history":[{"count":11,"href":"https:\/\/gs-hude-sued.de\/uk\/wp-json\/wp\/v2\/pages\/240098\/revisions"}],"predecessor-version":[{"id":241420,"href":"https:\/\/gs-hude-sued.de\/uk\/wp-json\/wp\/v2\/pages\/240098\/revisions\/241420"}],"up":[{"embeddable":true,"href":"https:\/\/gs-hude-sued.de\/uk\/wp-json\/wp\/v2\/pages\/240090"}],"wp:featuredmedia":[{"embeddable":true,"href":"https:\/\/gs-hude-sued.de\/uk\/wp-json\/wp\/v2\/media\/240166"}],"wp:attachment":[{"href":"https:\/\/gs-hude-sued.de\/uk\/wp-json\/wp\/v2\/media?parent=240098"}],"curies":[{"name":"\u0412\u041f","href":"https:\/\/api.w.org\/{rel}","templated":true}]}}