{"id":240316,"date":"2025-10-06T14:07:57","date_gmt":"2025-10-06T12:07:57","guid":{"rendered":"https:\/\/gs-hude-sued.de\/?page_id=240316"},"modified":"2025-12-05T08:38:00","modified_gmt":"2025-12-05T07:38:00","slug":"tam-guen-okul","status":"publish","type":"page","link":"https:\/\/gs-hude-sued.de\/tr\/okulumuz-2\/tam-guen-okul\/","title":{"rendered":"T\u00fcm g\u00fcn okul"},"content":{"rendered":"<p>[et_pb_section fb_built=&#8220;1&#8243; _builder_version=&#8220;4.27.4&#8243; _module_preset=&#8220;default&#8220; global_colors_info=&#8220;{}&#8220;][et_pb_row custom_padding_last_edited=&#8220;on|phone&#8220; _builder_version=&#8220;4.27.4&#8243; _module_preset=&#8220;default&#8220; custom_padding_tablet=&#8220;&#8220; custom_padding_phone=&#8220;0px||||false|false&#8220; global_colors_info=&#8220;{}&#8220;][et_pb_column type=&#8220;4_4&#8243; _builder_version=&#8220;4.27.4&#8243; _module_preset=&#8220;default&#8220; global_colors_info=&#8220;{}&#8220;][et_pb_text module_class=&#8220;et_pb_default_text&#8220; _builder_version=&#8220;4.27.4&#8243; _module_preset=&#8220;default&#8220; header_2_font_size=&#8220;30px&#8220; global_colors_info=&#8220;{}&#8220;] <\/p>\n<h1>\ud83c\udf1e Unser Ganztag an der Grundschule Hude-S\u00fcd<\/h1>\n<p>\n    Lernen, spielen, entdecken \u2013 an unserer Schule verbringen die Kinder nicht nur den Vormittag, sondern auf Wunsch auch den Nachmittag in einer lebendigen Gemeinschaft.<br \/>\n    Der Ganztag bietet Raum f\u00fcr gemeinsames Essen, konzentriertes Arbeiten und kreative Freizeitgestaltung.<br \/>\n    Hier erleben die Kinder Abwechslung, Bewegung und Geborgenheit \u2013 in einem strukturierten, aber kindgerechten Tagesablauf.\n  <\/p>\n<h2>\ud83c\udf7d\ufe0f Mittagessen<\/h2>\n<p>\n    Um f\u00fcr den Ganztag gest\u00e4rkt zu sein, wird f\u00fcr die Kinder in unserer Schule ein Mittagessen nach Jahrg\u00e4ngen angeboten.<br \/>\n    Die Jahrg\u00e4nge 1 und 2 essen von 11.40 &#8211; 12.05 Uhr und die Jahrg\u00e4nge 3 und 4 essen von 12.50 &#8211; 13.30 Uhr.<br \/>\n    W\u00e4hrend Jahrgang 3 und 4 isst, haben die ersten und zweiten Jahrg\u00e4nge Zeit zu spielen und sich zu bewegen.\n  <\/p>\n<h2>\u270f\ufe0f Hausauf&shy;gaben&shy;betreuung<\/h2>\n<p>\n    Die Hausaufgabenbetreuung findet von 13.30 &#8211; 14.15 Uhr statt.<br \/>\n    Es gibt feste Hausaufgabengruppen, wobei Jahrgang 1 und 2 und Jahrgang 3 und 4 gemischt betreut werden.<br \/>\n    Wer fertig ist, darf bis zur ersten Abholzeit und AG-Zeit drau\u00dfen auf dem Schulhof spielen.\n  <\/p>\n<h2>\ud83c\udfe0 Zweite Abholzeit<\/h2>\n<p>\n    Es besteht die M\u00f6glichkeit, nach der Hausaufgabenbetreuung um 14.15 Uhr nach Hause zu gehen.\n  <\/p>\n<h2>\ud83c\udfa8 AG-Zeit<\/h2>\n<p>\n    Die AGs an unserer Schule sind von montags bis mittwochs jeden Tag verschieden, damit die Kinder aus einem abwechslungsreichen Angebot ausw\u00e4hlen k\u00f6nnen.<br \/>\n    Sie sollen jeden Tag je nach ihren individuellen Bed\u00fcrfnissen entscheiden k\u00f6nnen, welches Thema oder welche Aktivit\u00e4t sie interessiert.\n  <\/p>\n<p>\n    Es werden Angebote aus den Bereichen Sport, Kreativit\u00e4t, Handarbeit, Entspannung, Umwelt, Schultiere, Musik, R\u00e4tseln und Knobeln und vielen mehr gemacht.\n  <\/p>\n<p>[\/et_pb_text][et_pb_text module_class=&#8220;et_pb_alternative_text&#8220; _builder_version=&#8220;4.27.4&#8243; _module_preset=&#8220;default&#8220; header_2_font_size=&#8220;30px&#8220; global_colors_info=&#8220;{}&#8220;] <\/p>\n<h1>\ud83c\udf1e Unser Ganztag an der Grundschule Hude-S\u00fcd<\/h1>\n<p><strong>Lernen, spielen, entdecken<\/strong> \u2013 an unserer Schule k\u00f6nnen die Kinder nicht nur den Vormittag, sondern auf Wunsch auch den Nachmittag gemeinsam verbringen.<br \/>\nDer <strong>Ganztag<\/strong> bietet Zeit zum Essen, Arbeiten, Bewegen und Entspannen.<br \/>\nDie Kinder erleben einen abwechslungsreichen Tag mit festen Strukturen und viel Geborgenheit.<\/p>\n<h2>\ud83c\udf7d\ufe0f Mittagessen<\/h2>\n<p>Damit alle genug Kraft f\u00fcr den Nachmittag haben, gibt es in der Schule ein <strong>Mittagessen<\/strong>.<br \/>\nDie Kinder essen nach Jahrg\u00e4ngen gestaffelt:<br \/>\nDie <strong>1. und 2. Klassen<\/strong> essen von <strong>11:40 bis 12:05 Uhr<\/strong>.<br \/>\nDie <strong>3. und 4. Klassen<\/strong> essen von <strong>12:50 bis 13:30 Uhr<\/strong>.<br \/>\nW\u00e4hrend die \u00e4lteren Kinder essen, haben die j\u00fcngeren Zeit zum <strong>Spielen und Bewegen<\/strong>.<\/p>\n<h2>\u270f\ufe0f Hausaufgabenbetreuung<\/h2>\n<p>Die <strong>Hausaufgabenbetreuung<\/strong> findet von <strong>13:30 bis 14:15 Uhr<\/strong> statt.<br \/>\nEs gibt feste Gruppen, in denen Kinder aus den Jahrg\u00e4ngen 1 und 2 sowie 3 und 4 gemeinsam betreut werden.<br \/>\nWer mit den Hausaufgaben fertig ist, darf bis zur ersten Abholzeit oder bis zur AG-Zeit <strong>drau\u00dfen auf dem Schulhof<\/strong> spielen.<\/p>\n<h2>\ud83c\udfe0 Zweite Abholzeit<\/h2>\n<p>Nach der Hausaufgabenbetreuung, also um <strong>14:15 Uhr<\/strong>, k\u00f6nnen die Kinder nach Hause gehen, wenn sie m\u00f6chten.<\/p>\n<h2>\ud83c\udfa8 AG-Zeit<\/h2>\n<p>Von <strong>Montag bis Mittwoch<\/strong> finden verschiedene <strong>Arbeitsgemeinschaften (AGs)<\/strong> statt.<br \/>\nDie Kinder k\u00f6nnen aus vielen Angeboten w\u00e4hlen und jeden Tag selbst entscheiden, woran sie teilnehmen m\u00f6chten.<br \/>\nSo k\u00f6nnen sie ihren Nachmittag nach ihren <strong>Interessen und Bed\u00fcrfnissen<\/strong> gestalten.<\/p>\n<p>Es gibt AGs aus vielen Bereichen \u2013 zum Beispiel <strong>Sport<\/strong>, <strong>Kreativit\u00e4t<\/strong>, <strong>Handarbeit<\/strong>, <strong>Entspannung<\/strong>, <strong>Umwelt<\/strong>, <strong>Schultiere<\/strong>, <strong>Musik<\/strong> oder <strong>R\u00e4tsel und Knobelspiele<\/strong>.<br \/>\nSo ist f\u00fcr jedes Kind etwas Passendes dabei.<\/p>\n<p>[\/et_pb_text][\/et_pb_column][\/et_pb_row][\/et_pb_section]<\/p>\n","protected":false},"excerpt":{"rendered":"<p>\ud83c\udf1e Unser Ganztag an der Grundschule Hude-S\u00fcd Lernen, spielen, entdecken \u2013 an unserer Schule verbringen die Kinder nicht nur den Vormittag, sondern auf Wunsch auch den Nachmittag in einer lebendigen Gemeinschaft. Der Ganztag bietet Raum f\u00fcr gemeinsames Essen, konzentriertes Arbeiten und kreative Freizeitgestaltung. Hier erleben die Kinder Abwechslung, Bewegung und Geborgenheit \u2013 in einem strukturierten, [&hellip;]<\/p>\n","protected":false},"author":1,"featured_media":0,"parent":240293,"menu_order":0,"comment_status":"closed","ping_status":"closed","template":"","meta":{"_acf_changed":false,"_et_pb_use_builder":"on","_et_pb_old_content":"<!-- wp:divi\/placeholder \/-->","_et_gb_content_width":"","footnotes":""},"class_list":["post-240316","page","type-page","status-publish","hentry"],"acf":[],"yoast_head":"<!-- This site is optimized with the Yoast SEO Premium plugin v26.0 (Yoast SEO v27.0) - https:\/\/yoast.com\/product\/yoast-seo-premium-wordpress\/ -->\n<title>Ganztag an der Grundschule Hude-S\u00fcd \u2013 Lernen &amp; Bewegen<\/title>\n<meta name=\"description\" content=\"Der Ganztag der Grundschule Hude-S\u00fcd bietet Essen, Hausaufgabenbetreuung, AGs und Bewegung in einer kindgerechten Tagesplanung. Jetzt mehr erfahren.\" \/>\n<meta name=\"robots\" content=\"index, follow, max-snippet:-1, max-image-preview:large, max-video-preview:-1\" \/>\n<link rel=\"canonical\" href=\"https:\/\/gs-hude-sued.de\/tr\/okulumuz-2\/tam-guen-okul\/\" \/>\n<meta property=\"og:locale\" content=\"tr_TR\" \/>\n<meta property=\"og:type\" content=\"article\" \/>\n<meta property=\"og:title\" content=\"Ganztagsschule\" \/>\n<meta property=\"og:description\" content=\"Der Ganztag der Grundschule Hude-S\u00fcd bietet Essen, Hausaufgabenbetreuung, AGs und Bewegung in einer kindgerechten Tagesplanung. Jetzt mehr erfahren.\" \/>\n<meta property=\"og:url\" content=\"https:\/\/gs-hude-sued.de\/tr\/okulumuz-2\/tam-guen-okul\/\" \/>\n<meta property=\"og:site_name\" content=\"Grundschule Hude S\u00fcd\" \/>\n<meta property=\"article:modified_time\" content=\"2025-12-05T07:38:00+00:00\" \/>\n<meta name=\"twitter:card\" content=\"summary_large_image\" \/>\n<script type=\"application\/ld+json\" class=\"yoast-schema-graph\">{\"@context\":\"https:\/\/schema.org\",\"@graph\":[{\"@type\":\"WebPage\",\"@id\":\"https:\/\/gs-hude-sued.de\/unsere-schule-2\/ganztagsschule\/\",\"url\":\"https:\/\/gs-hude-sued.de\/unsere-schule-2\/ganztagsschule\/\",\"name\":\"Ganztag an der Grundschule Hude-S\u00fcd \u2013 Lernen & Bewegen\",\"isPartOf\":{\"@id\":\"https:\/\/gs-hude-sued.de\/#website\"},\"datePublished\":\"2025-10-06T12:07:57+00:00\",\"dateModified\":\"2025-12-05T07:38:00+00:00\",\"description\":\"Der Ganztag der Grundschule Hude-S\u00fcd bietet Essen, Hausaufgabenbetreuung, AGs und Bewegung in einer kindgerechten Tagesplanung. Jetzt mehr erfahren.\",\"breadcrumb\":{\"@id\":\"https:\/\/gs-hude-sued.de\/unsere-schule-2\/ganztagsschule\/#breadcrumb\"},\"inLanguage\":\"tr\",\"potentialAction\":[{\"@type\":\"ReadAction\",\"target\":[\"https:\/\/gs-hude-sued.de\/unsere-schule-2\/ganztagsschule\/\"]}]},{\"@type\":\"BreadcrumbList\",\"@id\":\"https:\/\/gs-hude-sued.de\/unsere-schule-2\/ganztagsschule\/#breadcrumb\",\"itemListElement\":[{\"@type\":\"ListItem\",\"position\":1,\"name\":\"Startseite\",\"item\":\"https:\/\/gs-hude-sued.de\/\"},{\"@type\":\"ListItem\",\"position\":2,\"name\":\"Unsere Schule\",\"item\":\"https:\/\/gs-hude-sued.de\/unsere-schule-2\/\"},{\"@type\":\"ListItem\",\"position\":3,\"name\":\"Ganztagsschule\"}]},{\"@type\":\"WebSite\",\"@id\":\"https:\/\/gs-hude-sued.de\/#website\",\"url\":\"https:\/\/gs-hude-sued.de\/\",\"name\":\"Grundschule Hude S\u00fcd\",\"description\":\"Grundschule Hude-S\u00fcd \u2013 Miteinander stark f\u00fcr die Zukunft.\",\"potentialAction\":[{\"@type\":\"SearchAction\",\"target\":{\"@type\":\"EntryPoint\",\"urlTemplate\":\"https:\/\/gs-hude-sued.de\/?s={search_term_string}\"},\"query-input\":{\"@type\":\"PropertyValueSpecification\",\"valueRequired\":true,\"valueName\":\"search_term_string\"}}],\"inLanguage\":\"tr\"}]}<\/script>\n<!-- \/ Yoast SEO Premium plugin. -->","yoast_head_json":{"title":"Hude-S\u00fcd \u0130lkokulu&#039;nda tam g\u00fcnl\u00fck program \u2013 \u00d6\u011frenme ve Hareket","description":"Hude-S\u00fcd \u0130lkokulu&#039;nun tam g\u00fcn program\u0131, \u00e7ocuk dostu bir g\u00fcnl\u00fck program dahilinde yemek, \u00f6dev yard\u0131m\u0131, ders d\u0131\u015f\u0131 etkinlikler ve fiziksel aktivite sunmaktad\u0131r. Daha fazla bilgi edinin.","robots":{"index":"index","follow":"follow","max-snippet":"max-snippet:-1","max-image-preview":"max-image-preview:large","max-video-preview":"max-video-preview:-1"},"canonical":"https:\/\/gs-hude-sued.de\/tr\/okulumuz-2\/tam-guen-okul\/","og_locale":"tr_TR","og_type":"article","og_title":"Ganztagsschule","og_description":"Der Ganztag der Grundschule Hude-S\u00fcd bietet Essen, Hausaufgabenbetreuung, AGs und Bewegung in einer kindgerechten Tagesplanung. Jetzt mehr erfahren.","og_url":"https:\/\/gs-hude-sued.de\/tr\/okulumuz-2\/tam-guen-okul\/","og_site_name":"Grundschule Hude S\u00fcd","article_modified_time":"2025-12-05T07:38:00+00:00","twitter_card":"summary_large_image","schema":{"@context":"https:\/\/schema.org","@graph":[{"@type":"WebPage","@id":"https:\/\/gs-hude-sued.de\/unsere-schule-2\/ganztagsschule\/","url":"https:\/\/gs-hude-sued.de\/unsere-schule-2\/ganztagsschule\/","name":"Hude-S\u00fcd \u0130lkokulu&#039;nda tam g\u00fcnl\u00fck program \u2013 \u00d6\u011frenme ve Hareket","isPartOf":{"@id":"https:\/\/gs-hude-sued.de\/#website"},"datePublished":"2025-10-06T12:07:57+00:00","dateModified":"2025-12-05T07:38:00+00:00","description":"Hude-S\u00fcd \u0130lkokulu&#039;nun tam g\u00fcn program\u0131, \u00e7ocuk dostu bir g\u00fcnl\u00fck program dahilinde yemek, \u00f6dev yard\u0131m\u0131, ders d\u0131\u015f\u0131 etkinlikler ve fiziksel aktivite sunmaktad\u0131r. Daha fazla bilgi edinin.","breadcrumb":{"@id":"https:\/\/gs-hude-sued.de\/unsere-schule-2\/ganztagsschule\/#breadcrumb"},"inLanguage":"tr","potentialAction":[{"@type":"ReadAction","target":["https:\/\/gs-hude-sued.de\/unsere-schule-2\/ganztagsschule\/"]}]},{"@type":"BreadcrumbList","@id":"https:\/\/gs-hude-sued.de\/unsere-schule-2\/ganztagsschule\/#breadcrumb","itemListElement":[{"@type":"ListItem","position":1,"name":"Startseite","item":"https:\/\/gs-hude-sued.de\/"},{"@type":"ListItem","position":2,"name":"Unsere Schule","item":"https:\/\/gs-hude-sued.de\/unsere-schule-2\/"},{"@type":"ListItem","position":3,"name":"Ganztagsschule"}]},{"@type":"WebSite","@id":"https:\/\/gs-hude-sued.de\/#website","url":"https:\/\/gs-hude-sued.de\/","name":"Hude G\u00fcney \u0130lkokulu","description":"Hude-S\u00fcd \u0130lkokulu \u2013 Gelecek i\u00e7in birlikte g\u00fc\u00e7l\u00fcy\u00fcz.","potentialAction":[{"@type":"SearchAction","target":{"@type":"EntryPoint","urlTemplate":"https:\/\/gs-hude-sued.de\/?s={search_term_string}"},"query-input":{"@type":"PropertyValueSpecification","valueRequired":true,"valueName":"search_term_string"}}],"inLanguage":"tr"}]}},"_links":{"self":[{"href":"https:\/\/gs-hude-sued.de\/tr\/wp-json\/wp\/v2\/pages\/240316","targetHints":{"allow":["GET"]}}],"collection":[{"href":"https:\/\/gs-hude-sued.de\/tr\/wp-json\/wp\/v2\/pages"}],"about":[{"href":"https:\/\/gs-hude-sued.de\/tr\/wp-json\/wp\/v2\/types\/page"}],"author":[{"embeddable":true,"href":"https:\/\/gs-hude-sued.de\/tr\/wp-json\/wp\/v2\/users\/1"}],"replies":[{"embeddable":true,"href":"https:\/\/gs-hude-sued.de\/tr\/wp-json\/wp\/v2\/comments?post=240316"}],"version-history":[{"count":7,"href":"https:\/\/gs-hude-sued.de\/tr\/wp-json\/wp\/v2\/pages\/240316\/revisions"}],"predecessor-version":[{"id":241132,"href":"https:\/\/gs-hude-sued.de\/tr\/wp-json\/wp\/v2\/pages\/240316\/revisions\/241132"}],"up":[{"embeddable":true,"href":"https:\/\/gs-hude-sued.de\/tr\/wp-json\/wp\/v2\/pages\/240293"}],"wp:attachment":[{"href":"https:\/\/gs-hude-sued.de\/tr\/wp-json\/wp\/v2\/media?parent=240316"}],"curies":[{"name":"wp","href":"https:\/\/api.w.org\/{rel}","templated":true}]}}