{"id":240088,"date":"2025-10-05T12:08:57","date_gmt":"2025-10-05T10:08:57","guid":{"rendered":"https:\/\/gs-hude-sued.de\/?page_id=240088"},"modified":"2025-12-05T08:34:00","modified_gmt":"2025-12-05T07:34:00","slug":"veriler-ve-gercekler","status":"publish","type":"page","link":"https:\/\/gs-hude-sued.de\/tr\/okulumuz\/veriler-ve-gercekler\/","title":{"rendered":"Ger\u00e7ekler ve rakamlar"},"content":{"rendered":"<p>[et_pb_section fb_built=&#8220;1&#8243; _builder_version=&#8220;4.27.4&#8243; _module_preset=&#8220;default&#8220; custom_margin=&#8220;||||false|false&#8220; custom_padding=&#8220;||||false|false&#8220; custom_padding_tablet=&#8220;||||false|false&#8220; custom_padding_phone=&#8220;0px||||false|false&#8220; global_colors_info=&#8220;{}&#8220;][et_pb_row _builder_version=&#8220;4.27.4&#8243; _module_preset=&#8220;default&#8220; global_colors_info=&#8220;{}&#8220;][et_pb_column type=&#8220;4_4&#8243; _builder_version=&#8220;4.27.4&#8243; _module_preset=&#8220;default&#8220; global_colors_info=&#8220;{}&#8220;][et_pb_text module_class=&#8220;et_pb_default_text&#8220; _builder_version=&#8220;4.27.4&#8243; _module_preset=&#8220;default&#8220; header_font_size=&#8220;42px&#8220; header_2_font_size=&#8220;29px&#8220; header_font_size_tablet=&#8220;42px&#8220; header_font_size_phone=&#8220;35px&#8220; header_2_font_size_tablet=&#8220;32px&#8220; header_2_font_size_phone=&#8220;28px&#8220; global_colors_info=&#8220;{}&#8220;]<\/p>\n<h1>Daten und Fakten<\/h1>\n<h2>Kurzinformationen<\/h2>\n<p>Die Grundschule Hude-S\u00fcd wurde 1972 er\u00f6ffnet (Grundsteinlegung 1971).<\/p>\n<p>Sie ist seit 1999 Verl\u00e4ssliche Grundschule der Gemeinde Hude im Landkreis Oldenburg und ist seit 1994 offene Ganztagsschule.<\/p>\n<p>Unsere Grundschule tr\u00e4gt seit 2008 das Zertifikat \u201eSportfreundliche Schule\u201c.<\/p>\n<h2>Geb\u00e4ude und Ausstattung<\/h2>\n<p>1994, 2006 und 2013 umfangreiche Erweiterung und Sanierung des Schulgeb\u00e4ude<\/p>\n<ul>\n<li>10 Klassenr\u00e4ume, teilweise mit separierten Gruppenr\u00e4umen<\/li>\n<li>Musikraum, Werkraum, B\u00fccherei, Bewegungsraum, Materialr\u00e4ume, Schulforum mit B\u00fchne und mobiler Abtrennwand, Sanit\u00e4tsraum, Lehrer- und Lehrerarbeitszimmer sowie Verwaltungstrakt mit R\u00e4umen f\u00fcr Schulleitung, Sekretariat und Besprechungen, Hausmeister-B\u00fcro<\/li>\n<li>Mensa mit Schulk\u00fcche<\/li>\n<li>Turnhalle<\/li>\n<li>gro\u00dfz\u00fcgiges Schulgel\u00e4nde mit Tischtennisplatten, Kletter-, Hangel- und Balancierger\u00e4ten, Kontaktschaukel, Sitzgelegenheiten, Fu\u00dfballplatz, Sandgrube und Seilbahn sowie ein Sportplatz mit Laufbahn und Sprunggrube, als Besonderheit einen h\u00fcgeligen Schulhof<\/li>\n<\/ul>\n<p>[\/et_pb_text][et_pb_text module_class=&#8220;et_pb_alternative_text&#8220; _builder_version=&#8220;4.27.4&#8243; _module_preset=&#8220;default&#8220; header_font_size=&#8220;42px&#8220; header_2_font_size=&#8220;29px&#8220; header_font_size_tablet=&#8220;42px&#8220; header_font_size_phone=&#8220;35px&#8220; header_2_font_size_tablet=&#8220;32px&#8220; header_2_font_size_phone=&#8220;28px&#8220; global_colors_info=&#8220;{}&#8220;]<\/p>\n<h1>\ud83d\udcca Daten und Fakten<\/h1>\n<h2>\ud83c\udfeb Kurzinformationen<\/h2>\n<p>Die <strong>Grundschule Hude-S\u00fcd<\/strong> wurde im Jahr <strong>1972<\/strong> er\u00f6ffnet.<br \/>Der <strong>Grundstein<\/strong> wurde bereits <strong>1971<\/strong> gelegt.<\/p>\n<p>Seit <strong>1999<\/strong> ist die Schule eine <strong>Verl\u00e4ssliche Grundschule<\/strong> in der Gemeinde Hude im Landkreis Oldenburg.<br \/>Bereits seit <strong>1994<\/strong> ist sie au\u00dferdem eine <strong>offene Ganztagsschule<\/strong>.<\/p>\n<p>Unsere Schule tr\u00e4gt seit <strong>2008<\/strong> das Zertifikat <strong>\u201eSportfreundliche Schule\u201c<\/strong>.<\/p>\n<h2>\ud83c\udfd7\ufe0f Geb\u00e4ude und Ausstattung<\/h2>\n<p>In den Jahren <strong>1994<\/strong>, <strong>2006<\/strong> und <strong>2013<\/strong> wurde das Schulgeb\u00e4ude umfassend <strong>erweitert und saniert<\/strong>.<\/p>\n<ul>\n<li>10 Klassenr\u00e4ume, teilweise mit separaten Gruppenr\u00e4umen<\/li>\n<li>Musikraum, Werkraum, B\u00fccherei, Bewegungsraum und Materialr\u00e4ume<\/li>\n<li>Schulforum mit B\u00fchne und mobiler Trennwand<\/li>\n<li>Sanit\u00e4tsraum, Lehrerzimmer, Arbeitszimmer sowie Verwaltungsr\u00e4ume f\u00fcr Schulleitung, Sekretariat, Besprechungen und Hausmeister<\/li>\n<li><strong>Mensa<\/strong> mit Schulk\u00fcche<\/li>\n<li><strong>Turnhalle<\/strong><\/li>\n<li>Gro\u00dfes Schulgel\u00e4nde mit vielen Spiel- und Sportm\u00f6glichkeiten:\n<ul>\n<li>Tischtennisplatten<\/li>\n<li>Kletter-, Hangel- und Balancierger\u00e4te<\/li>\n<li>Kontaktschaukel und Sitzgelegenheiten<\/li>\n<li>Fu\u00dfballplatz, Sandgrube, Seilbahn<\/li>\n<li>Sportplatz mit Laufbahn und Sprunggrube<\/li>\n<li>Besonderheit: ein h\u00fcgeliger Schulhof<\/li>\n<\/ul>\n<\/li>\n<\/ul>\n<p>[\/et_pb_text][\/et_pb_column][\/et_pb_row][\/et_pb_section]<\/p>\n","protected":false},"excerpt":{"rendered":"<p>Daten und Fakten Kurzinformationen Die Grundschule Hude-S\u00fcd wurde 1972 er\u00f6ffnet (Grundsteinlegung 1971). Sie ist seit 1999 Verl\u00e4ssliche Grundschule der Gemeinde Hude im Landkreis Oldenburg und ist seit 1994 offene Ganztagsschule. Unsere Grundschule tr\u00e4gt seit 2008 das Zertifikat \u201eSportfreundliche Schule\u201c. Geb\u00e4ude und Ausstattung 1994, 2006 und 2013 umfangreiche Erweiterung und Sanierung des Schulgeb\u00e4ude 10 Klassenr\u00e4ume, teilweise [&hellip;]<\/p>\n","protected":false},"author":1,"featured_media":239975,"parent":240086,"menu_order":0,"comment_status":"closed","ping_status":"closed","template":"","meta":{"_acf_changed":false,"_et_pb_use_builder":"on","_et_pb_old_content":"","_et_gb_content_width":"","footnotes":""},"class_list":["post-240088","page","type-page","status-publish","has-post-thumbnail","hentry"],"acf":[],"yoast_head":"<!-- This site is optimized with the Yoast SEO Premium plugin v26.0 (Yoast SEO v27.0) - https:\/\/yoast.com\/product\/yoast-seo-premium-wordpress\/ -->\n<title>Grundschule Hude-S\u00fcd \u2013 Verl\u00e4ssliche Grundschule in Hude<\/title>\n<meta name=\"description\" content=\"Entdecken Sie die Grundschule Hude-S\u00fcd: Verl\u00e4ssliche Grundschule in Hude, offene Ganztagsschule, Sportfreundliche Schule und moderne R\u00e4ume f\u00fcr Eltern und Kinder.\" \/>\n<meta name=\"robots\" content=\"index, follow, max-snippet:-1, max-image-preview:large, max-video-preview:-1\" \/>\n<link rel=\"canonical\" href=\"https:\/\/gs-hude-sued.de\/tr\/okulumuz\/veriler-ve-gercekler\/\" \/>\n<meta property=\"og:locale\" content=\"tr_TR\" \/>\n<meta property=\"og:type\" content=\"article\" \/>\n<meta property=\"og:title\" content=\"Daten und Fakten\" \/>\n<meta property=\"og:description\" content=\"Entdecken Sie die Grundschule Hude-S\u00fcd: Verl\u00e4ssliche Grundschule in Hude, offene Ganztagsschule, Sportfreundliche Schule und moderne R\u00e4ume f\u00fcr Eltern und Kinder.\" \/>\n<meta property=\"og:url\" content=\"https:\/\/gs-hude-sued.de\/tr\/okulumuz\/veriler-ve-gercekler\/\" \/>\n<meta property=\"og:site_name\" content=\"Grundschule Hude S\u00fcd\" \/>\n<meta property=\"article:modified_time\" content=\"2025-12-05T07:34:00+00:00\" \/>\n<meta property=\"og:image\" content=\"https:\/\/gs-hude-sued.de\/wp-content\/uploads\/2025\/10\/Design-ohne-Titel88.png\" \/>\n\t<meta property=\"og:image:width\" content=\"1000\" \/>\n\t<meta property=\"og:image:height\" content=\"1000\" \/>\n\t<meta property=\"og:image:type\" content=\"image\/png\" \/>\n<meta name=\"twitter:card\" content=\"summary_large_image\" \/>\n<script type=\"application\/ld+json\" class=\"yoast-schema-graph\">{\"@context\":\"https:\/\/schema.org\",\"@graph\":[{\"@type\":\"WebPage\",\"@id\":\"https:\/\/gs-hude-sued.de\/unsere-schule\/daten-und-fakten\/\",\"url\":\"https:\/\/gs-hude-sued.de\/unsere-schule\/daten-und-fakten\/\",\"name\":\"Grundschule Hude-S\u00fcd \u2013 Verl\u00e4ssliche Grundschule in Hude\",\"isPartOf\":{\"@id\":\"https:\/\/gs-hude-sued.de\/#website\"},\"primaryImageOfPage\":{\"@id\":\"https:\/\/gs-hude-sued.de\/unsere-schule\/daten-und-fakten\/#primaryimage\"},\"image\":{\"@id\":\"https:\/\/gs-hude-sued.de\/unsere-schule\/daten-und-fakten\/#primaryimage\"},\"thumbnailUrl\":\"https:\/\/gs-hude-sued.de\/wp-content\/uploads\/2025\/10\/Design-ohne-Titel88.png\",\"datePublished\":\"2025-10-05T10:08:57+00:00\",\"dateModified\":\"2025-12-05T07:34:00+00:00\",\"description\":\"Entdecken Sie die Grundschule Hude-S\u00fcd: Verl\u00e4ssliche Grundschule in Hude, offene Ganztagsschule, Sportfreundliche Schule und moderne R\u00e4ume f\u00fcr Eltern und Kinder.\",\"breadcrumb\":{\"@id\":\"https:\/\/gs-hude-sued.de\/unsere-schule\/daten-und-fakten\/#breadcrumb\"},\"inLanguage\":\"tr\",\"potentialAction\":[{\"@type\":\"ReadAction\",\"target\":[\"https:\/\/gs-hude-sued.de\/unsere-schule\/daten-und-fakten\/\"]}]},{\"@type\":\"ImageObject\",\"inLanguage\":\"tr\",\"@id\":\"https:\/\/gs-hude-sued.de\/unsere-schule\/daten-und-fakten\/#primaryimage\",\"url\":\"https:\/\/gs-hude-sued.de\/wp-content\/uploads\/2025\/10\/Design-ohne-Titel88.png\",\"contentUrl\":\"https:\/\/gs-hude-sued.de\/wp-content\/uploads\/2025\/10\/Design-ohne-Titel88.png\",\"width\":1000,\"height\":1000,\"caption\":\"Die Abbildung verk\u00f6rpert Freude, Gemeinschaft und den respektvollen Umgang miteinander. Vielfalt wird hier positiv dargestellt.\"},{\"@type\":\"BreadcrumbList\",\"@id\":\"https:\/\/gs-hude-sued.de\/unsere-schule\/daten-und-fakten\/#breadcrumb\",\"itemListElement\":[{\"@type\":\"ListItem\",\"position\":1,\"name\":\"Startseite\",\"item\":\"https:\/\/gs-hude-sued.de\/\"},{\"@type\":\"ListItem\",\"position\":2,\"name\":\"unsere Schule\",\"item\":\"https:\/\/gs-hude-sued.de\/?page_id=240086\"},{\"@type\":\"ListItem\",\"position\":3,\"name\":\"Daten und Fakten\"}]},{\"@type\":\"WebSite\",\"@id\":\"https:\/\/gs-hude-sued.de\/#website\",\"url\":\"https:\/\/gs-hude-sued.de\/\",\"name\":\"Grundschule Hude S\u00fcd\",\"description\":\"Grundschule Hude-S\u00fcd \u2013 Miteinander stark f\u00fcr die Zukunft.\",\"potentialAction\":[{\"@type\":\"SearchAction\",\"target\":{\"@type\":\"EntryPoint\",\"urlTemplate\":\"https:\/\/gs-hude-sued.de\/?s={search_term_string}\"},\"query-input\":{\"@type\":\"PropertyValueSpecification\",\"valueRequired\":true,\"valueName\":\"search_term_string\"}}],\"inLanguage\":\"tr\"}]}<\/script>\n<!-- \/ Yoast SEO Premium plugin. -->","yoast_head_json":{"title":"Hude-S\u00fcd \u0130lkokulu \u2013 Hude&#039;de g\u00fcvenilir bir ilkokul","description":"Hude-S\u00fcd \u0130lkokulu&#039;nu ke\u015ffedin: Hude&#039;de g\u00fcvenilir bir ilkokul, tam g\u00fcn a\u00e7\u0131k bir okul, spor dostu bir okul ve ebeveynler ve \u00e7ocuklar i\u00e7in modern odalar.","robots":{"index":"index","follow":"follow","max-snippet":"max-snippet:-1","max-image-preview":"max-image-preview:large","max-video-preview":"max-video-preview:-1"},"canonical":"https:\/\/gs-hude-sued.de\/tr\/okulumuz\/veriler-ve-gercekler\/","og_locale":"tr_TR","og_type":"article","og_title":"Daten und Fakten","og_description":"Entdecken Sie die Grundschule Hude-S\u00fcd: Verl\u00e4ssliche Grundschule in Hude, offene Ganztagsschule, Sportfreundliche Schule und moderne R\u00e4ume f\u00fcr Eltern und Kinder.","og_url":"https:\/\/gs-hude-sued.de\/tr\/okulumuz\/veriler-ve-gercekler\/","og_site_name":"Grundschule Hude S\u00fcd","article_modified_time":"2025-12-05T07:34:00+00:00","og_image":[{"width":1000,"height":1000,"url":"https:\/\/gs-hude-sued.de\/wp-content\/uploads\/2025\/10\/Design-ohne-Titel88.png","type":"image\/png"}],"twitter_card":"summary_large_image","schema":{"@context":"https:\/\/schema.org","@graph":[{"@type":"WebPage","@id":"https:\/\/gs-hude-sued.de\/unsere-schule\/daten-und-fakten\/","url":"https:\/\/gs-hude-sued.de\/unsere-schule\/daten-und-fakten\/","name":"Hude-S\u00fcd \u0130lkokulu \u2013 Hude&#039;de g\u00fcvenilir bir ilkokul","isPartOf":{"@id":"https:\/\/gs-hude-sued.de\/#website"},"primaryImageOfPage":{"@id":"https:\/\/gs-hude-sued.de\/unsere-schule\/daten-und-fakten\/#primaryimage"},"image":{"@id":"https:\/\/gs-hude-sued.de\/unsere-schule\/daten-und-fakten\/#primaryimage"},"thumbnailUrl":"https:\/\/gs-hude-sued.de\/wp-content\/uploads\/2025\/10\/Design-ohne-Titel88.png","datePublished":"2025-10-05T10:08:57+00:00","dateModified":"2025-12-05T07:34:00+00:00","description":"Hude-S\u00fcd \u0130lkokulu&#039;nu ke\u015ffedin: Hude&#039;de g\u00fcvenilir bir ilkokul, tam g\u00fcn a\u00e7\u0131k bir okul, spor dostu bir okul ve ebeveynler ve \u00e7ocuklar i\u00e7in modern odalar.","breadcrumb":{"@id":"https:\/\/gs-hude-sued.de\/unsere-schule\/daten-und-fakten\/#breadcrumb"},"inLanguage":"tr","potentialAction":[{"@type":"ReadAction","target":["https:\/\/gs-hude-sued.de\/unsere-schule\/daten-und-fakten\/"]}]},{"@type":"ImageObject","inLanguage":"tr","@id":"https:\/\/gs-hude-sued.de\/unsere-schule\/daten-und-fakten\/#primaryimage","url":"https:\/\/gs-hude-sued.de\/wp-content\/uploads\/2025\/10\/Design-ohne-Titel88.png","contentUrl":"https:\/\/gs-hude-sued.de\/wp-content\/uploads\/2025\/10\/Design-ohne-Titel88.png","width":1000,"height":1000,"caption":"Die Abbildung verk\u00f6rpert Freude, Gemeinschaft und den respektvollen Umgang miteinander. Vielfalt wird hier positiv dargestellt."},{"@type":"BreadcrumbList","@id":"https:\/\/gs-hude-sued.de\/unsere-schule\/daten-und-fakten\/#breadcrumb","itemListElement":[{"@type":"ListItem","position":1,"name":"Startseite","item":"https:\/\/gs-hude-sued.de\/"},{"@type":"ListItem","position":2,"name":"unsere Schule","item":"https:\/\/gs-hude-sued.de\/?page_id=240086"},{"@type":"ListItem","position":3,"name":"Daten und Fakten"}]},{"@type":"WebSite","@id":"https:\/\/gs-hude-sued.de\/#website","url":"https:\/\/gs-hude-sued.de\/","name":"Hude G\u00fcney \u0130lkokulu","description":"Hude-S\u00fcd \u0130lkokulu \u2013 Gelecek i\u00e7in birlikte g\u00fc\u00e7l\u00fcy\u00fcz.","potentialAction":[{"@type":"SearchAction","target":{"@type":"EntryPoint","urlTemplate":"https:\/\/gs-hude-sued.de\/?s={search_term_string}"},"query-input":{"@type":"PropertyValueSpecification","valueRequired":true,"valueName":"search_term_string"}}],"inLanguage":"tr"}]}},"_links":{"self":[{"href":"https:\/\/gs-hude-sued.de\/tr\/wp-json\/wp\/v2\/pages\/240088","targetHints":{"allow":["GET"]}}],"collection":[{"href":"https:\/\/gs-hude-sued.de\/tr\/wp-json\/wp\/v2\/pages"}],"about":[{"href":"https:\/\/gs-hude-sued.de\/tr\/wp-json\/wp\/v2\/types\/page"}],"author":[{"embeddable":true,"href":"https:\/\/gs-hude-sued.de\/tr\/wp-json\/wp\/v2\/users\/1"}],"replies":[{"embeddable":true,"href":"https:\/\/gs-hude-sued.de\/tr\/wp-json\/wp\/v2\/comments?post=240088"}],"version-history":[{"count":8,"href":"https:\/\/gs-hude-sued.de\/tr\/wp-json\/wp\/v2\/pages\/240088\/revisions"}],"predecessor-version":[{"id":241128,"href":"https:\/\/gs-hude-sued.de\/tr\/wp-json\/wp\/v2\/pages\/240088\/revisions\/241128"}],"up":[{"embeddable":true,"href":"https:\/\/gs-hude-sued.de\/tr\/wp-json\/wp\/v2\/pages\/240086"}],"wp:featuredmedia":[{"embeddable":true,"href":"https:\/\/gs-hude-sued.de\/tr\/wp-json\/wp\/v2\/media\/239975"}],"wp:attachment":[{"href":"https:\/\/gs-hude-sued.de\/tr\/wp-json\/wp\/v2\/media?parent=240088"}],"curies":[{"name":"wp","href":"https:\/\/api.w.org\/{rel}","templated":true}]}}