{"id":239939,"date":"2025-10-04T09:43:10","date_gmt":"2025-10-04T07:43:10","guid":{"rendered":"https:\/\/gs-hude-sued.de\/?page_id=239939"},"modified":"2025-12-05T08:44:57","modified_gmt":"2025-12-05T07:44:57","slug":"akim","status":"publish","type":"page","link":"https:\/\/gs-hude-sued.de\/tr\/bu-biziz\/akim\/","title":{"rendered":"Haberler"},"content":{"rendered":"<p>[et_pb_section fb_built=&#8220;1&#8243; _builder_version=&#8220;4.27.4&#8243; _module_preset=&#8220;default&#8220; custom_padding=&#8220;10px||||false|false&#8220; global_colors_info=&#8220;{}&#8220;][et_pb_row _builder_version=&#8220;4.27.4&#8243; _module_preset=&#8220;default&#8220; global_colors_info=&#8220;{}&#8220;][et_pb_column type=&#8220;4_4&#8243; _builder_version=&#8220;4.27.4&#8243; _module_preset=&#8220;default&#8220; global_colors_info=&#8220;{}&#8220;][et_pb_text _builder_version=&#8220;4.27.4&#8243; _module_preset=&#8220;default&#8220; custom_margin=&#8220;||0px||false|false&#8220; custom_padding=&#8220;||10px||false|false&#8220; global_colors_info=&#8220;{}&#8220;]<\/p>\n<h1>Aktuelle Neuigkeiten<\/h1>\n<p>[\/et_pb_text][et_pb_divider color=&#8220;#A9C835&#8243; divider_weight=&#8220;4px&#8220; _builder_version=&#8220;4.27.4&#8243; _module_preset=&#8220;default&#8220; max_width=&#8220;60px&#8220; custom_margin=&#8220;||10px||false|false&#8220; custom_padding=&#8220;0px||0px||false|false&#8220; global_colors_info=&#8220;{}&#8220;][\/et_pb_divider][et_pb_text _builder_version=&#8220;4.27.4&#8243; _module_preset=&#8220;default&#8220; custom_margin=&#8220;||||false|false&#8220; custom_padding=&#8220;||50px||false|false&#8220; global_colors_info=&#8220;{}&#8220;]<\/p>\n<p>Hier findet ihr <strong>alle aktuellen Beitr\u00e4ge<\/strong> rund um das Schulleben der <strong>Grundschule Hude-S\u00fcd<\/strong> \u2013 gesammelt an einem Ort. \ud83c\udf92 Ob spannende Projekte, besondere Aktionen, Feste oder wichtige Informationen f\u00fcr Eltern \u2013 in diesem Bereich halten wir euch immer auf dem Laufenden. Schaut regelm\u00e4\u00dfig vorbei, um zu sehen, was bei uns gerade passiert!<\/p>\n<p>[\/et_pb_text][et_pb_blog fullwidth=&#8220;off&#8220; posts_number=&#8220;6&#8243; show_categories=&#8220;off&#8220; _builder_version=&#8220;4.27.4&#8243; _module_preset=&#8220;default&#8220; border_radii=&#8220;on|15px|15px|15px|15px&#8220; border_width_all=&#8220;0px&#8220; box_shadow_style=&#8220;preset2&#8243; box_shadow_color=&#8220;rgba(0,0,0,0.06)&#8220; global_colors_info=&#8220;{}&#8220;][\/et_pb_blog][\/et_pb_column][\/et_pb_row][\/et_pb_section]<\/p>\n","protected":false},"excerpt":{"rendered":"<p>Aktuelle NeuigkeitenHier findet ihr alle aktuellen Beitr\u00e4ge rund um das Schulleben der Grundschule Hude-S\u00fcd \u2013 gesammelt an einem Ort. \ud83c\udf92 Ob spannende Projekte, besondere Aktionen, Feste oder wichtige Informationen f\u00fcr Eltern \u2013 in diesem Bereich halten wir euch immer auf dem Laufenden. Schaut regelm\u00e4\u00dfig vorbei, um zu sehen, was bei uns gerade passiert!<\/p>","protected":false},"author":1,"featured_media":239975,"parent":240090,"menu_order":0,"comment_status":"closed","ping_status":"closed","template":"","meta":{"_acf_changed":false,"_et_pb_use_builder":"on","_et_pb_old_content":"","_et_gb_content_width":"","footnotes":""},"class_list":["post-239939","page","type-page","status-publish","has-post-thumbnail","hentry"],"acf":[],"yoast_head":"<!-- This site is optimized with the Yoast SEO Premium plugin v26.0 (Yoast SEO v27.0) - https:\/\/yoast.com\/product\/yoast-seo-premium-wordpress\/ -->\n<title>Grundschule Hude-S\u00fcd: Aktuelle Neuigkeiten zum Schulleben<\/title>\n<meta name=\"description\" content=\"Hier finden Eltern und Kinder aktuelle Beitr\u00e4ge zum Schulleben der Grundschule Hude-S\u00fcd: Projekte, Feste, Informationen und hilfreiche Hinweise, t\u00e4glich aktuell.\" \/>\n<meta name=\"robots\" content=\"index, follow, max-snippet:-1, max-image-preview:large, max-video-preview:-1\" \/>\n<link rel=\"canonical\" href=\"https:\/\/gs-hude-sued.de\/tr\/bu-biziz\/akim\/\" \/>\n<meta property=\"og:locale\" content=\"tr_TR\" \/>\n<meta property=\"og:type\" content=\"article\" \/>\n<meta property=\"og:title\" content=\"Aktuelles\" \/>\n<meta property=\"og:description\" content=\"Hier finden Eltern und Kinder aktuelle Beitr\u00e4ge zum Schulleben der Grundschule Hude-S\u00fcd: Projekte, Feste, Informationen und hilfreiche Hinweise, t\u00e4glich aktuell.\" \/>\n<meta property=\"og:url\" content=\"https:\/\/gs-hude-sued.de\/tr\/bu-biziz\/akim\/\" \/>\n<meta property=\"og:site_name\" content=\"Grundschule Hude S\u00fcd\" \/>\n<meta property=\"article:modified_time\" content=\"2025-12-05T07:44:57+00:00\" \/>\n<meta property=\"og:image\" content=\"https:\/\/gs-hude-sued.de\/wp-content\/uploads\/2025\/10\/Design-ohne-Titel88.png\" \/>\n\t<meta property=\"og:image:width\" content=\"1000\" \/>\n\t<meta property=\"og:image:height\" content=\"1000\" \/>\n\t<meta property=\"og:image:type\" content=\"image\/png\" \/>\n<meta name=\"twitter:card\" content=\"summary_large_image\" \/>\n<meta name=\"twitter:label1\" content=\"Tahmini okuma s\u00fcresi\" \/>\n\t<meta name=\"twitter:data1\" content=\"3 dakika\" \/>\n<script type=\"application\/ld+json\" class=\"yoast-schema-graph\">{\"@context\":\"https:\/\/schema.org\",\"@graph\":[{\"@type\":\"WebPage\",\"@id\":\"https:\/\/gs-hude-sued.de\/das-sind-wir\/aktuelles\/\",\"url\":\"https:\/\/gs-hude-sued.de\/das-sind-wir\/aktuelles\/\",\"name\":\"Grundschule Hude-S\u00fcd: Aktuelle Neuigkeiten zum Schulleben\",\"isPartOf\":{\"@id\":\"https:\/\/gs-hude-sued.de\/#website\"},\"primaryImageOfPage\":{\"@id\":\"https:\/\/gs-hude-sued.de\/das-sind-wir\/aktuelles\/#primaryimage\"},\"image\":{\"@id\":\"https:\/\/gs-hude-sued.de\/das-sind-wir\/aktuelles\/#primaryimage\"},\"thumbnailUrl\":\"https:\/\/gs-hude-sued.de\/wp-content\/uploads\/2025\/10\/Design-ohne-Titel88.png\",\"datePublished\":\"2025-10-04T07:43:10+00:00\",\"dateModified\":\"2025-12-05T07:44:57+00:00\",\"description\":\"Hier finden Eltern und Kinder aktuelle Beitr\u00e4ge zum Schulleben der Grundschule Hude-S\u00fcd: Projekte, Feste, Informationen und hilfreiche Hinweise, t\u00e4glich aktuell.\",\"breadcrumb\":{\"@id\":\"https:\/\/gs-hude-sued.de\/das-sind-wir\/aktuelles\/#breadcrumb\"},\"inLanguage\":\"tr\",\"potentialAction\":[{\"@type\":\"ReadAction\",\"target\":[\"https:\/\/gs-hude-sued.de\/das-sind-wir\/aktuelles\/\"]}]},{\"@type\":\"ImageObject\",\"inLanguage\":\"tr\",\"@id\":\"https:\/\/gs-hude-sued.de\/das-sind-wir\/aktuelles\/#primaryimage\",\"url\":\"https:\/\/gs-hude-sued.de\/wp-content\/uploads\/2025\/10\/Design-ohne-Titel88.png\",\"contentUrl\":\"https:\/\/gs-hude-sued.de\/wp-content\/uploads\/2025\/10\/Design-ohne-Titel88.png\",\"width\":1000,\"height\":1000,\"caption\":\"Die Abbildung verk\u00f6rpert Freude, Gemeinschaft und den respektvollen Umgang miteinander. Vielfalt wird hier positiv dargestellt.\"},{\"@type\":\"BreadcrumbList\",\"@id\":\"https:\/\/gs-hude-sued.de\/das-sind-wir\/aktuelles\/#breadcrumb\",\"itemListElement\":[{\"@type\":\"ListItem\",\"position\":1,\"name\":\"Startseite\",\"item\":\"https:\/\/gs-hude-sued.de\/\"},{\"@type\":\"ListItem\",\"position\":2,\"name\":\"Unser Schulleben\",\"item\":\"https:\/\/gs-hude-sued.de\/das-sind-wir\/\"},{\"@type\":\"ListItem\",\"position\":3,\"name\":\"Aktuelles\"}]},{\"@type\":\"WebSite\",\"@id\":\"https:\/\/gs-hude-sued.de\/#website\",\"url\":\"https:\/\/gs-hude-sued.de\/\",\"name\":\"Grundschule Hude S\u00fcd\",\"description\":\"Grundschule Hude-S\u00fcd \u2013 Miteinander stark f\u00fcr die Zukunft.\",\"potentialAction\":[{\"@type\":\"SearchAction\",\"target\":{\"@type\":\"EntryPoint\",\"urlTemplate\":\"https:\/\/gs-hude-sued.de\/?s={search_term_string}\"},\"query-input\":{\"@type\":\"PropertyValueSpecification\",\"valueRequired\":true,\"valueName\":\"search_term_string\"}}],\"inLanguage\":\"tr\"}]}<\/script>\n<!-- \/ Yoast SEO Premium plugin. -->","yoast_head_json":{"title":"Hude-S\u00fcd \u0130lkokulu: Okul hayat\u0131yla ilgili son haberler","description":"Burada, veliler ve \u00e7ocuklar Hude-S\u00fcd \u0130lkokulu&#039;ndaki okul hayat\u0131yla ilgili g\u00fcncel makalelere ula\u015fabilirler: projeler, kutlamalar, bilgiler ve faydal\u0131 ipu\u00e7lar\u0131 g\u00fcnl\u00fck olarak g\u00fcncellenmektedir.","robots":{"index":"index","follow":"follow","max-snippet":"max-snippet:-1","max-image-preview":"max-image-preview:large","max-video-preview":"max-video-preview:-1"},"canonical":"https:\/\/gs-hude-sued.de\/tr\/bu-biziz\/akim\/","og_locale":"tr_TR","og_type":"article","og_title":"Aktuelles","og_description":"Hier finden Eltern und Kinder aktuelle Beitr\u00e4ge zum Schulleben der Grundschule Hude-S\u00fcd: Projekte, Feste, Informationen und hilfreiche Hinweise, t\u00e4glich aktuell.","og_url":"https:\/\/gs-hude-sued.de\/tr\/bu-biziz\/akim\/","og_site_name":"Grundschule Hude S\u00fcd","article_modified_time":"2025-12-05T07:44:57+00:00","og_image":[{"width":1000,"height":1000,"url":"https:\/\/gs-hude-sued.de\/wp-content\/uploads\/2025\/10\/Design-ohne-Titel88.png","type":"image\/png"}],"twitter_card":"summary_large_image","twitter_misc":{"Tahmini okuma s\u00fcresi":"3 dakika"},"schema":{"@context":"https:\/\/schema.org","@graph":[{"@type":"WebPage","@id":"https:\/\/gs-hude-sued.de\/das-sind-wir\/aktuelles\/","url":"https:\/\/gs-hude-sued.de\/das-sind-wir\/aktuelles\/","name":"Hude-S\u00fcd \u0130lkokulu: Okul hayat\u0131yla ilgili son haberler","isPartOf":{"@id":"https:\/\/gs-hude-sued.de\/#website"},"primaryImageOfPage":{"@id":"https:\/\/gs-hude-sued.de\/das-sind-wir\/aktuelles\/#primaryimage"},"image":{"@id":"https:\/\/gs-hude-sued.de\/das-sind-wir\/aktuelles\/#primaryimage"},"thumbnailUrl":"https:\/\/gs-hude-sued.de\/wp-content\/uploads\/2025\/10\/Design-ohne-Titel88.png","datePublished":"2025-10-04T07:43:10+00:00","dateModified":"2025-12-05T07:44:57+00:00","description":"Burada, veliler ve \u00e7ocuklar Hude-S\u00fcd \u0130lkokulu&#039;ndaki okul hayat\u0131yla ilgili g\u00fcncel makalelere ula\u015fabilirler: projeler, kutlamalar, bilgiler ve faydal\u0131 ipu\u00e7lar\u0131 g\u00fcnl\u00fck olarak g\u00fcncellenmektedir.","breadcrumb":{"@id":"https:\/\/gs-hude-sued.de\/das-sind-wir\/aktuelles\/#breadcrumb"},"inLanguage":"tr","potentialAction":[{"@type":"ReadAction","target":["https:\/\/gs-hude-sued.de\/das-sind-wir\/aktuelles\/"]}]},{"@type":"ImageObject","inLanguage":"tr","@id":"https:\/\/gs-hude-sued.de\/das-sind-wir\/aktuelles\/#primaryimage","url":"https:\/\/gs-hude-sued.de\/wp-content\/uploads\/2025\/10\/Design-ohne-Titel88.png","contentUrl":"https:\/\/gs-hude-sued.de\/wp-content\/uploads\/2025\/10\/Design-ohne-Titel88.png","width":1000,"height":1000,"caption":"Die Abbildung verk\u00f6rpert Freude, Gemeinschaft und den respektvollen Umgang miteinander. Vielfalt wird hier positiv dargestellt."},{"@type":"BreadcrumbList","@id":"https:\/\/gs-hude-sued.de\/das-sind-wir\/aktuelles\/#breadcrumb","itemListElement":[{"@type":"ListItem","position":1,"name":"Startseite","item":"https:\/\/gs-hude-sued.de\/"},{"@type":"ListItem","position":2,"name":"Unser Schulleben","item":"https:\/\/gs-hude-sued.de\/das-sind-wir\/"},{"@type":"ListItem","position":3,"name":"Aktuelles"}]},{"@type":"WebSite","@id":"https:\/\/gs-hude-sued.de\/#website","url":"https:\/\/gs-hude-sued.de\/","name":"Hude G\u00fcney \u0130lkokulu","description":"Hude-S\u00fcd \u0130lkokulu \u2013 Gelecek i\u00e7in birlikte g\u00fc\u00e7l\u00fcy\u00fcz.","potentialAction":[{"@type":"SearchAction","target":{"@type":"EntryPoint","urlTemplate":"https:\/\/gs-hude-sued.de\/?s={search_term_string}"},"query-input":{"@type":"PropertyValueSpecification","valueRequired":true,"valueName":"search_term_string"}}],"inLanguage":"tr"}]}},"_links":{"self":[{"href":"https:\/\/gs-hude-sued.de\/tr\/wp-json\/wp\/v2\/pages\/239939","targetHints":{"allow":["GET"]}}],"collection":[{"href":"https:\/\/gs-hude-sued.de\/tr\/wp-json\/wp\/v2\/pages"}],"about":[{"href":"https:\/\/gs-hude-sued.de\/tr\/wp-json\/wp\/v2\/types\/page"}],"author":[{"embeddable":true,"href":"https:\/\/gs-hude-sued.de\/tr\/wp-json\/wp\/v2\/users\/1"}],"replies":[{"embeddable":true,"href":"https:\/\/gs-hude-sued.de\/tr\/wp-json\/wp\/v2\/comments?post=239939"}],"version-history":[{"count":8,"href":"https:\/\/gs-hude-sued.de\/tr\/wp-json\/wp\/v2\/pages\/239939\/revisions"}],"predecessor-version":[{"id":241138,"href":"https:\/\/gs-hude-sued.de\/tr\/wp-json\/wp\/v2\/pages\/239939\/revisions\/241138"}],"up":[{"embeddable":true,"href":"https:\/\/gs-hude-sued.de\/tr\/wp-json\/wp\/v2\/pages\/240090"}],"wp:featuredmedia":[{"embeddable":true,"href":"https:\/\/gs-hude-sued.de\/tr\/wp-json\/wp\/v2\/media\/239975"}],"wp:attachment":[{"href":"https:\/\/gs-hude-sued.de\/tr\/wp-json\/wp\/v2\/media?parent=239939"}],"curies":[{"name":"wp","href":"https:\/\/api.w.org\/{rel}","templated":true}]}}