{"id":240307,"date":"2025-10-06T14:02:44","date_gmt":"2025-10-06T12:02:44","guid":{"rendered":"https:\/\/gs-hude-sued.de\/?page_id=240307"},"modified":"2025-12-05T08:31:01","modified_gmt":"2025-12-05T07:31:01","slug":"vision-and-values","status":"publish","type":"page","link":"https:\/\/gs-hude-sued.de\/en\/our-school-profile\/vision-and-values\/","title":{"rendered":"Vision and Values"},"content":{"rendered":"<p>[et_pb_section fb_built=&#8220;1&#8243; _builder_version=&#8220;4.27.4&#8243; _module_preset=&#8220;default&#8220; custom_padding=&#8220;||0px||false|false&#8220; custom_padding_tablet=&#8220;||0px||false|false&#8220; custom_padding_phone=&#8220;0px||||false|false&#8220; global_colors_info=&#8220;{}&#8220;][et_pb_row custom_padding_last_edited=&#8220;off|desktop&#8220; _builder_version=&#8220;4.27.4&#8243; _module_preset=&#8220;default&#8220; custom_padding=&#8220;||0px||false|false&#8220; custom_padding_phone=&#8220;||0px||false|false&#8220; global_colors_info=&#8220;{}&#8220;][et_pb_column type=&#8220;4_4&#8243; _builder_version=&#8220;4.27.4&#8243; _module_preset=&#8220;default&#8220; global_colors_info=&#8220;{}&#8220;][et_pb_text _builder_version=&#8220;4.27.4&#8243; _module_preset=&#8220;default&#8220; global_colors_info=&#8220;{}&#8220;]<\/p>\n<h1>Unsere Vision &amp; Werte \u2014 gemeinsam stark in Bildung und Gemeinschaft<\/h1>\n<p>[\/et_pb_text][\/et_pb_column][\/et_pb_row][et_pb_row column_structure=&#8220;1_2,1_2&#8243; custom_padding_last_edited=&#8220;on|phone&#8220; _builder_version=&#8220;4.27.4&#8243; _module_preset=&#8220;default&#8220; custom_padding_tablet=&#8220;&#8220; custom_padding_phone=&#8220;0px||||false|false&#8220; custom_css_main_element=&#8220;display: flex;||justify-content: center; ||align-items: center;||&#8220; global_colors_info=&#8220;{}&#8220; custom_css_main_element_last_edited=&#8220;on|tablet&#8220; custom_css_main_element_tablet=&#8220;display: block; &#8220; custom_css_main_element_phone=&#8220;display: block; &#8222;][et_pb_column type=&#8220;1_2&#8243; _builder_version=&#8220;4.27.4&#8243; _module_preset=&#8220;default&#8220; global_colors_info=&#8220;{}&#8220;][et_pb_image src=&#8220;https:\/\/gs-hude-sued.de\/wp-content\/uploads\/2025\/10\/Grundschule-Hude-Sued_Logo_4c_RZ-scaled-1.jpg&#8220; alt=&#8220;Logo der Grundschule Hude\u2011S\u00fcd mit vier Kindern, einem Hund und dem Motto \u201eGemeinsam stark!\u201c&#8220; disabled_on=&#8220;on|on|off&#8220; _builder_version=&#8220;4.27.4&#8243; _module_preset=&#8220;default&#8220; global_colors_info=&#8220;{}&#8220;][\/et_pb_image][\/et_pb_column][et_pb_column type=&#8220;1_2&#8243; _builder_version=&#8220;4.27.4&#8243; _module_preset=&#8220;default&#8220; global_colors_info=&#8220;{}&#8220;][et_pb_text module_class=&#8220;et_pb_default_text&#8220; _builder_version=&#8220;4.27.4&#8243; _module_preset=&#8220;default&#8220; global_colors_info=&#8220;{}&#8220;]<\/p>\n<p>Was macht die Grundschule Hude-S\u00fcd besonders? Auf dieser Seite erfahren Sie, wof\u00fcr wir stehen, welche Werte uns leiten und wie wir das Lernen unserer Kinder gestalten. Unsere Schule ist ein Ort, an dem Gemeinschaft, Verantwortung und Freude am Lernen t\u00e4glich erlebbar werden. Gemeinsam mit Kindern, Eltern und Lehrkr\u00e4ften schaffen wir ein Umfeld, in dem jedes Kind seine St\u00e4rken entdecken und entfalten kann.<\/p>\n<p>[\/et_pb_text][et_pb_text module_class=&#8220;et_pb_alternative_text&#8220; _builder_version=&#8220;4.27.4&#8243; _module_preset=&#8220;default&#8220; global_colors_info=&#8220;{}&#8220;]<\/p>\n<p>Auf dieser Seite erfahren Sie, was uns wichtig ist, welche Werte wir haben und wie wir das Lernen gestalten.<\/p>\n<p>Unsere Schule ist ein Ort, an dem <strong>Gemeinschaft<\/strong>, <strong>Verantwortung<\/strong> und <strong>Freude am Lernen<\/strong> jeden Tag sp\u00fcrbar sind.<\/p>\n<p>Wir arbeiten eng mit Kindern, Eltern und Lehrkr\u00e4ften zusammen. So entsteht ein Umfeld, in dem jedes Kind seine <strong>St\u00e4rken<\/strong> entdecken und weiterentwickeln kann.<\/p>\n<p>[\/et_pb_text][\/et_pb_column][\/et_pb_row][\/et_pb_section][et_pb_section fb_built=&#8220;1&#8243; _builder_version=&#8220;4.27.4&#8243; _module_preset=&#8220;default&#8220; background_color=&#8220;RGBA(255,255,255,0)&#8220; custom_padding=&#8220;0px||||false|false&#8220; custom_padding_tablet=&#8220;0px||||false|false&#8220; custom_padding_phone=&#8220;0px||20px||false|false&#8220; global_colors_info=&#8220;{}&#8220;][et_pb_row column_structure=&#8220;1_2,1_4,1_4&#8243; custom_padding_last_edited=&#8220;on|phone&#8220; _builder_version=&#8220;4.27.4&#8243; _module_preset=&#8220;default&#8220; custom_padding_tablet=&#8220;&#8220; custom_padding_phone=&#8220;0px||||false|false&#8220; custom_css_main_element=&#8220;display: flex;||justify-content: center; ||align-items: center;||&#8220; global_colors_info=&#8220;{}&#8220; custom_css_main_element_last_edited=&#8220;on|tablet&#8220; custom_css_main_element_tablet=&#8220;display: bolck;||&#8220; custom_css_main_element_phone=&#8220;display: bolck;||&#8220;][et_pb_column type=&#8220;1_2&#8243; _builder_version=&#8220;4.27.4&#8243; _module_preset=&#8220;default&#8220; global_colors_info=&#8220;{}&#8220;][et_pb_text _builder_version=&#8220;4.27.4&#8243; _module_preset=&#8220;default&#8220; global_colors_info=&#8220;{}&#8220;]<\/p>\n<h2>\ud83d\udca1 Leitbild<\/h2>\n<p>Unser Leitbild beschreibt, was uns an der Grundschule Hude-S\u00fcd wichtig ist und wie wir gemeinsam lernen, lehren und miteinander umgehen m\u00f6chten.<br \/>Es ist die Grundlage f\u00fcr unser t\u00e4gliches Handeln \u2013 in der Klasse, auf dem Schulhof und in der Zusammenarbeit von Kindern, Eltern, Lehrkr\u00e4ften und p\u00e4dagogischen Mitarbeitenden.<\/p>\n<p>[\/et_pb_text][\/et_pb_column][et_pb_column type=&#8220;1_4&#8243; _builder_version=&#8220;4.27.4&#8243; _module_preset=&#8220;default&#8220; global_colors_info=&#8220;{}&#8220;][et_pb_blurb title=&#8220;Sprache f\u00f6rdern&#8220; image=&#8220;https:\/\/gs-hude-sued.de\/wp-content\/uploads\/2025\/10\/Gemini_Generated_Image_tgozt6tgozt6tgoz-Kopie.png&#8220; alt=&#8220;Zwei Grundschulkinder unterhalten sich, ihre Sprechblasen enthalten Buchstaben und ein Fragezeichen \u2013 symbolisiert Sprachf\u00f6rderung.&#8220; image_icon_width=&#8220;160px&#8220; _builder_version=&#8220;4.27.4&#8243; _module_preset=&#8220;default&#8220; header_level=&#8220;h3&#8243; header_text_align=&#8220;center&#8220; body_text_align=&#8220;center&#8220; global_colors_info=&#8220;{}&#8220;]<\/p>\n<p>Wir achten auf eine klare, respektvolle und f\u00f6rdernde Sprachkultur, die Ausdruck und Verst\u00e4ndnis st\u00e4rkt.<\/p>\n<p>[\/et_pb_blurb][\/et_pb_column][et_pb_column type=&#8220;1_4&#8243; _builder_version=&#8220;4.27.4&#8243; _module_preset=&#8220;default&#8220; global_colors_info=&#8220;{}&#8220;][et_pb_blurb title=&#8220;Teamgeist entwickeln&#8220; image=&#8220;https:\/\/gs-hude-sued.de\/wp-content\/uploads\/2025\/10\/Gemini_Generated_Image_tgozt6tgozt6tgoz.png&#8220; alt=&#8220;Vier Kinder stehen vor einem Schulgeb\u00e4ude, halten sich bei den H\u00e4nden und symbolisieren Teamgeist.&#8220; image_icon_width=&#8220;160px&#8220; _builder_version=&#8220;4.27.4&#8243; _module_preset=&#8220;default&#8220; header_level=&#8220;h3&#8243; header_text_align=&#8220;center&#8220; body_text_align=&#8220;center&#8220; global_colors_info=&#8220;{}&#8220;]<\/p>\n<p>Wir unterst\u00fctzen unsere Sch\u00fcler*innen darin, Verantwortung zu \u00fcbernehmen, Aufgaben zu teilen und im Team zu wachsen.<\/p>\n<p>[\/et_pb_blurb][\/et_pb_column][\/et_pb_row][et_pb_row column_structure=&#8220;1_4,1_4,1_4,1_4&#8243; _builder_version=&#8220;4.27.4&#8243; _module_preset=&#8220;default&#8220; global_colors_info=&#8220;{}&#8220;][et_pb_column type=&#8220;1_4&#8243; _builder_version=&#8220;4.27.4&#8243; _module_preset=&#8220;default&#8220; global_colors_info=&#8220;{}&#8220;][et_pb_blurb title=&#8220;Begleiten und st\u00e4rken&#8220; image=&#8220;https:\/\/gs-hude-sued.de\/wp-content\/uploads\/2025\/10\/Gemini_Generated_Image_k9tex9k9tex9k9te1.png&#8220; alt=&#8220;unge neben einem gr\u00fcnen Aufw\u00e4rtspfeil \u2013 steht f\u00fcr Begleitung und St\u00e4rkung auf dem Lernweg.&#8220; image_icon_width=&#8220;160px&#8220; _builder_version=&#8220;4.27.4&#8243; _module_preset=&#8220;default&#8220; header_level=&#8220;h3&#8243; header_text_align=&#8220;center&#8220; body_text_align=&#8220;center&#8220; global_colors_info=&#8220;{}&#8220;]<\/p>\n<p>Wir unterst\u00fctzen unsere Sch\u00fcler*innen auf ihrem Weg zu selbstst\u00e4ndigen und selbstbewussten Menschen.<\/p>\n<p>[\/et_pb_blurb][\/et_pb_column][et_pb_column type=&#8220;1_4&#8243; _builder_version=&#8220;4.27.4&#8243; _module_preset=&#8220;default&#8220; global_colors_info=&#8220;{}&#8220;][et_pb_blurb title=&#8220;Sozialkompetenz f\u00f6rdern&#8220; image=&#8220;https:\/\/gs-hude-sued.de\/wp-content\/uploads\/2025\/10\/Gemini_Generated_Image_k9tex9k9tex9k9te-Kopie-2.png&#8220; alt=&#8220;M\u00e4dchen und Junge halten gemeinsam ein Herz \u2013 symbolisiert Sozialkompetenz und Empathie.&#8220; image_icon_width=&#8220;160px&#8220; _builder_version=&#8220;4.27.4&#8243; _module_preset=&#8220;default&#8220; header_level=&#8220;h3&#8243; header_text_align=&#8220;center&#8220; body_text_align=&#8220;center&#8220; global_colors_info=&#8220;{}&#8220;]Wir legen gro\u00dfen Wert auf gegenseitigen Respekt, R\u00fccksicht und Fairness, damit ein friedliches Miteinander gelingt.[\/et_pb_blurb][\/et_pb_column][et_pb_column type=&#8220;1_4&#8243; _builder_version=&#8220;4.27.4&#8243; _module_preset=&#8220;default&#8220; global_colors_info=&#8220;{}&#8220;][et_pb_blurb title=&#8220;Wertsch\u00e4tzendes Miteinander&#8220; image=&#8220;https:\/\/gs-hude-sued.de\/wp-content\/uploads\/2025\/10\/Gemini_Generated_Image_k9tex9k9tex9k9te-Kopie-5.png&#8220; alt=&#8220;Lehrperson hockt vor zwei Kindern, alle reichen sich die H\u00e4nde \u2013 steht f\u00fcr wertsch\u00e4tzendes Miteinander.&#8220; image_icon_width=&#8220;160px&#8220; _builder_version=&#8220;4.27.4&#8243; _module_preset=&#8220;default&#8220; header_level=&#8220;h3&#8243; header_text_align=&#8220;center&#8220; body_text_align=&#8220;center&#8220; global_colors_info=&#8220;{}&#8220;]<\/p>\n<p>Eltern, Lehrkr\u00e4fte und p\u00e4dagogische Mitarbeiter*innen begegnen sich achtsam, freundlich, hilfsbereit und offen.<\/p>\n<p>[\/et_pb_blurb][\/et_pb_column][et_pb_column type=&#8220;1_4&#8243; _builder_version=&#8220;4.27.4&#8243; _module_preset=&#8220;default&#8220; global_colors_info=&#8220;{}&#8220;][et_pb_blurb title=&#8220;Vielf\u00e4ltige Lernwege&#8220; image=&#8220;https:\/\/gs-hude-sued.de\/wp-content\/uploads\/2025\/10\/Gemini_Generated_Image_k9tex9k9tex9k9te-Kopie-3.png&#8220; alt=&#8220;Aufgeschlagenes Buch, aus dem bunte Noten und Sterne emporsteigen \u2013 steht f\u00fcr vielf\u00e4ltige Lernwege.&#8220; image_icon_width=&#8220;160px&#8220; _builder_version=&#8220;4.27.4&#8243; _module_preset=&#8220;default&#8220; header_level=&#8220;h3&#8243; header_text_align=&#8220;center&#8220; body_text_align=&#8220;center&#8220; global_colors_info=&#8220;{}&#8220;]Wir geben dem Unterricht Raum f\u00fcr unterschiedliche Lehr- und Lernmethoden, um jedes Kind individuell zu erreichen.[\/et_pb_blurb][\/et_pb_column][\/et_pb_row][et_pb_row column_structure=&#8220;1_4,1_4,1_4,1_4&#8243; _builder_version=&#8220;4.27.4&#8243; _module_preset=&#8220;default&#8220; global_colors_info=&#8220;{}&#8220;][et_pb_column type=&#8220;1_4&#8243; _builder_version=&#8220;4.27.4&#8243; _module_preset=&#8220;default&#8220; global_colors_info=&#8220;{}&#8220;][et_pb_blurb title=&#8220;Lernfreude &#038; Kreativit\u00e4t&#8220; image=&#8220;https:\/\/gs-hude-sued.de\/wp-content\/uploads\/2025\/10\/Gemini_Generated_Image_k9tex9k9tex9k9te-Kopie-4.png&#8220; alt=&#8220;Gl\u00fchbirne mit bunten Stiften, die wie Strahlen ringsherum angeordnet sind \u2013 symbolisiert Lernfreude und Kreativit\u00e4t.&#8220; image_icon_width=&#8220;160px&#8220; _builder_version=&#8220;4.27.4&#8243; _module_preset=&#8220;default&#8220; header_level=&#8220;h3&#8243; header_text_align=&#8220;center&#8220; body_text_align=&#8220;center&#8220; global_colors_info=&#8220;{}&#8220;]Wir wecken Neugier und f\u00f6rdern die Freude am Entdecken, Denken und Gestalten.[\/et_pb_blurb][\/et_pb_column][et_pb_column type=&#8220;1_4&#8243; _builder_version=&#8220;4.27.4&#8243; _module_preset=&#8220;default&#8220; global_colors_info=&#8220;{}&#8220;][et_pb_blurb title=&#8220;Motiviertes Lernen&#8220; image=&#8220;https:\/\/gs-hude-sued.de\/wp-content\/uploads\/2025\/10\/Gemini_Generated_Image_k9tex9k9tex9k9te-Kopie-7.png&#8220; alt=&#8220;Kindergruppe vor einem Schulhaus, eines h\u00e4lt eine \u201eA?\u201c\u2011Tafel \u2013 verdeutlicht neugieriges, motiviertes Lernen.&#8220; image_icon_width=&#8220;160px&#8220; _builder_version=&#8220;4.27.4&#8243; _module_preset=&#8220;default&#8220; header_level=&#8220;h3&#8243; header_text_align=&#8220;center&#8220; body_text_align=&#8220;center&#8220; global_colors_info=&#8220;{}&#8220;]<\/p>\n<p>Wir schaffen Bedingungen, die dazu anregen, Lernangebote mit Freude und Interesse anzunehmen.<\/p>\n<p>[\/et_pb_blurb][\/et_pb_column][et_pb_column type=&#8220;1_4&#8243; _builder_version=&#8220;4.27.4&#8243; _module_preset=&#8220;default&#8220; global_colors_info=&#8220;{}&#8220;][et_pb_blurb title=&#8220;Individuelle F\u00f6rderung&#8220; image=&#8220;https:\/\/gs-hude-sued.de\/wp-content\/uploads\/2025\/10\/Gemini_Generated_Image_k9tex9k9tex9k9te-Kopie-8.png&#8220; alt=&#8220;Bunte Puzzleteile, die zusammengef\u00fcgt werden \u2013 steht f\u00fcr individuelle F\u00f6rderung und passgenaue Unterst\u00fctzung.&#8220; image_icon_width=&#8220;160px&#8220; _builder_version=&#8220;4.27.4&#8243; _module_preset=&#8220;default&#8220; header_level=&#8220;h3&#8243; header_text_align=&#8220;center&#8220; body_text_align=&#8220;center&#8220; global_colors_info=&#8220;{}&#8220;]Wir f\u00f6rdern und fordern jedes Kind entsprechend seiner F\u00e4higkeiten und Begabungen.[\/et_pb_blurb][\/et_pb_column][et_pb_column type=&#8220;1_4&#8243; _builder_version=&#8220;4.27.4&#8243; _module_preset=&#8220;default&#8220; global_colors_info=&#8220;{}&#8220;][et_pb_blurb title=&#8220;Gemeinschaft leben&#8220; image=&#8220;https:\/\/gs-hude-sued.de\/wp-content\/uploads\/2025\/10\/Gemini_Generated_Image_8djrny8djrny8djr.png&#8220; alt=&#8220;Lehrkraft und drei Kinder bilden einen Kreis und halten sich an den H\u00e4nden \u2013 symbolisiert die gelebte Schulgemeinschaft.&#8220; image_icon_width=&#8220;160px&#8220; _builder_version=&#8220;4.27.4&#8243; _module_preset=&#8220;default&#8220; header_level=&#8220;h3&#8243; header_text_align=&#8220;center&#8220; body_text_align=&#8220;center&#8220; global_colors_info=&#8220;{}&#8220;]Wir st\u00e4rken die Schulgemeinschaft durch enge Zusammenarbeit und gemeinsames Engagement.[\/et_pb_blurb][\/et_pb_column][\/et_pb_row][\/et_pb_section][et_pb_section fb_built=&#8220;1&#8243; _builder_version=&#8220;4.27.4&#8243; _module_preset=&#8220;default&#8220; background_color=&#8220;#F0F0F0&#8243; custom_padding=&#8220;||||false&#8220; custom_padding_tablet=&#8220;||||false&#8220; custom_padding_phone=&#8220;20px||20px||true|false&#8220; global_colors_info=&#8220;{}&#8220;][et_pb_row column_structure=&#8220;1_2,1_2&#8243; module_class=&#8220;et_pb_default_text&#8220; _builder_version=&#8220;4.27.4&#8243; _module_preset=&#8220;default&#8220; global_colors_info=&#8220;{}&#8220;][et_pb_column type=&#8220;1_2&#8243; _builder_version=&#8220;4.27.4&#8243; _module_preset=&#8220;default&#8220; global_colors_info=&#8220;{}&#8220;][et_pb_text _builder_version=&#8220;4.27.4&#8243; _module_preset=&#8220;default&#8220; global_colors_info=&#8220;{}&#8220;]<\/p>\n<h2>Schule ohne Noten<\/h2>\n<p>Wir m\u00f6chten Sie dar\u00fcber informieren, dass wir uns als Grundschule im Schuljahr\u00a025\/26 auf den Weg gemacht haben, ein notenfreies Lernen zu erm\u00f6glichen. Unser Ziel ist es, die individuelle Entwicklung und die Lernprozesse der Kinder st\u00e4rker in den Mittelpunkt zu stellen.<\/p>\n<p>Der erste Jahrgang des Schuljahres\u00a025\/26 wird dabei der erste Jahrgang sein, der keine klassischen Zensuren mehr erh\u00e4lt, sondern eine individuelle, schriftliche Lernstandsr\u00fcckmeldung. Diese R\u00fcckmeldung soll den Kindern und Ihnen als Eltern eine differenzierte und konstruktive R\u00fcckmeldung \u00fcber den Lernfortschritt und die n\u00e4chsten Entwicklungsschritte geben.<\/p>\n<p>Wir freuen uns, diesen wichtigen Schritt gemeinsam mit Ihnen und Ihren Kindern zu gehen und stehen Ihnen f\u00fcr Fragen gerne zur Verf\u00fcgung.<\/p>\n<p>[\/et_pb_text][\/et_pb_column][et_pb_column type=&#8220;1_2&#8243; _builder_version=&#8220;4.27.4&#8243; _module_preset=&#8220;default&#8220; global_colors_info=&#8220;{}&#8220;][et_pb_text _builder_version=&#8220;4.27.4&#8243; _module_preset=&#8220;default&#8220; global_colors_info=&#8220;{}&#8220;]<\/p>\n<h2>Schule ohne S\u00fc\u00dfigkeiten<\/h2>\n<p>An unserer Schule verzichten wir an Geburtstagen auf das Verteilen von S\u00fc\u00dfigkeiten. Stattdessen kann man ein Buch, ein Springseil, Malstifte o. \u00e4. f\u00fcr die Klassengemeinschaft mitbringen. Gerne genommen wird auch leckeres Obst! Auf Elternantrag hat sich die Schule mehrheitlich in der Gesamtkonferenz so entschieden, weil die anl\u00e4sslich von Kindergeburtstagen verteilten S\u00fc\u00dfigkeitent\u00fcten immer gr\u00f6\u00dfer wurden.<\/p>\n<p>Auch in der Fr\u00fchst\u00fccksbox haben S\u00fc\u00dfigkeiten nichts verloren. In der Brotdose schaffen S\u00fc\u00dfigkeiten Neid, denn diese stehen dann ja nicht allen zur Verf\u00fcgung \u2013 alle m\u00f6chten sie aber haben. Au\u00dferdem machen S\u00fc\u00dfigkeiten nicht lange satt und tragen auch nicht zu einem guten Lernen bei. Zu besonderen Anl\u00e4ssen wie Fasching, Schulfest oder Weihnachtsfeier kommen selbstverst\u00e4ndlich auch bei uns S\u00fc\u00dfigkeiten auf den Tisch.<\/p>\n<p>[\/et_pb_text][\/et_pb_column][\/et_pb_row][et_pb_row column_structure=&#8220;1_2,1_2&#8243; module_class=&#8220;et_pb_alternative_text&#8220; _builder_version=&#8220;4.27.4&#8243; _module_preset=&#8220;default&#8220; global_colors_info=&#8220;{}&#8220;][et_pb_column type=&#8220;1_2&#8243; _builder_version=&#8220;4.27.4&#8243; _module_preset=&#8220;default&#8220; global_colors_info=&#8220;{}&#8220;][et_pb_text _builder_version=&#8220;4.27.4&#8243; _module_preset=&#8220;default&#8220; global_colors_info=&#8220;{}&#8220;]<\/p>\n<h2>Schule ohne Noten<\/h2>\n<p>Unsere Grundschule hat im Schuljahr 2025\/2026 begonnen, auf Noten zu verzichten. Stattdessen m\u00f6chten wir das <strong>Lernen der Kinder<\/strong> und ihre <strong>individuelle Entwicklung<\/strong> st\u00e4rker in den Mittelpunkt stellen.<\/p>\n<p>Der erste Jahrgang im Schuljahr 2025\/2026 bekommt daher keine klassischen Noten mehr. Stattdessen erhalten die Kinder eine <strong>schriftliche Lernstandsr\u00fcckmeldung<\/strong>. Diese R\u00fcckmeldung beschreibt genau, was das Kind schon gut kann und woran es noch weiterarbeiten kann.<\/p>\n<p>So bekommen Kinder und Eltern ein klares Bild vom Lernfortschritt und den n\u00e4chsten Schritten im Lernen. Wir freuen uns, diesen neuen Weg gemeinsam mit Ihnen und Ihren Kindern zu gehen. Wenn Sie Fragen haben, k\u00f6nnen Sie sich jederzeit an uns wenden.<\/p>\n<p>[\/et_pb_text][\/et_pb_column][et_pb_column type=&#8220;1_2&#8243; _builder_version=&#8220;4.27.4&#8243; _module_preset=&#8220;default&#8220; global_colors_info=&#8220;{}&#8220;][et_pb_text _builder_version=&#8220;4.27.4&#8243; _module_preset=&#8220;default&#8220; global_colors_info=&#8220;{}&#8220;]<\/p>\n<h2>Schule ohne S\u00fc\u00dfigkeiten<\/h2>\n<p>An unserer Schule werden an Geburtstagen <strong>keine S\u00fc\u00dfigkeiten<\/strong> verteilt. Stattdessen k\u00f6nnen die Kinder etwas f\u00fcr die ganze Klasse mitbringen, zum Beispiel ein <strong>Buch<\/strong>, ein <strong>Springseil<\/strong>, <strong>Malstifte<\/strong> oder auch <strong>frisches Obst<\/strong>.<\/p>\n<p>Diese Regel wurde in der Gesamtkonferenz auf Wunsch vieler Eltern beschlossen. Der Grund ist, dass die S\u00fc\u00dfigkeitent\u00fcten zu Geburtstagen immer gr\u00f6\u00dfer wurden und wir ein gesundes Miteinander f\u00f6rdern m\u00f6chten.<\/p>\n<p>Auch im <strong>Fr\u00fchst\u00fcck<\/strong> haben S\u00fc\u00dfigkeiten keinen Platz. Wenn einzelne Kinder S\u00fc\u00dfigkeiten in der Brotdose haben, entsteht schnell <em>Neid<\/em> \u2013 also das Gef\u00fchl, dass andere etwas auch haben m\u00f6chten. Au\u00dferdem machen S\u00fc\u00dfigkeiten nicht lange satt und sind keine gute Unterst\u00fctzung f\u00fcrs Lernen.<\/p>\n<p>Zu besonderen Tagen wie <strong>Fasching<\/strong>, <strong>Schulfest<\/strong> oder <strong>Weihnachtsfeier<\/strong> gibt es nat\u00fcrlich Ausnahmen \u2013 dann d\u00fcrfen auch bei uns S\u00fc\u00dfigkeiten genossen werden.<\/p>\n<p>[\/et_pb_text][\/et_pb_column][\/et_pb_row][\/et_pb_section][et_pb_section fb_built=&#8220;1&#8243; _builder_version=&#8220;4.27.4&#8243; _module_preset=&#8220;default&#8220; custom_padding_phone=&#8220;20px||20px||true|false&#8220; global_colors_info=&#8220;{}&#8220;][et_pb_row column_structure=&#8220;1_2,1_2&#8243; _builder_version=&#8220;4.27.4&#8243; _module_preset=&#8220;default&#8220; custom_css_main_element=&#8220;display: flex;||justify-content: center; ||align-items: center;&#8220; global_colors_info=&#8220;{}&#8220; custom_css_main_element_last_edited=&#8220;on|tablet&#8220; custom_css_main_element_tablet=&#8220;display: block;&#8220; custom_css_main_element_phone=&#8220;display: block;&#8220;][et_pb_column type=&#8220;1_2&#8243; _builder_version=&#8220;4.27.4&#8243; _module_preset=&#8220;default&#8220; global_colors_info=&#8220;{}&#8220;][et_pb_text _builder_version=&#8220;4.27.4&#8243; _module_preset=&#8220;default&#8220; global_colors_info=&#8220;{}&#8220;]<\/p>\n<h2>GS Hude-S\u00fcd \u2013 gemeinsam stark!<\/h2>\n<p>Wir wollen uns gegenseitig unterst\u00fctzen, freundlich miteinander umgehen und zusammen lernen und Spa\u00df haben. Die Kinder in unserem Logo hei\u00dfen Silas, \u00dcmet und Deetje (S\u00dcD) und stehen f\u00fcr die Vielfalt an unserer Schule. Sie sind unsere Identifikationsfiguren und man findet sie an verschiedenen Stellen im Geb\u00e4ude.<\/p>\n<p>[\/et_pb_text][\/et_pb_column][et_pb_column type=&#8220;1_2&#8243; _builder_version=&#8220;4.27.4&#8243; _module_preset=&#8220;default&#8220; global_colors_info=&#8220;{}&#8220;][et_pb_image src=&#8220;https:\/\/gs-hude-sued.de\/wp-content\/uploads\/2025\/10\/Gemini_Generated_Image_ouiedzouiedzouie.png&#8220; align=&#8220;center&#8220; _builder_version=&#8220;4.27.4&#8243; _module_preset=&#8220;default&#8220; max_width=&#8220;500px&#8220; global_colors_info=&#8220;{}&#8220;][\/et_pb_image][\/et_pb_column][\/et_pb_row][et_pb_row _builder_version=&#8220;4.27.4&#8243; _module_preset=&#8220;default&#8220; global_colors_info=&#8220;{}&#8220;][et_pb_column type=&#8220;4_4&#8243; _builder_version=&#8220;4.27.4&#8243; _module_preset=&#8220;default&#8220; global_colors_info=&#8220;{}&#8220;][et_pb_text module_class=&#8220;et_pb_default_text&#8220; _builder_version=&#8220;4.27.4&#8243; _module_preset=&#8220;default&#8220; global_colors_info=&#8220;{}&#8220;]<\/p>\n<h3>Gemeinsam stark \u2013 Silas, \u00dcmet und Deetje<\/h3>\n<p>Silas, \u00dcmet und Deetje sind beste Freunde. Sie gehen gemeinsam in die dritte Klasse der Grundschule Hude-S\u00fcd \u2013 gemeinsam stark. Schon morgens auf dem Schulhof lachen sie viel \u2013 denn jeder Tag ist ein kleines Abenteuer.<\/p>\n<p>Silas sitzt im Rollstuhl, aber das st\u00f6rt niemanden. Wenn die Klasse zum Schulgarten geht, darf Silas oft den Werkzeugwagen ziehen. \u201eDu hast den st\u00e4rksten Antrieb von uns allen!\u201c, ruft \u00dcmet dann lachend.<\/p>\n<p>Jeder von ihnen hat seine St\u00e4rken: Deetje rechnet blitzschnell, \u00dcmet erz\u00e4hlt fantastische Geschichten, und Silas hat die besten Ideen \u2013 vor allem am Frei Day, dem besonderen Projekttag an der Schule. An diesem Tag d\u00fcrfen sich die Kinder eigene Themen aussuchen, an denen sie forschen und arbeiten.<\/p>\n<p>F\u00fcr den letzten Frei Day hatten sich die drei etwas Besonderes ausgedacht: Ein neues Zuhause f\u00fcr die Schulh\u00fchner! Gemeinsam planten sie ein gr\u00f6\u00dferes Gehege mit viel Platz, einem Sandbad und einer Rampe, damit auch Silas mit dem Rollstuhl gut helfen kann. \u201eWenn wir das zusammen machen, schaffen wir das!\u201c, sagte Deetje \u00fcberzeugt.<\/p>\n<p>Nach zwei Wochen Pr\u00e4sentation, Baupl\u00e4nen und vielen Ideen durften sie ihr Projekt vor der ganzen Klasse vorstellen. Die Lehrerin Frau Martens war begeistert: \u201eIhr habt nicht nur super zusammengearbeitet, ihr habt auch gezeigt, was unsere Schule ausmacht: gemeinsam stark \u2013 f\u00fcr euch und f\u00fcr andere Lebewesen!\u201c<\/p>\n<p>Am Ende durften die drei sogar ein Huhn nach ihrem Projekt benennen. Sie nannten es \u201eFrieda Frei\u201c.<\/p>\n<p>Und so gehen Silas, \u00dcmet und Deetje jeden Tag gerne zur Schule \u2013 sie lernen, lachen, helfen einander und wissen: Gemeinsam geht einfach alles besser.<\/p>\n<p>[\/et_pb_text][et_pb_text module_class=&#8220;et_pb_default_text&#8220; _builder_version=&#8220;4.27.4&#8243; _module_preset=&#8220;default&#8220; global_colors_info=&#8220;{}&#8220;][\/et_pb_text][et_pb_text module_class=&#8220;et_pb_alternative_text&#8220; _builder_version=&#8220;4.27.4&#8243; _module_preset=&#8220;default&#8220; global_colors_info=&#8220;{}&#8220;]<\/p>\n<h3>Gemeinsam stark \u2013 Silas, \u00dcmet und Deetje<\/h3>\n<p>Silas, \u00dcmet und Deetje sind beste Freunde. Sie gehen in die dritte Klasse der Grundschule Hude-S\u00fcd. Schon am Morgen lachen sie auf dem Schulhof \u2013 jeder Tag ist f\u00fcr sie ein kleines Abenteuer.<\/p>\n<p>Silas sitzt im Rollstuhl, aber das spielt keine Rolle. Wenn die Klasse in den Schulgarten geht, darf Silas oft den Werkzeugwagen ziehen. \u201eDu hast den st\u00e4rksten Antrieb von uns allen!\u201c, ruft \u00dcmet lachend.<\/p>\n<p>Alle drei haben ihre besonderen St\u00e4rken: <strong>Deetje<\/strong> rechnet sehr schnell, <strong>\u00dcmet<\/strong> denkt sich tolle Geschichten aus, und <strong>Silas<\/strong> hat viele gute Ideen \u2013 besonders am <strong>Frei Day<\/strong>. Das ist ein Projekttag, an dem die Kinder eigene Themen w\u00e4hlen d\u00fcrfen, an denen sie forschen und arbeiten.<\/p>\n<p>Beim letzten Frei Day hatten sie eine tolle Idee: Sie wollten ein neues Zuhause f\u00fcr die <strong>Schulh\u00fchner<\/strong> bauen. Gemeinsam planten sie ein gr\u00f6\u00dferes Gehege mit viel Platz, einem Sandbad und einer Rampe, damit Silas mit seinem Rollstuhl gut helfen kann. \u201eWenn wir das zusammen machen, schaffen wir das!\u201c, sagte Deetje \u00fcberzeugt.<\/p>\n<p>Nach zwei Wochen voller Baupl\u00e4ne und Ideen stellten sie ihr Projekt der Klasse vor. Ihre Lehrerin, <strong>Frau Martens<\/strong>, war begeistert: \u201eIhr habt super zusammengearbeitet und gezeigt, was unsere Schule besonders macht \u2013 gemeinsam stark, f\u00fcr euch und f\u00fcr andere Lebewesen!\u201c<\/p>\n<p>Zum Dank durften die drei ein Huhn benennen. Sie nannten es <strong>Frieda Frei<\/strong>.<\/p>\n<p>Seitdem gehen Silas, \u00dcmet und Deetje jeden Tag gerne zur Schule. Sie lernen, lachen, helfen einander \u2013 und wissen: <strong>Gemeinsam geht alles besser!<\/strong><\/p>\n<p>[\/et_pb_text][\/et_pb_column][\/et_pb_row][\/et_pb_section][et_pb_section fb_built=&#8220;1&#8243; _builder_version=&#8220;4.27.4&#8243; _module_preset=&#8220;default&#8220; background_color=&#8220;#F0F0F0&#8243; custom_padding=&#8220;||0px||false|false&#8220; custom_padding_tablet=&#8220;||0px||false|false&#8220; custom_padding_phone=&#8220;20px||20px||true|false&#8220; global_colors_info=&#8220;{}&#8220;][et_pb_row custom_padding_last_edited=&#8220;on|phone&#8220; _builder_version=&#8220;4.27.4&#8243; _module_preset=&#8220;default&#8220; custom_padding_tablet=&#8220;&#8220; custom_padding_phone=&#8220;||0px||false|false&#8220; global_colors_info=&#8220;{}&#8220;][et_pb_column type=&#8220;4_4&#8243; _builder_version=&#8220;4.27.4&#8243; _module_preset=&#8220;default&#8220; global_colors_info=&#8220;{}&#8220;][et_pb_text module_class=&#8220;et_pb_default_text&#8220; _builder_version=&#8220;4.27.4&#8243; _module_preset=&#8220;default&#8220; global_colors_info=&#8220;{}&#8220;]<\/p>\n<h2>Schulverbund Hude<\/h2>\n<p><strong>Die Grundschule Hude-S\u00fcd \u2013 gemeinsam stark!<\/strong> geh\u00f6rt zum Schulverbund Hude. Das F\u00f6rderzentrum Vielstedter\u00a0Str., die Peter-Ustinov-Schule sowie alle Grundschulen bilden den Verbund. Die Graf-Anton-G\u00fcnther Schule in Oldenburg geh\u00f6rt als befreundete Schule als Dauergast dazu.<\/p>\n<p>Die Schulen sind im engen Austausch, Fachkonferenzen tagen schul\u00fcbergreifend. Im Schulverbund Hude finden Kooperationen statt. Interessierte Kinder unserer Schule besuchen zum Beispiel das MINT-Training am GAG oder Sportevents an der PUS. Die Kollegien der Schulen nehmen zum Teil gemeinsam an Fortbildungen und themenbezogenen Netzwerken teil. Die Zusammenarbeit im Schulverbund Hude dient der Bildungsqualit\u00e4t in unserer Gemeinde.<\/p>\n<p>[\/et_pb_text][et_pb_text module_class=&#8220;et_pb_alternative_text&#8220; _builder_version=&#8220;4.27.4&#8243; _module_preset=&#8220;default&#8220; global_colors_info=&#8220;{}&#8220;]<\/p>\n<h2>Schulverbund Hude<\/h2>\n<p><strong>Die Grundschule Hude-S\u00fcd \u2013 gemeinsam stark!<\/strong> ist Teil des Schulverbunds Hude. Zum Verbund geh\u00f6ren alle Grundschulen, das F\u00f6rderzentrum an der Vielstedter Stra\u00dfe und die Peter-Ustinov-Schule. Au\u00dferdem arbeitet die Graf-Anton-G\u00fcnther-Schule in Oldenburg als befreundete Schule regelm\u00e4\u00dfig mit.<\/p>\n<p>Die Schulen stehen in engem Kontakt und tauschen sich regelm\u00e4\u00dfig aus. Fachkonferenzen finden gemeinsam statt. Es gibt viele Formen der Zusammenarbeit.<\/p>\n<p>Zum Beispiel nehmen interessierte Kinder der Grundschule Hude-S\u00fcd am <strong>MINT-Training<\/strong> (ein Angebot zu Mathematik, Informatik, Naturwissenschaften und Technik) an der Graf-Anton-G\u00fcnther-Schule teil. Auch Sportveranstaltungen an der Peter-Ustinov-Schule geh\u00f6ren dazu.<\/p>\n<p>Lehrkr\u00e4fte aus den verschiedenen Schulen bilden sich gemeinsam fort und arbeiten in Netzwerken zu bestimmten Themen. Diese Zusammenarbeit st\u00e4rkt die Qualit\u00e4t der Bildung in der Gemeinde Hude.<\/p>\n<p>[\/et_pb_text][et_pb_divider color=&#8220;#2C2C2C&#8220; _builder_version=&#8220;4.27.4&#8243; _module_preset=&#8220;default&#8220; global_colors_info=&#8220;{}&#8220;][\/et_pb_divider][\/et_pb_column][\/et_pb_row][\/et_pb_section]<\/p>\n","protected":false},"excerpt":{"rendered":"<p>Unsere Vision &amp; Werte \u2014 gemeinsam stark in Bildung und GemeinschaftWas macht die Grundschule Hude-S\u00fcd besonders? Auf dieser Seite erfahren Sie, wof\u00fcr wir stehen, welche Werte uns leiten und wie wir das Lernen unserer Kinder gestalten. Unsere Schule ist ein Ort, an dem Gemeinschaft, Verantwortung und Freude am Lernen t\u00e4glich erlebbar werden. Gemeinsam mit Kindern, [&hellip;]<\/p>\n","protected":false},"author":1,"featured_media":240281,"parent":240302,"menu_order":0,"comment_status":"closed","ping_status":"closed","template":"","meta":{"_acf_changed":false,"_et_pb_use_builder":"on","_et_pb_old_content":"<!-- wp:divi\/placeholder \/-->","_et_gb_content_width":"","footnotes":""},"class_list":["post-240307","page","type-page","status-publish","has-post-thumbnail","hentry"],"acf":[],"yoast_head":"<!-- This site is optimized with the Yoast SEO Premium plugin v26.0 (Yoast SEO v27.0) - https:\/\/yoast.com\/product\/yoast-seo-premium-wordpress\/ -->\n<title>Grundschule Hude-S\u00fcd \u2013 Werte, Lernkultur &amp; Gemeinschaft<\/title>\n<meta name=\"description\" content=\"Entdecken Sie Werte, Lernkultur und Gemeinschaft an der Grundschule Hude-S\u00fcd. Wir f\u00f6rdern Sprache, Teamgeist und individuelle Entwicklung \u2013 jetzt informieren.\" \/>\n<meta name=\"robots\" content=\"index, follow, max-snippet:-1, max-image-preview:large, max-video-preview:-1\" \/>\n<link rel=\"canonical\" href=\"https:\/\/gs-hude-sued.de\/en\/our-school-profile\/vision-and-values\/\" \/>\n<meta property=\"og:locale\" content=\"en_GB\" \/>\n<meta property=\"og:type\" content=\"article\" \/>\n<meta property=\"og:title\" content=\"Vision und Werte\" \/>\n<meta property=\"og:description\" content=\"Entdecken Sie Werte, Lernkultur und Gemeinschaft an der Grundschule Hude-S\u00fcd. Wir f\u00f6rdern Sprache, Teamgeist und individuelle Entwicklung \u2013 jetzt informieren.\" \/>\n<meta property=\"og:url\" content=\"https:\/\/gs-hude-sued.de\/en\/our-school-profile\/vision-and-values\/\" \/>\n<meta property=\"og:site_name\" content=\"Grundschule Hude S\u00fcd\" \/>\n<meta property=\"article:modified_time\" content=\"2025-12-05T07:31:01+00:00\" \/>\n<meta property=\"og:image\" content=\"https:\/\/gs-hude-sued.de\/wp-content\/uploads\/2025\/10\/3-4.png\" \/>\n\t<meta property=\"og:image:width\" content=\"800\" \/>\n\t<meta property=\"og:image:height\" content=\"1000\" \/>\n\t<meta property=\"og:image:type\" content=\"image\/png\" \/>\n<meta name=\"twitter:card\" content=\"summary_large_image\" \/>\n<meta name=\"twitter:label1\" content=\"Estimated reading time\" \/>\n\t<meta name=\"twitter:data1\" content=\"11 minutes\" \/>\n<script type=\"application\/ld+json\" class=\"yoast-schema-graph\">{\"@context\":\"https:\/\/schema.org\",\"@graph\":[{\"@type\":\"WebPage\",\"@id\":\"https:\/\/gs-hude-sued.de\/unser-schulprofil\/vision-und-werte\/\",\"url\":\"https:\/\/gs-hude-sued.de\/unser-schulprofil\/vision-und-werte\/\",\"name\":\"Grundschule Hude-S\u00fcd \u2013 Werte, Lernkultur & Gemeinschaft\",\"isPartOf\":{\"@id\":\"https:\/\/gs-hude-sued.de\/#website\"},\"primaryImageOfPage\":{\"@id\":\"https:\/\/gs-hude-sued.de\/unser-schulprofil\/vision-und-werte\/#primaryimage\"},\"image\":{\"@id\":\"https:\/\/gs-hude-sued.de\/unser-schulprofil\/vision-und-werte\/#primaryimage\"},\"thumbnailUrl\":\"https:\/\/gs-hude-sued.de\/wp-content\/uploads\/2025\/10\/3-4.png\",\"datePublished\":\"2025-10-06T12:02:44+00:00\",\"dateModified\":\"2025-12-05T07:31:01+00:00\",\"description\":\"Entdecken Sie Werte, Lernkultur und Gemeinschaft an der Grundschule Hude-S\u00fcd. Wir f\u00f6rdern Sprache, Teamgeist und individuelle Entwicklung \u2013 jetzt informieren.\",\"breadcrumb\":{\"@id\":\"https:\/\/gs-hude-sued.de\/unser-schulprofil\/vision-und-werte\/#breadcrumb\"},\"inLanguage\":\"en-GB\",\"potentialAction\":[{\"@type\":\"ReadAction\",\"target\":[\"https:\/\/gs-hude-sued.de\/unser-schulprofil\/vision-und-werte\/\"]}]},{\"@type\":\"ImageObject\",\"inLanguage\":\"en-GB\",\"@id\":\"https:\/\/gs-hude-sued.de\/unser-schulprofil\/vision-und-werte\/#primaryimage\",\"url\":\"https:\/\/gs-hude-sued.de\/wp-content\/uploads\/2025\/10\/3-4.png\",\"contentUrl\":\"https:\/\/gs-hude-sued.de\/wp-content\/uploads\/2025\/10\/3-4.png\",\"width\":800,\"height\":1000,\"caption\":\"Der Flur der Grundschule Hude-S\u00fcd zeigt engagierte Sch\u00fcler im Austausch. Der freundliche Umgang und die Vielfalt sind sichtbar.\"},{\"@type\":\"BreadcrumbList\",\"@id\":\"https:\/\/gs-hude-sued.de\/unser-schulprofil\/vision-und-werte\/#breadcrumb\",\"itemListElement\":[{\"@type\":\"ListItem\",\"position\":1,\"name\":\"Startseite\",\"item\":\"https:\/\/gs-hude-sued.de\/\"},{\"@type\":\"ListItem\",\"position\":2,\"name\":\"Unser Schulprofil\",\"item\":\"https:\/\/gs-hude-sued.de\/unser-schulprofil\/\"},{\"@type\":\"ListItem\",\"position\":3,\"name\":\"Vision und Werte\"}]},{\"@type\":\"WebSite\",\"@id\":\"https:\/\/gs-hude-sued.de\/#website\",\"url\":\"https:\/\/gs-hude-sued.de\/\",\"name\":\"Grundschule Hude S\u00fcd\",\"description\":\"Grundschule Hude-S\u00fcd \u2013 Miteinander stark f\u00fcr die Zukunft.\",\"potentialAction\":[{\"@type\":\"SearchAction\",\"target\":{\"@type\":\"EntryPoint\",\"urlTemplate\":\"https:\/\/gs-hude-sued.de\/?s={search_term_string}\"},\"query-input\":{\"@type\":\"PropertyValueSpecification\",\"valueRequired\":true,\"valueName\":\"search_term_string\"}}],\"inLanguage\":\"en-GB\"}]}<\/script>\n<!-- \/ Yoast SEO Premium plugin. -->","yoast_head_json":{"title":"Hude-S\u00fcd Primary School \u2013 Values, Learning Culture &amp; Community","description":"Discover the values, learning culture, and community at Hude-S\u00fcd Elementary School. We promote language skills, team spirit, and individual development \u2013 learn more now.","robots":{"index":"index","follow":"follow","max-snippet":"max-snippet:-1","max-image-preview":"max-image-preview:large","max-video-preview":"max-video-preview:-1"},"canonical":"https:\/\/gs-hude-sued.de\/en\/our-school-profile\/vision-and-values\/","og_locale":"en_GB","og_type":"article","og_title":"Vision und Werte","og_description":"Entdecken Sie Werte, Lernkultur und Gemeinschaft an der Grundschule Hude-S\u00fcd. Wir f\u00f6rdern Sprache, Teamgeist und individuelle Entwicklung \u2013 jetzt informieren.","og_url":"https:\/\/gs-hude-sued.de\/en\/our-school-profile\/vision-and-values\/","og_site_name":"Grundschule Hude S\u00fcd","article_modified_time":"2025-12-05T07:31:01+00:00","og_image":[{"width":800,"height":1000,"url":"https:\/\/gs-hude-sued.de\/wp-content\/uploads\/2025\/10\/3-4.png","type":"image\/png"}],"twitter_card":"summary_large_image","twitter_misc":{"Estimated reading time":"11 minutes"},"schema":{"@context":"https:\/\/schema.org","@graph":[{"@type":"WebPage","@id":"https:\/\/gs-hude-sued.de\/unser-schulprofil\/vision-und-werte\/","url":"https:\/\/gs-hude-sued.de\/unser-schulprofil\/vision-und-werte\/","name":"Hude-S\u00fcd Primary School \u2013 Values, Learning Culture &amp; Community","isPartOf":{"@id":"https:\/\/gs-hude-sued.de\/#website"},"primaryImageOfPage":{"@id":"https:\/\/gs-hude-sued.de\/unser-schulprofil\/vision-und-werte\/#primaryimage"},"image":{"@id":"https:\/\/gs-hude-sued.de\/unser-schulprofil\/vision-und-werte\/#primaryimage"},"thumbnailUrl":"https:\/\/gs-hude-sued.de\/wp-content\/uploads\/2025\/10\/3-4.png","datePublished":"2025-10-06T12:02:44+00:00","dateModified":"2025-12-05T07:31:01+00:00","description":"Discover the values, learning culture, and community at Hude-S\u00fcd Elementary School. We promote language skills, team spirit, and individual development \u2013 learn more now.","breadcrumb":{"@id":"https:\/\/gs-hude-sued.de\/unser-schulprofil\/vision-und-werte\/#breadcrumb"},"inLanguage":"en-GB","potentialAction":[{"@type":"ReadAction","target":["https:\/\/gs-hude-sued.de\/unser-schulprofil\/vision-und-werte\/"]}]},{"@type":"ImageObject","inLanguage":"en-GB","@id":"https:\/\/gs-hude-sued.de\/unser-schulprofil\/vision-und-werte\/#primaryimage","url":"https:\/\/gs-hude-sued.de\/wp-content\/uploads\/2025\/10\/3-4.png","contentUrl":"https:\/\/gs-hude-sued.de\/wp-content\/uploads\/2025\/10\/3-4.png","width":800,"height":1000,"caption":"Der Flur der Grundschule Hude-S\u00fcd zeigt engagierte Sch\u00fcler im Austausch. Der freundliche Umgang und die Vielfalt sind sichtbar."},{"@type":"BreadcrumbList","@id":"https:\/\/gs-hude-sued.de\/unser-schulprofil\/vision-und-werte\/#breadcrumb","itemListElement":[{"@type":"ListItem","position":1,"name":"Startseite","item":"https:\/\/gs-hude-sued.de\/"},{"@type":"ListItem","position":2,"name":"Unser Schulprofil","item":"https:\/\/gs-hude-sued.de\/unser-schulprofil\/"},{"@type":"ListItem","position":3,"name":"Vision und Werte"}]},{"@type":"WebSite","@id":"https:\/\/gs-hude-sued.de\/#website","url":"https:\/\/gs-hude-sued.de\/","name":"Hude South Primary School","description":"Hude-S\u00fcd Primary School \u2013 Strong together for the future.","potentialAction":[{"@type":"SearchAction","target":{"@type":"EntryPoint","urlTemplate":"https:\/\/gs-hude-sued.de\/?s={search_term_string}"},"query-input":{"@type":"PropertyValueSpecification","valueRequired":true,"valueName":"search_term_string"}}],"inLanguage":"en-GB"}]}},"_links":{"self":[{"href":"https:\/\/gs-hude-sued.de\/en\/wp-json\/wp\/v2\/pages\/240307","targetHints":{"allow":["GET"]}}],"collection":[{"href":"https:\/\/gs-hude-sued.de\/en\/wp-json\/wp\/v2\/pages"}],"about":[{"href":"https:\/\/gs-hude-sued.de\/en\/wp-json\/wp\/v2\/types\/page"}],"author":[{"embeddable":true,"href":"https:\/\/gs-hude-sued.de\/en\/wp-json\/wp\/v2\/users\/1"}],"replies":[{"embeddable":true,"href":"https:\/\/gs-hude-sued.de\/en\/wp-json\/wp\/v2\/comments?post=240307"}],"version-history":[{"count":11,"href":"https:\/\/gs-hude-sued.de\/en\/wp-json\/wp\/v2\/pages\/240307\/revisions"}],"predecessor-version":[{"id":241270,"href":"https:\/\/gs-hude-sued.de\/en\/wp-json\/wp\/v2\/pages\/240307\/revisions\/241270"}],"up":[{"embeddable":true,"href":"https:\/\/gs-hude-sued.de\/en\/wp-json\/wp\/v2\/pages\/240302"}],"wp:featuredmedia":[{"embeddable":true,"href":"https:\/\/gs-hude-sued.de\/en\/wp-json\/wp\/v2\/media\/240281"}],"wp:attachment":[{"href":"https:\/\/gs-hude-sued.de\/en\/wp-json\/wp\/v2\/media?parent=240307"}],"curies":[{"name":"wp","href":"https:\/\/api.w.org\/{rel}","templated":true}]}}