{"id":236918,"date":"2025-10-02T11:39:50","date_gmt":"2025-10-02T09:39:50","guid":{"rendered":"https:\/\/gs-hude-sued.de\/?page_id=236918"},"modified":"2025-12-07T19:01:50","modified_gmt":"2025-12-07T18:01:50","slug":"homepage","status":"publish","type":"page","link":"https:\/\/gs-hude-sued.de\/en\/","title":{"rendered":"Home"},"content":{"rendered":"<p>[et_pb_section fb_built=&#8220;1&#8243; admin_label=&#8220;Header&#8220; _builder_version=&#8220;4.27.4&#8243; _module_preset=&#8220;_initial&#8220; background_color=&#8220;#F6F7F8&#8243; use_background_color_gradient=&#8220;on&#8220; background_color_gradient_direction=&#8220;118deg&#8220; background_color_gradient_stops=&#8220;#ffffff 0%|rgba(255,255,255,0.96) 43%|rgba(255,255,255,0) 69%&#8220; background_color_gradient_overlays_image=&#8220;on&#8220; background_image=&#8220;https:\/\/gs-hude-sued.de\/wp-content\/uploads\/2025\/10\/2-4.png&#8220; custom_padding=&#8220;0px||0px||false|false&#8220; custom_padding_tablet=&#8220;80px||80px||true|false&#8220; custom_padding_phone=&#8220;0px||0px||true|false&#8220; background_color_tablet=&#8220;RGBA(255,255,255,0)&#8220; background_last_edited=&#8220;on|desktop&#8220; background_enable_color_tablet=&#8220;on&#8220; use_background_color_gradient_tablet=&#8220;on&#8220; use_background_color_gradient_phone=&#8220;on&#8220; background_color_gradient_direction_tablet=&#8220;236deg&#8220; background_color_gradient_direction_phone=&#8220;88deg&#8220; background_color_gradient_stops_tablet=&#8220;rgba(255,255,255,0.44) 10%|rgba(255,255,255,0.8) 100%&#8220; background_color_gradient_stops_phone=&#8220;rgba(255,255,255,0.91) 17%|rgba(255,255,255,0.32) 100%&#8220; background_color_gradient_overlays_image_tablet=&#8220;on&#8220; background_color_gradient_overlays_image_phone=&#8220;on&#8220; background_position_tablet=&#8220;top_right&#8220; background_position_phone=&#8220;top_left&#8220; background_horizontal_offset_tablet=&#8220;42%&#8220; background_horizontal_offset_phone=&#8220;72%&#8220; background_vertical_offset_tablet=&#8220;0%&#8220; global_colors_info=&#8220;{}&#8220;][et_pb_row use_custom_gutter=&#8220;on&#8220; gutter_width=&#8220;2&#8243; make_equal=&#8220;on&#8220; custom_padding_last_edited=&#8220;on|phone&#8220; _builder_version=&#8220;4.27.4&#8243; _module_preset=&#8220;default&#8220; width=&#8220;90%&#8220; width_tablet=&#8220;90%&#8220; width_phone=&#8220;&#8220; width_last_edited=&#8220;on|desktop&#8220; max_width_tablet=&#8220;90%&#8220; max_width_phone=&#8220;90%&#8220; max_width_last_edited=&#8220;on|tablet&#8220; custom_padding=&#8220;200px||200px||true|false&#8220; custom_padding_tablet=&#8220;0px||0px||true|false&#8220; custom_padding_phone=&#8220;70px||70px||true|false&#8220; animation_style=&#8220;slide&#8220; animation_direction=&#8220;top&#8220; animation_duration=&#8220;1500ms&#8220; animation_speed_curve=&#8220;ease&#8220; global_colors_info=&#8220;{}&#8220;][et_pb_column type=&#8220;4_4&#8243; _builder_version=&#8220;4.16&#8243; _module_preset=&#8220;default&#8220; global_colors_info=&#8220;{}&#8220;][et_pb_text _builder_version=&#8220;4.27.4&#8243; _module_preset=&#8220;_initial&#8220; text_font=&#8220;Montserrat light||||||||&#8220; text_text_color=&#8220;#333333&#8243; text_line_height=&#8220;1.6em&#8220; link_font=&#8220;Montserrat regular||||on||||&#8220; link_text_color=&#8220;#F6811F&#8220; header_font=&#8220;|600|||||||&#8220; header_text_color=&#8220;#333333&#8243; header_font_size=&#8220;34px&#8220; header_line_height=&#8220;1.7em&#8220; header_2_font=&#8220;||||||||&#8220; header_3_font=&#8220;Varelaround||||||||&#8220; max_width=&#8220;800px&#8220; max_width_tablet=&#8220;607px&#8220; max_width_phone=&#8220;607px&#8220; max_width_last_edited=&#8220;on|tablet&#8220; header_2_font_size_tablet=&#8220;41px&#8220; header_2_font_size_phone=&#8220;35px&#8220; global_colors_info=&#8220;{}&#8220;]<\/p>\n<h1>Willkommen an der Grundschule Hude-S\u00fcd<\/h1>\n<p>[\/et_pb_text][et_pb_text module_class=&#8220;et_pb_default_text&#8220; _builder_version=&#8220;4.27.4&#8243; _module_preset=&#8220;_initial&#8220; text_font=&#8220;||||||||&#8220; text_text_color=&#8220;#2c241b&#8220; text_font_size=&#8220;20px&#8220; text_line_height=&#8220;1.8em&#8220; link_font=&#8220;Montserrat regular||||on||||&#8220; link_text_color=&#8220;#F6811F&#8220; header_font=&#8220;|600|||||||&#8220; header_text_color=&#8220;#333333&#8243; header_font_size=&#8220;34px&#8220; header_line_height=&#8220;1.7em&#8220; header_2_font=&#8220;||||||||&#8220; header_3_font=&#8220;Varelaround||||||||&#8220; max_width=&#8220;600px&#8220; max_width_tablet=&#8220;600px&#8220; max_width_phone=&#8220;300px&#8220; max_width_last_edited=&#8220;on|tablet&#8220; custom_margin=&#8220;-5px||||false|false&#8220; custom_margin_tablet=&#8220;-15px||||false|false&#8220; custom_margin_phone=&#8220;-15px||||false|false&#8220; custom_margin_last_edited=&#8220;on|phone&#8220; text_font_size_tablet=&#8220;20px&#8220; text_font_size_phone=&#8220;17px&#8220; text_font_size_last_edited=&#8220;on|phone&#8220; header_2_font_size_tablet=&#8220;41px&#8220; header_2_font_size_phone=&#8220;35px&#8220; global_colors_info=&#8220;{}&#8220;]<\/p>\n<p>Ein Ort des Lernens, Lebens und Lachens \u2013 mitten in Hude.<br data-start=\"459\" data-end=\"462\" \/>Unsere Schule ist ein lebendiger Lernort, an dem Kinder neugierig die Welt entdecken, Verantwortung \u00fcbernehmen und Gemeinschaft erleben.<\/p>\n<p>[\/et_pb_text][et_pb_text module_class=&#8220;et_pb_alternative_text&#8220; _builder_version=&#8220;4.27.4&#8243; _module_preset=&#8220;_initial&#8220; text_font=&#8220;||||||||&#8220; text_text_color=&#8220;#2c241b&#8220; text_font_size=&#8220;20px&#8220; text_line_height=&#8220;1.8em&#8220; link_font=&#8220;Montserrat regular||||on||||&#8220; link_text_color=&#8220;#F6811F&#8220; header_font=&#8220;|600|||||||&#8220; header_text_color=&#8220;#333333&#8243; header_font_size=&#8220;34px&#8220; header_line_height=&#8220;1.7em&#8220; header_2_font=&#8220;||||||||&#8220; header_3_font=&#8220;Varelaround||||||||&#8220; max_width=&#8220;600px&#8220; max_width_tablet=&#8220;600px&#8220; max_width_phone=&#8220;300px&#8220; max_width_last_edited=&#8220;on|tablet&#8220; custom_margin=&#8220;-5px||||false|false&#8220; custom_margin_tablet=&#8220;-15px||||false|false&#8220; custom_margin_phone=&#8220;-15px||||false|false&#8220; custom_margin_last_edited=&#8220;on|phone&#8220; text_font_size_tablet=&#8220;20px&#8220; text_font_size_phone=&#8220;17px&#8220; text_font_size_last_edited=&#8220;on|phone&#8220; header_2_font_size_tablet=&#8220;41px&#8220; header_2_font_size_phone=&#8220;35px&#8220; global_colors_info=&#8220;{}&#8220;]<\/p>\n<p>Ein Ort des Lernens, Lebens und Lachens \u2013 mitten in Hude.<br data-start=\"459\" data-end=\"462\" \/>Unsere Schule ist ein lebendiger Lernort, an dem Kinder neugierig die Welt entdecken, Verantwortung \u00fcbernehmen und Gemeinschaft erleben.<\/p>\n<p>[\/et_pb_text][\/et_pb_column][\/et_pb_row][\/et_pb_section][et_pb_section fb_built=&#8220;1&#8243; admin_label=&#8220;Willkommen&#8220; module_id=&#8220;start&#8220; _builder_version=&#8220;4.27.5&#8243; _module_preset=&#8220;_initial&#8220; max_width=&#8220;1800px&#8220; module_alignment=&#8220;center&#8220; custom_padding=&#8220;0px||0px||true|false&#8220; hover_enabled=&#8220;0&#8243; global_colors_info=&#8220;{}&#8220; sticky_enabled=&#8220;0&#8243;][et_pb_row column_structure=&#8220;1_3,2_3&#8243; custom_padding_last_edited=&#8220;on|phone&#8220; module_id=&#8220;projekte&#8220; _builder_version=&#8220;4.27.4&#8243; _module_preset=&#8220;default&#8220; width=&#8220;100%&#8220; width_phone=&#8220;100%&#8220; custom_padding=&#8220;80px||80px||true|false&#8220; custom_padding_tablet=&#8220;0px||||false|false&#8220; custom_padding_phone=&#8220;||0px||false|false&#8220; custom_css_main_element=&#8220;||  display: flex;||flex-wrap: wrap;||  justify-content: center; \/* horizontale Zentrierung *\/||  align-items: center;     \/* vertikale Zentrierung *\/||||&#8220; global_colors_info=&#8220;{}&#8220; custom_css_main_element_last_edited=&#8220;on|tablet&#8220; custom_css_main_element_tablet=&#8220;||  display: flex;||flex-wrap: wrap;||  justify-content: center; \/* horizontale Zentrierung *\/||  align-items: center;     \/* vertikale Zentrierung *\/||||&#8220; custom_css_main_element_phone=&#8220;||  display: flex;||flex-wrap: wrap;||  justify-content: center; \/* horizontale Zentrierung *\/||  align-items: center;     \/* vertikale Zentrierung *\/||||&#8220;][et_pb_column type=&#8220;1_3&#8243; _builder_version=&#8220;4.27.4&#8243; _module_preset=&#8220;default&#8220; background_enable_image=&#8220;off&#8220; custom_padding_tablet=&#8220;&#8220; custom_padding_phone=&#8220;&#8220; custom_padding_last_edited=&#8220;on|tablet&#8220; animation_style=&#8220;slide&#8220; animation_direction=&#8220;left&#8220; custom_css_main_element=&#8220;order: 1;&#8220; global_colors_info=&#8220;{}&#8220; custom_css_main_element_last_edited=&#8220;on|desktop&#8220; custom_css_main_element_tablet=&#8220;order: 2;&#8220; custom_css_main_element_phone=&#8220;order: 2;&#8220;][et_pb_image src=&#8220;https:\/\/gs-hude-sued.de\/wp-content\/uploads\/2025\/10\/Design-ohne-Titel88.png&#8220; alt=&#8220;Drei Kinder stehen l\u00e4chelnd in bunten T-Shirts mit den Buchstaben S, \u00dc, D. Sie sind fr\u00f6hlich und zeigen Gemeinschaft und Vielfalt.&#8220; title_text=&#8220;Gemeinschaft an der Grundschule Hude-S\u00fcd&#8220; align=&#8220;center&#8220; _builder_version=&#8220;4.27.4&#8243; _module_preset=&#8220;default&#8220; max_width=&#8220;504px&#8220; module_alignment=&#8220;center&#8220; custom_margin=&#8220;|179px||||&#8220; custom_margin_tablet=&#8220;&#8220; custom_margin_phone=&#8220;-60px||||false|false&#8220; custom_margin_last_edited=&#8220;on|phone&#8220; global_colors_info=&#8220;{}&#8220;][\/et_pb_image][\/et_pb_column][et_pb_column type=&#8220;2_3&#8243; _builder_version=&#8220;4.27.4&#8243; _module_preset=&#8220;default&#8220; custom_padding=&#8220;|9%||9%|true|true&#8220; custom_padding_tablet=&#8220;80px|9%|80px|9%|true|true&#8220; custom_padding_phone=&#8220;|5%||5%|true|true&#8220; custom_padding_last_edited=&#8220;on|phone&#8220; animation_style=&#8220;slide&#8220; animation_direction=&#8220;bottom&#8220; custom_css_main_element=&#8220;order: 2;&#8220; global_colors_info=&#8220;{}&#8220; custom_css_main_element_last_edited=&#8220;on|tablet&#8220; custom_css_main_element_tablet=&#8220;order: 1;&#8220; custom_css_main_element_phone=&#8220;order: 1;&#8220;][et_pb_text module_class=&#8220;et_pb_default_text&#8220; _builder_version=&#8220;4.27.4&#8243; _module_preset=&#8220;_initial&#8220; text_font=&#8220;Montserrat light||||||||&#8220; text_text_color=&#8220;#333333&#8243; text_line_height=&#8220;1.6em&#8220; link_font=&#8220;Montserrat regular||||on||||&#8220; link_text_color=&#8220;#F6811F&#8220; header_font=&#8220;|600|||||||&#8220; header_text_color=&#8220;#333333&#8243; header_font_size=&#8220;34px&#8220; header_line_height=&#8220;1.7em&#8220; header_2_font=&#8220;||||||||&#8220; header_3_font=&#8220;Varelaround||||||||&#8220; max_width=&#8220;100%&#8220; module_alignment=&#8220;center&#8220; custom_margin=&#8220;||33px||false|false&#8220; custom_margin_tablet=&#8220;||33px||false|false&#8220; custom_margin_phone=&#8220;-50px||||false|false&#8220; custom_margin_last_edited=&#8220;on|phone&#8220; custom_padding=&#8220;||||false|false&#8220; header_2_font_size_tablet=&#8220;41px&#8220; header_2_font_size_phone=&#8220;35px&#8220; global_colors_info=&#8220;{}&#8220;]<\/p>\n<h2>Sch\u00f6n, dass Sie da sind!<\/h2>\n<p>An der Grundschule Hude-S\u00fcd lernen Kinder in einer offenen und wertsch\u00e4tzenden Atmosph\u00e4re.<br \/>Wir legen gro\u00dfen Wert auf ein gutes Miteinander von Sch\u00fclerInnen, Eltern und Lehrkr\u00e4ften.<br \/>Gemeinsam gestalten wir einen Schulalltag, der Lernen mit Freude, Bewegung und Kreativit\u00e4t verbindet.<\/p>\n<p>Unsere Schule ist ein Ort, an dem jedes Kind gesehen und gef\u00f6rdert wird.<br \/>Wir m\u00f6chten Neugier wecken, Selbstvertrauen st\u00e4rken und soziales Miteinander erlebbar machen.<br \/>So entsteht ein Lernumfeld, in dem sich Kinder wohlf\u00fchlen und gerne zur Schule kommen.<\/p>\n<p>[\/et_pb_text][et_pb_text module_class=&#8220;et_pb_alternative_text&#8220; _builder_version=&#8220;4.27.4&#8243; _module_preset=&#8220;_initial&#8220; text_font=&#8220;Montserrat light||||||||&#8220; text_text_color=&#8220;#333333&#8243; text_line_height=&#8220;1.6em&#8220; link_font=&#8220;Montserrat regular||||on||||&#8220; link_text_color=&#8220;#F6811F&#8220; header_font=&#8220;|600|||||||&#8220; header_text_color=&#8220;#333333&#8243; header_font_size=&#8220;34px&#8220; header_line_height=&#8220;1.7em&#8220; header_2_font=&#8220;||||||||&#8220; header_3_font=&#8220;Varelaround||||||||&#8220; max_width=&#8220;100%&#8220; module_alignment=&#8220;center&#8220; custom_margin=&#8220;||33px||false|false&#8220; custom_padding=&#8220;||||false|false&#8220; header_2_font_size_tablet=&#8220;41px&#8220; header_2_font_size_phone=&#8220;35px&#8220; global_colors_info=&#8220;{}&#8220;]<\/p>\n<h2>Sch\u00f6n, dass Sie da sind!<\/h2>\n<p>An unserer Schule lernen die Kinder in einer <strong>offenen<\/strong> und <strong>wertsch\u00e4tzenden Atmosph\u00e4re<\/strong>. Uns ist wichtig, dass <strong>Sch\u00fclerinnen und Sch\u00fcler, Eltern und Lehrkr\u00e4fte<\/strong> gut zusammenarbeiten. So entsteht ein Schulalltag, in dem <strong>Lernen, Freude, Bewegung<\/strong> und <strong>Kreativit\u00e4t<\/strong> zusammengeh\u00f6ren.<\/p>\n<p>Unsere Schule ist ein Ort, an dem <strong>jedes Kind gesehen und gef\u00f6rdert<\/strong> wird. Wir m\u00f6chten <strong>Neugier wecken<\/strong>, <strong>Selbstvertrauen st\u00e4rken<\/strong> und <strong>soziales Miteinander<\/strong> erlebbar machen. So schaffen wir ein Lernumfeld, in dem sich Kinder <strong>wohlf\u00fchlen<\/strong> und <strong>gerne zur Schule kommen<\/strong>.<\/p>\n<p>[\/et_pb_text][\/et_pb_column][\/et_pb_row][\/et_pb_section][et_pb_section fb_built=&#8220;1&#8243; admin_label=&#8220;Mision1&#8243; _builder_version=&#8220;4.27.5&#8243; _module_preset=&#8220;_initial&#8220; custom_padding=&#8220;80px||200px||false|false&#8220; custom_padding_tablet=&#8220;80px||80px||true|false&#8220; custom_padding_phone=&#8220;30px||30px||true|false&#8220; animation_style=&#8220;fade&#8220; hover_enabled=&#8220;0&#8243; global_colors_info=&#8220;{}&#8220; sticky_enabled=&#8220;0&#8243;][et_pb_row column_structure=&#8220;1_3,1_3,1_3&#8243; use_custom_gutter=&#8220;on&#8220; gutter_width=&#8220;2&#8243; make_equal=&#8220;on&#8220; _builder_version=&#8220;4.27.4&#8243; _module_preset=&#8220;default&#8220; width=&#8220;90%&#8220; width_tablet=&#8220;90%&#8220; width_phone=&#8220;&#8220; width_last_edited=&#8220;on|desktop&#8220; max_width=&#8220;1170px&#8220; max_width_tablet=&#8220;390px&#8220; max_width_phone=&#8220;500px&#8220; max_width_last_edited=&#8220;on|tablet&#8220; custom_padding=&#8220;0px||0px||true|false&#8220; global_colors_info=&#8220;{}&#8220;][et_pb_column type=&#8220;1_3&#8243; _builder_version=&#8220;4.27.4&#8243; _module_preset=&#8220;default&#8220; background_color=&#8220;#f4f3f2&#8243; transform_translate_linked__hover=&#8220;off&#8220; animation_style=&#8220;fold&#8220; animation_direction=&#8220;left&#8220; animation_duration=&#8220;1500ms&#8220; animation_delay=&#8220;500ms&#8220; animation_speed_curve=&#8220;ease&#8220; link_option_url=&#8220;#verein&#8220; border_radii=&#8220;on|30px|30px|30px|30px&#8220; box_shadow_style=&#8220;preset1&#8243; box_shadow_blur=&#8220;75px&#8220; box_shadow_color=&#8220;RGBA(0,0,0,0)&#8220; global_colors_info=&#8220;{}&#8220; box_shadow_color__hover_enabled=&#8220;on|desktop&#8220; box_shadow_color__hover=&#8220;#cfd3d2&#8243; transform_styles__hover_enabled=&#8220;on|hover&#8220; transform_scale__hover_enabled=&#8220;on|desktop&#8220; transform_translate__hover_enabled=&#8220;on|hover&#8220; transform_rotate__hover_enabled=&#8220;on|desktop&#8220; transform_skew__hover_enabled=&#8220;on|desktop&#8220; transform_origin__hover_enabled=&#8220;on|desktop&#8220; transform_translate__hover=&#8220;0px|-10px&#8220;][et_pb_image src=&#8220;https:\/\/gs-hude-sued.de\/wp-content\/uploads\/2025\/10\/2-5.png&#8220; alt=&#8220;Kinder spielen vor der Grundschule Hude-S\u00fcd, die einladend wirkt. Einige Kinder h\u00fcpfen, w\u00e4hrend andere Ball spielen und mit Tieren interagieren.&#8220; title_text=&#8220;Aktive Kinder vor der Grundschule&#8220; align=&#8220;center&#8220; _builder_version=&#8220;4.27.4&#8243; _module_preset=&#8220;default&#8220; border_width_bottom=&#8220;10px&#8220; border_color_bottom=&#8220;#A9C835&#8243; global_colors_info=&#8220;{}&#8220;][\/et_pb_image][et_pb_text _builder_version=&#8220;4.27.4&#8243; _module_preset=&#8220;_initial&#8220; text_font=&#8220;Montserrat semibold||||||||&#8220; text_text_color=&#8220;#222222&#8243; text_font_size=&#8220;23px&#8220; text_line_height=&#8220;1.4em&#8220; link_font=&#8220;Montserrat regular||||on||||&#8220; link_text_color=&#8220;#F6811F&#8220; header_font=&#8220;|600|||||||&#8220; header_text_color=&#8220;#333333&#8243; header_font_size=&#8220;34px&#8220; header_line_height=&#8220;1.7em&#8220; header_2_font=&#8220;||||||||&#8220; header_3_font=&#8220;Varelaround||||||||&#8220; custom_margin_tablet=&#8220;-10px||||false|false&#8220; custom_margin_phone=&#8220;-10px||||false|false&#8220; custom_margin_last_edited=&#8220;on|phone&#8220; custom_padding=&#8220;|30px||30px|false|true&#8220; header_2_font_size_tablet=&#8220;41px&#8220; header_2_font_size_phone=&#8220;35px&#8220; global_colors_info=&#8220;{}&#8220;]<\/p>\n<p>Unser Schulprofil<\/p>\n<p>[\/et_pb_text][et_pb_divider color=&#8220;rgba(40,56,39,0.18)&#8220; _builder_version=&#8220;4.16&#8243; _module_preset=&#8220;default&#8220; custom_margin_tablet=&#8220;-10px||||false|false&#8220; custom_margin_phone=&#8220;-10px||||false|false&#8220; custom_margin_last_edited=&#8220;on|phone&#8220; custom_padding=&#8220;|30px||30px|false|true&#8220; global_colors_info=&#8220;{}&#8220;][\/et_pb_divider][et_pb_text _builder_version=&#8220;4.27.4&#8243; _module_preset=&#8220;_initial&#8220; text_font=&#8220;Montserrat light||||||||&#8220; text_text_color=&#8220;#222222&#8243; text_font_size=&#8220;16px&#8220; text_line_height=&#8220;1.6em&#8220; link_font=&#8220;Montserrat regular||||on||||&#8220; link_text_color=&#8220;#F6811F&#8220; header_font=&#8220;|600|||||||&#8220; header_text_color=&#8220;#333333&#8243; header_font_size=&#8220;34px&#8220; header_line_height=&#8220;1.7em&#8220; header_2_font=&#8220;||||||||&#8220; header_3_font=&#8220;Varelaround||||||||&#8220; custom_margin=&#8220;-20px||40px||false|false&#8220; custom_margin_tablet=&#8220;-30px||||false|false&#8220; custom_margin_phone=&#8220;-30px||40px||false|false&#8220; custom_margin_last_edited=&#8220;on|phone&#8220; custom_padding=&#8220;|30px||30px|false|true&#8220; header_2_font_size_tablet=&#8220;41px&#8220; header_2_font_size_phone=&#8220;35px&#8220; global_colors_info=&#8220;{}&#8220;]<\/p>\n<p>Hier erfahren Sie alles \u00fcber die Grundschule Hude-S\u00fcd \u2013 von den wichtigsten Daten und Fakten \u00fcber unser Geb\u00e4ude bis hin zu Ansprechpartnern und besonderen Angeboten.<\/p>\n<p>[\/et_pb_text][\/et_pb_column][et_pb_column type=&#8220;1_3&#8243; _builder_version=&#8220;4.27.4&#8243; _dynamic_attributes=&#8220;link_option_url&#8220; _module_preset=&#8220;default&#8220; background_color=&#8220;#F4F3F2&#8243; transform_translate_linked__hover=&#8220;off&#8220; animation_style=&#8220;fold&#8220; animation_direction=&#8220;left&#8220; animation_duration=&#8220;1500ms&#8220; animation_delay=&#8220;750ms&#8220; animation_speed_curve=&#8220;ease&#8220; link_option_url=&#8220;@ET-DC@eyJkeW5hbWljIjp0cnVlLCJjb250ZW50IjoicG9zdF9saW5rX3VybF9wYWdlIiwic2V0dGluZ3MiOnsicG9zdF9pZCI6IjEzMCJ9fQ==@&#8220; border_radii=&#8220;on|30px|30px|30px|30px&#8220; box_shadow_style=&#8220;preset1&#8243; box_shadow_blur=&#8220;75px&#8220; box_shadow_color=&#8220;RGBA(0,0,0,0)&#8220; global_colors_info=&#8220;{}&#8220; box_shadow_color__hover=&#8220;#cfd3d2&#8243; box_shadow_color__hover_enabled=&#8220;on|desktop&#8220; transform_styles__hover_enabled=&#8220;on|hover&#8220; transform_scale__hover_enabled=&#8220;on|desktop&#8220; transform_translate__hover=&#8220;0px|-10px&#8220; transform_translate__hover_enabled=&#8220;on|hover&#8220; transform_rotate__hover_enabled=&#8220;on|desktop&#8220; transform_skew__hover_enabled=&#8220;on|desktop&#8220; transform_origin__hover_enabled=&#8220;on|desktop&#8220;][et_pb_image src=&#8220;https:\/\/gs-hude-sued.de\/wp-content\/uploads\/2025\/10\/1-4.png&#8220; alt=&#8220;Eine Lehrerin liest Kindern in einer hellen Grundschule eine Geschichte vor; die Kinder sind um sie herum auf einem Teppich versammelt, w\u00e4hrend sie aktiv zuh\u00f6ren und mit Spielzeug spielen.&#8220; title_text=&#8220;Offenes Lernen in der Grundschule&#8220; align=&#8220;center&#8220; _builder_version=&#8220;4.27.4&#8243; _module_preset=&#8220;default&#8220; border_color_all=&#8220;#A9C835&#8243; border_width_bottom=&#8220;10px&#8220; global_colors_info=&#8220;{}&#8220;][\/et_pb_image][et_pb_text _builder_version=&#8220;4.27.4&#8243; _module_preset=&#8220;_initial&#8220; text_font=&#8220;Montserrat semibold||||||||&#8220; text_text_color=&#8220;#222222&#8243; text_font_size=&#8220;23px&#8220; text_line_height=&#8220;1.4em&#8220; link_font=&#8220;Montserrat regular||||on||||&#8220; link_text_color=&#8220;#F6811F&#8220; header_font=&#8220;|600|||||||&#8220; header_text_color=&#8220;#333333&#8243; header_font_size=&#8220;34px&#8220; header_line_height=&#8220;1.7em&#8220; header_2_font=&#8220;||||||||&#8220; header_3_font=&#8220;Varelaround||||||||&#8220; custom_margin_tablet=&#8220;-10px||||false|false&#8220; custom_margin_phone=&#8220;-10px||||false|false&#8220; custom_margin_last_edited=&#8220;on|phone&#8220; custom_padding=&#8220;|30px||30px|false|true&#8220; header_2_font_size_tablet=&#8220;41px&#8220; header_2_font_size_phone=&#8220;35px&#8220; global_colors_info=&#8220;{}&#8220;]<\/p>\n<p>Unsere Schule<\/p>\n<p>[\/et_pb_text][et_pb_divider color=&#8220;rgba(40,56,39,0.18)&#8220; _builder_version=&#8220;4.16&#8243; _module_preset=&#8220;default&#8220; custom_margin_tablet=&#8220;-10px||||false|false&#8220; custom_margin_phone=&#8220;-10px||||false|false&#8220; custom_margin_last_edited=&#8220;on|phone&#8220; custom_padding=&#8220;|30px||30px|false|true&#8220; global_colors_info=&#8220;{}&#8220;][\/et_pb_divider][et_pb_text _builder_version=&#8220;4.27.4&#8243; _module_preset=&#8220;_initial&#8220; text_font=&#8220;Montserrat light||||||||&#8220; text_text_color=&#8220;#222222&#8243; text_font_size=&#8220;16px&#8220; text_line_height=&#8220;1.6em&#8220; link_font=&#8220;Montserrat regular||||on||||&#8220; link_text_color=&#8220;#F6811F&#8220; header_font=&#8220;|600|||||||&#8220; header_text_color=&#8220;#333333&#8243; header_font_size=&#8220;34px&#8220; header_line_height=&#8220;1.7em&#8220; header_2_font=&#8220;||||||||&#8220; header_3_font=&#8220;Varelaround||||||||&#8220; custom_margin=&#8220;-20px||39px||false|false&#8220; custom_margin_tablet=&#8220;-30px||||false|false&#8220; custom_margin_phone=&#8220;-30px||40px||false|false&#8220; custom_margin_last_edited=&#8220;on|phone&#8220; custom_padding=&#8220;|30px||30px|false|true&#8220; header_2_font_size_tablet=&#8220;41px&#8220; header_2_font_size_phone=&#8220;35px&#8220; global_colors_info=&#8220;{}&#8220;]<\/p>\n<p>Was macht unsere Schule besonders?<br data-start=\"440\" data-end=\"443\" \/>Hier stellen wir Ihnen unsere p\u00e4dagogischen Konzepte, Leitziele und Werte vor.<br data-start=\"521\" data-end=\"524\" \/>Lernen Sie kennen, was uns antreibt und wie wir Lernen, Gemeinschaft und Verantwortung f\u00f6rdern.<\/p>\n<p>[\/et_pb_text][\/et_pb_column][et_pb_column type=&#8220;1_3&#8243; _builder_version=&#8220;4.27.4&#8243; _module_preset=&#8220;default&#8220; background_color=&#8220;#F4F3F2&#8243; transform_translate_linked__hover=&#8220;off&#8220; animation_style=&#8220;fold&#8220; animation_direction=&#8220;left&#8220; animation_duration=&#8220;1500ms&#8220; animation_delay=&#8220;1000ms&#8220; animation_speed_curve=&#8220;ease&#8220; border_radii=&#8220;on|30px|30px|30px|30px&#8220; box_shadow_style=&#8220;preset1&#8243; box_shadow_blur=&#8220;75px&#8220; box_shadow_color=&#8220;RGBA(0,0,0,0)&#8220; global_colors_info=&#8220;{}&#8220; box_shadow_color__hover=&#8220;#cfd3d2&#8243; box_shadow_color__hover_enabled=&#8220;on|desktop&#8220; transform_styles__hover_enabled=&#8220;on|hover&#8220; transform_scale__hover_enabled=&#8220;on|desktop&#8220; transform_translate__hover=&#8220;0px|-10px&#8220; transform_translate__hover_enabled=&#8220;on|hover&#8220; transform_rotate__hover_enabled=&#8220;on|desktop&#8220; transform_skew__hover_enabled=&#8220;on|desktop&#8220; transform_origin__hover_enabled=&#8220;on|desktop&#8220;][et_pb_image src=&#8220;https:\/\/gs-hude-sued.de\/wp-content\/uploads\/2025\/10\/3-5.png&#8220; alt=&#8220;Eine Gruppe von Kindern in einem hellen Klassenraum der Grundschule Hude-S\u00fcd; sie besch\u00e4ftigen sich kreativ mit verschiedenen Aktivit\u00e4ten und spielen miteinander, was Gemeinschaft und Freude am Lernen widerspiegelt.&#8220; title_text=&#8220;Gemeinschaft in der Grundschule&#8220; align=&#8220;center&#8220; _builder_version=&#8220;4.27.4&#8243; _module_preset=&#8220;default&#8220; border_width_bottom=&#8220;10px&#8220; border_color_bottom=&#8220;#A9C835&#8243; global_colors_info=&#8220;{}&#8220;][\/et_pb_image][et_pb_text _builder_version=&#8220;4.27.4&#8243; _module_preset=&#8220;_initial&#8220; text_font=&#8220;Montserrat semibold||||||||&#8220; text_text_color=&#8220;#222222&#8243; text_font_size=&#8220;23px&#8220; text_line_height=&#8220;1.4em&#8220; link_font=&#8220;Montserrat regular||||on||||&#8220; link_text_color=&#8220;#F6811F&#8220; header_font=&#8220;|600|||||||&#8220; header_text_color=&#8220;#333333&#8243; header_font_size=&#8220;34px&#8220; header_line_height=&#8220;1.7em&#8220; header_2_font=&#8220;||||||||&#8220; header_3_font=&#8220;Varelaround||||||||&#8220; custom_margin_tablet=&#8220;-10px||||false|false&#8220; custom_margin_phone=&#8220;-10px||||false|false&#8220; custom_margin_last_edited=&#8220;on|phone&#8220; custom_padding=&#8220;|30px||30px|false|true&#8220; header_2_font_size_tablet=&#8220;41px&#8220; header_2_font_size_phone=&#8220;35px&#8220; global_colors_info=&#8220;{}&#8220;]<\/p>\n<p>Unser Schulleben<\/p>\n<p>[\/et_pb_text][et_pb_divider color=&#8220;rgba(40,56,39,0.18)&#8220; _builder_version=&#8220;4.27.4&#8243; _module_preset=&#8220;default&#8220; custom_margin_tablet=&#8220;-10px||||false|false&#8220; custom_margin_phone=&#8220;-10px||||false|false&#8220; custom_margin_last_edited=&#8220;on|phone&#8220; custom_padding=&#8220;|30px||30px|false|true&#8220; global_colors_info=&#8220;{}&#8220;][\/et_pb_divider][et_pb_text _builder_version=&#8220;4.27.4&#8243; _module_preset=&#8220;_initial&#8220; text_font=&#8220;Montserrat light||||||||&#8220; text_text_color=&#8220;#222222&#8243; text_font_size=&#8220;16px&#8220; text_line_height=&#8220;1.6em&#8220; link_font=&#8220;Montserrat regular||||on||||&#8220; link_text_color=&#8220;#F6811F&#8220; header_font=&#8220;|600|||||||&#8220; header_text_color=&#8220;#333333&#8243; header_font_size=&#8220;34px&#8220; header_line_height=&#8220;1.7em&#8220; header_2_font=&#8220;||||||||&#8220; header_3_font=&#8220;Varelaround||||||||&#8220; custom_margin=&#8220;-20px||40px||false|false&#8220; custom_margin_tablet=&#8220;-30px||||false|false&#8220; custom_margin_phone=&#8220;-30px||40px||false|false&#8220; custom_margin_last_edited=&#8220;on|phone&#8220; custom_padding=&#8220;|30px||30px|false|true&#8220; header_2_font_size_tablet=&#8220;41px&#8220; header_2_font_size_phone=&#8220;35px&#8220; global_colors_info=&#8220;{}&#8220;]<\/p>\n<p>So gestaltet sich unser t\u00e4gliches Miteinander: Stundenplan, Pausenzeiten, Ganztag, Projekte und Aktionen.<br data-start=\"755\" data-end=\"758\" \/>Hier erhalten Sie einen lebendigen Einblick in das, was jeden Tag an unserer Schule passiert.<\/p>\n<p>[\/et_pb_text][\/et_pb_column][\/et_pb_row][\/et_pb_section][et_pb_section fb_built=&#8220;1&#8243; admin_label=&#8220;Leitbild&#8220; module_id=&#8220;leitbild&#8220; _builder_version=&#8220;4.27.4&#8243; _module_preset=&#8220;_initial&#8220; background_color=&#8220;#F0F0F0&#8243; background_enable_image=&#8220;off&#8220; parallax=&#8220;on&#8220; parallax_method=&#8220;off&#8220; background_blend=&#8220;difference&#8220; animation_style=&#8220;fade&#8220; global_colors_info=&#8220;{}&#8220;][et_pb_row use_custom_gutter=&#8220;on&#8220; gutter_width=&#8220;2&#8243; make_equal=&#8220;on&#8220; custom_padding_last_edited=&#8220;on|phone&#8220; _builder_version=&#8220;4.27.4&#8243; _module_preset=&#8220;default&#8220; width=&#8220;90%&#8220; width_tablet=&#8220;90%&#8220; width_phone=&#8220;&#8220; width_last_edited=&#8220;on|desktop&#8220; max_width=&#8220;1170px&#8220; max_width_tablet=&#8220;90%&#8220; max_width_phone=&#8220;90%&#8220; max_width_last_edited=&#8220;on|tablet&#8220; custom_padding=&#8220;0px||70px||false|false&#8220; custom_padding_tablet=&#8220;0px||70px||false|false&#8220; custom_padding_phone=&#8220;0px||20px||false|false&#8220; global_colors_info=&#8220;{}&#8220;][et_pb_column type=&#8220;4_4&#8243; _builder_version=&#8220;4.16&#8243; _module_preset=&#8220;default&#8220; global_colors_info=&#8220;{}&#8220;][et_pb_text _builder_version=&#8220;4.27.4&#8243; _module_preset=&#8220;_initial&#8220; text_font=&#8220;||||||||&#8220; text_text_color=&#8220;#222222&#8243; text_line_height=&#8220;1.6em&#8220; link_font=&#8220;Montserrat regular||||on||||&#8220; link_text_color=&#8220;#F6811F&#8220; header_font=&#8220;|600|||||||&#8220; header_text_color=&#8220;#333333&#8243; header_font_size=&#8220;34px&#8220; header_line_height=&#8220;1.7em&#8220; header_2_font=&#8220;||||||||&#8220; header_2_text_align=&#8220;center&#8220; header_3_font=&#8220;Varelaround||||||||&#8220; module_alignment=&#8220;center&#8220; custom_margin_tablet=&#8220;||||false|false&#8220; custom_margin_phone=&#8220;||||false|false&#8220; custom_margin_last_edited=&#8220;on|phone&#8220; header_2_font_size_tablet=&#8220;41px&#8220; header_2_font_size_phone=&#8220;35px&#8220; global_colors_info=&#8220;{}&#8220;]<\/p>\n<h2 class=\"elementor-heading-title elementor-size-default\">Wir stellen uns vor!<\/h2>\n<p>[\/et_pb_text][et_pb_text _builder_version=&#8220;4.27.4&#8243; _module_preset=&#8220;_initial&#8220; text_font=&#8220;Montserrat light||||||||&#8220; text_text_color=&#8220;#222222&#8243; text_line_height=&#8220;1.6em&#8220; link_font=&#8220;Montserrat regular||||on||||&#8220; link_text_color=&#8220;#F6811F&#8220; header_font=&#8220;|600|||||||&#8220; header_text_color=&#8220;#333333&#8243; header_font_size=&#8220;34px&#8220; header_line_height=&#8220;1.7em&#8220; header_2_font=&#8220;||||||||&#8220; header_3_font=&#8220;Varelaround||||||||&#8220; text_orientation=&#8220;center&#8220; header_2_font_size_tablet=&#8220;41px&#8220; header_2_font_size_phone=&#8220;35px&#8220; global_colors_info=&#8220;{}&#8220;]<\/p>\n<p>Hallo, wir sind S, \u00dc und D \u2013 gemeinsam stehen wir f\u00fcr das, was unsere Schule besonders macht!<\/p>\n<p>[\/et_pb_text][\/et_pb_column][\/et_pb_row][et_pb_row column_structure=&#8220;1_3,1_3,1_3&#8243; use_custom_gutter=&#8220;on&#8220; gutter_width=&#8220;1&#8243; make_equal=&#8220;on&#8220; _builder_version=&#8220;4.27.4&#8243; _module_preset=&#8220;default&#8220; width=&#8220;90%&#8220; width_tablet=&#8220;90%&#8220; width_phone=&#8220;&#8220; width_last_edited=&#8220;on|desktop&#8220; max_width=&#8220;1170px&#8220; max_width_tablet=&#8220;90%&#8220; max_width_phone=&#8220;90%&#8220; max_width_last_edited=&#8220;on|tablet&#8220; custom_padding=&#8220;0px||0px||true|false&#8220; global_colors_info=&#8220;{}&#8220;][et_pb_column type=&#8220;1_3&#8243; _builder_version=&#8220;4.27.4&#8243; _module_preset=&#8220;default&#8220; global_colors_info=&#8220;{}&#8220;][et_pb_image src=&#8220;https:\/\/gs-hude-sued.de\/wp-content\/uploads\/2025\/10\/4.png&#8220; alt=&#8220;Ein fr\u00f6hlicher Junge sitzt in einem Rollstuhl und tr\u00e4gt ein gr\u00fcnes T-Shirt mit einem &#8218;S&#8216;. Seine Beinbekleidung ist beige und er hat braune Schuhe an.&#8220; title_text=&#8220;Junge im Rollstuhl&#8220; align=&#8220;center&#8220; _builder_version=&#8220;4.27.5&#8243; _module_preset=&#8220;default&#8220; width=&#8220;50%&#8220; width_tablet=&#8220;150px&#8220; width_phone=&#8220;160px&#8220; width_last_edited=&#8220;on|phone&#8220; animation_style=&#8220;fade&#8220; animation_duration=&#8220;1500ms&#8220; animation_delay=&#8220;500ms&#8220; animation_speed_curve=&#8220;ease&#8220; hover_enabled=&#8220;0&#8243; global_colors_info=&#8220;{}&#8220; sticky_enabled=&#8220;0&#8243;][\/et_pb_image][et_pb_blurb title=&#8220;Ich bin Silas&#8220; content_max_width=&#8220;100%&#8220; _builder_version=&#8220;4.27.4&#8243; _module_preset=&#8220;default&#8220; header_level=&#8220;h3&#8243; header_font=&#8220;||||||||&#8220; header_text_align=&#8220;center&#8220; header_text_color=&#8220;#2c241b&#8220; header_font_size=&#8220;24px&#8220; header_line_height=&#8220;1.8em&#8220; body_font=&#8220;Montserrat regular||||||||&#8220; body_text_align=&#8220;center&#8220; body_text_color=&#8220;#52565b&#8220; body_line_height=&#8220;1.8em&#8220; max_width=&#8220;288px&#8220; module_alignment=&#8220;center&#8220; custom_margin=&#8220;20px||||false|false&#8220; custom_padding=&#8220;|||2%|false|false&#8220; animation=&#8220;off&#8220; global_colors_info=&#8220;{}&#8220;]<\/p>\n<p>ich zeige, dass <strong data-start=\"390\" data-end=\"410\">Barrierefreiheit<\/strong> bei uns selbstverst\u00e4ndlich ist. Jeder Mensch kann mitmachen, ganz egal, welche Voraussetzungen er hat.<\/p>\n<p>[\/et_pb_blurb][\/et_pb_column][et_pb_column type=&#8220;1_3&#8243; _builder_version=&#8220;4.27.4&#8243; _module_preset=&#8220;default&#8220; custom_padding_tablet=&#8220;&#8220; custom_padding_phone=&#8220;55px||0px||false|false&#8220; custom_padding_last_edited=&#8220;on|phone&#8220; global_colors_info=&#8220;{}&#8220;][et_pb_image src=&#8220;https:\/\/gs-hude-sued.de\/wp-content\/uploads\/2025\/10\/3-2.png&#8220; alt=&#8220;Ein fr\u00f6hlicher Junge mit lockigen Haaren zeigt Daumen hoch; er tr\u00e4gt ein blaues T-Shirt mit dem Buchstaben &#8218;\u00dc&#8216; und Shorts in heller Farbe.&#8220; title_text=&#8220;Fr\u00f6hlicher Junge zeigt Daumen hoch&#8220; align=&#8220;center&#8220; _builder_version=&#8220;4.27.4&#8243; _module_preset=&#8220;default&#8220; width=&#8220;50%&#8220; width_tablet=&#8220;150px&#8220; width_phone=&#8220;160px&#8220; width_last_edited=&#8220;on|phone&#8220; animation_style=&#8220;fade&#8220; animation_duration=&#8220;1500ms&#8220; animation_delay=&#8220;500ms&#8220; animation_speed_curve=&#8220;ease&#8220; global_colors_info=&#8220;{}&#8220;][\/et_pb_image][et_pb_blurb title=&#8220;Ich bin \u00dcmet&#8220; content_max_width=&#8220;100%&#8220; _builder_version=&#8220;4.27.4&#8243; _module_preset=&#8220;default&#8220; header_level=&#8220;h3&#8243; header_font=&#8220;||||||||&#8220; header_text_align=&#8220;center&#8220; header_text_color=&#8220;#2c241b&#8220; header_font_size=&#8220;24px&#8220; header_line_height=&#8220;1.8em&#8220; body_font=&#8220;Montserrat regular||||||||&#8220; body_text_align=&#8220;center&#8220; body_text_color=&#8220;#52565b&#8220; body_line_height=&#8220;1.8em&#8220; max_width=&#8220;288px&#8220; module_alignment=&#8220;center&#8220; custom_margin=&#8220;20px||||false|false&#8220; custom_padding=&#8220;|||2%|false|false&#8220; animation=&#8220;off&#8220; global_colors_info=&#8220;{}&#8220;]<\/p>\n<p>ich stehe f\u00fcr <strong data-start=\"547\" data-end=\"576\">Vielfalt und Gemeinschaft<\/strong>. Wir sind alle unterschiedlich \u2013 und genau das ist sch\u00f6n! Gemeinsam sind wir stark.<\/p>\n<p>[\/et_pb_blurb][\/et_pb_column][et_pb_column type=&#8220;1_3&#8243; _builder_version=&#8220;4.27.4&#8243; _module_preset=&#8220;default&#8220; custom_padding_tablet=&#8220;55px||55px||true|false&#8220; custom_padding_phone=&#8220;55px||0px||false|false&#8220; custom_padding_last_edited=&#8220;on|phone&#8220; border_color_right=&#8220;#f3f0ec&#8220; border_color_left=&#8220;#f3f0ec&#8220; border_width_right_tablet=&#8220;0px&#8220; border_width_right_phone=&#8220;0px&#8220; border_width_right_last_edited=&#8220;on|tablet&#8220; border_width_left_tablet=&#8220;0px&#8220; border_width_left_phone=&#8220;0px&#8220; border_width_left_last_edited=&#8220;on|desktop&#8220; global_colors_info=&#8220;{}&#8220;][et_pb_image src=&#8220;https:\/\/gs-hude-sued.de\/wp-content\/uploads\/2025\/10\/6-1.png&#8220; alt=&#8220;Eine fr\u00f6hliche Zeichentrickfigur eines M\u00e4dchens mit blonden Z\u00f6pfen und einem roten Pullover, das beide Daumen nach oben zeigt. Die Figur tr\u00e4gt ein Kleid mit einem gro\u00dfen D auf der Vorderseite.&#8220; title_text=&#8220;Fr\u00f6hliches M\u00e4dchen mit Daumen hoch&#8220; align=&#8220;center&#8220; _builder_version=&#8220;4.27.4&#8243; _module_preset=&#8220;default&#8220; width=&#8220;50%&#8220; width_tablet=&#8220;150px&#8220; width_phone=&#8220;160px&#8220; width_last_edited=&#8220;on|phone&#8220; animation_style=&#8220;fade&#8220; animation_duration=&#8220;1500ms&#8220; animation_delay=&#8220;500ms&#8220; animation_speed_curve=&#8220;ease&#8220; global_colors_info=&#8220;{}&#8220;][\/et_pb_image][et_pb_blurb title=&#8220;Ich bin Deetje&#8220; content_max_width=&#8220;100%&#8220; _builder_version=&#8220;4.27.4&#8243; _module_preset=&#8220;default&#8220; header_level=&#8220;h3&#8243; header_font=&#8220;||||||||&#8220; header_text_align=&#8220;center&#8220; header_text_color=&#8220;#2c241b&#8220; header_font_size=&#8220;24px&#8220; header_line_height=&#8220;1.8em&#8220; body_font=&#8220;Montserrat regular||||||||&#8220; body_text_align=&#8220;center&#8220; body_text_color=&#8220;#52565b&#8220; body_line_height=&#8220;1.8em&#8220; max_width=&#8220;288px&#8220; module_alignment=&#8220;center&#8220; custom_margin=&#8220;20px||||false|false&#8220; custom_padding=&#8220;|||2%|false|false&#8220; animation=&#8220;off&#8220; global_colors_info=&#8220;{}&#8220;]<\/p>\n<p>und mein kleiner Hund begleitet mich \u00fcberallhin. Wir stehen f\u00fcr <strong data-start=\"744\" data-end=\"783\">Tierliebe, Verantwortung und Freude<\/strong> im Schulalltag.<\/p>\n<p>[\/et_pb_blurb][\/et_pb_column][\/et_pb_row][\/et_pb_section][et_pb_section fb_built=&#8220;1&#8243; custom_padding_last_edited=&#8220;on|desktop&#8220; disabled_on=&#8220;off|off|off&#8220; admin_label=&#8220;Aktion Sektion Popup&#8220; module_id=&#8220;verstecken1&#8243; module_class=&#8220;verstecken14&#8243; _builder_version=&#8220;4.27.4&#8243; _module_preset=&#8220;_initial&#8220; background_color=&#8220;rgba(255,255,255,0.93)&#8220; positioning=&#8220;fixed&#8220; position_origin_f=&#8220;top_center&#8220; horizontal_offset=&#8220;0px&#8220; z_index=&#8220;208&#8243; vertical_offset_tablet=&#8220;-800px&#8220; vertical_offset_phone=&#8220;-894px&#8220; vertical_offset_last_edited=&#8220;off|desktop&#8220; position_origin_a_last_edited=&#8220;off|desktop&#8220; position_origin_f_last_edited=&#8220;off|desktop&#8220; position_origin_r_last_edited=&#8220;off|desktop&#8220; height=&#8220;1000%&#8220; overflow-x=&#8220;scroll&#8220; custom_margin=&#8220;0px||||false|false&#8220; custom_margin_tablet=&#8220;-686px||||false|false&#8220; custom_margin_phone=&#8220;-700px||||false|false&#8220; custom_margin_last_edited=&#8220;off|desktop&#8220; custom_padding=&#8220;80px||300px||false|false&#8220; custom_padding_tablet=&#8220;80px||300px||false|false&#8220; custom_padding_phone=&#8220;80px||300px||false|false&#8220; animation_style=&#8220;fade&#8220; animation_direction=&#8220;right&#8220; animation_delay=&#8220;1300ms&#8220; positioning_tablet=&#8220;none&#8220; positioning_phone=&#8220;none&#8220; positioning_last_edited=&#8220;off|desktop&#8220; saved_tabs=&#8220;all&#8220; collapsed=&#8220;off&#8220; global_colors_info=&#8220;{}&#8220;][et_pb_row use_custom_gutter=&#8220;on&#8220; gutter_width=&#8220;2&#8243; make_equal=&#8220;on&#8220; custom_padding_last_edited=&#8220;on|tablet&#8220; _builder_version=&#8220;4.27.3&#8243; _module_preset=&#8220;default&#8220; width=&#8220;85%&#8220; width_tablet=&#8220;85%&#8220; max_width=&#8220;900px&#8220; max_width_tablet=&#8220;90%&#8220; max_width_phone=&#8220;90%&#8220; max_width_last_edited=&#8220;on|tablet&#8220; custom_margin=&#8220;0px||0px||false|false&#8220; custom_padding=&#8220;20px||89px||false|false&#8220; custom_padding_tablet=&#8220;100px||107px||false|false&#8220; custom_padding_phone=&#8220;80px||80px||true|false&#8220; global_colors_info=&#8220;%91%93&#8243;][et_pb_column type=&#8220;4_4&#8243; _builder_version=&#8220;4.23.1&#8243; _module_preset=&#8220;default&#8220; global_colors_info=&#8220;{}&#8220;][et_pb_icon font_icon=&#8220;&#x51;||divi||400&#8243; icon_color=&#8220;#002244&#8243; icon_width=&#8220;50px&#8220; url=&#8220;#&#8220; align=&#8220;right&#8220; icon_width_tablet=&#8220;50px&#8220; icon_width_phone=&#8220;34px&#8220; icon_width_last_edited=&#8220;on|phone&#8220; admin_label=&#8220;Icon&#8220; module_class=&#8220;btn_verstecken14&#8243; _builder_version=&#8220;4.27.4&#8243; _module_preset=&#8220;default&#8220; z_index=&#8220;29&#8243; custom_margin=&#8220;0px||0px||false|false&#8220; custom_padding=&#8220;0px||0px||false|false&#8220; border_color_all=&#8220;#000000&#8243; global_colors_info=&#8220;{}&#8220;][\/et_pb_icon][et_pb_code admin_label=&#8220;Aktionbanner&#8220; _builder_version=&#8220;4.27.3&#8243; _module_preset=&#8220;default&#8220; max_width=&#8220;500px&#8220; max_width_tablet=&#8220;&#8220; max_width_phone=&#8220;90%&#8220; max_width_last_edited=&#8220;on|tablet&#8220; module_alignment=&#8220;center&#8220; custom_margin=&#8220;0px||0px||false|false&#8220; custom_padding=&#8220;0px||0px||false|false&#8220; link_option_url=&#8220;%91custom_weiterleitungs_url%93 &#8220; custom_css_main_element=&#8220;display: flex;||    margin: 0;||||    justify-content: center; \/* Horizontale Ausrichtung in der Mitte *\/&#8220; global_colors_info=&#8220;{}&#8220;]<a href=\"\" target=\"_blank\" rel=\"noopener\"><!-- [et_pb_line_break_holder] -->    <img decoding=\"async\" src=\"\" alt=\"Aktion\"><!-- [et_pb_line_break_holder] --><\/a><!-- [et_pb_line_break_holder] --><!-- [et_pb_line_break_holder] --><\/p>\n<h2 style=\"color: #6f4494;text-align: center\"><b><\/b><\/h2>\n<p><!-- [et_pb_line_break_holder] --><!-- [et_pb_line_break_holder] --><pee style=\"text-align: center\"><!-- [et_pb_line_break_holder] -->    <!-- [et_pb_line_break_holder] --><\/pee><!-- [et_pb_line_break_holder] -->    <script>\n\nfunction anzeigenMitSpeicher(elementName, zeitrahmen, verwendenCookies) {\n    var keyPrefix = verwendenCookies ? \"cookie_\" : \"localstorage_\";\n    var storageKey = keyPrefix + elementName + \"_gesehen\";\n    \n    var bereitsGesehen;\n\n    if (verwendenCookies) {\n        bereitsGesehen = document.cookie.indexOf(storageKey + \"=true\") !== -1;\n    } else {\n        bereitsGesehen = localStorage.getItem(storageKey) === \"true\";\n    }\n\n    \/\/ Wenn der Zeitrahmen 0 ist, sollte bereitsGesehen auf false gesetzt werden\n    if (zeitrahmen === 0) {\n        bereitsGesehen = false;\n    }\n\n    if (!bereitsGesehen) {\n        \/\/ Ihr bestehender Code zum Anzeigen des Elements hier\n\n        \/\/ Speichern Sie den Status im Cookie oder localStorage\n        if (verwendenCookies) {\n            var expirationDate = new Date();\n            expirationDate.setDate(expirationDate.getDate() + zeitrahmen);\n            document.cookie = storageKey + \"=true; expires=\" + expirationDate.toUTCString() + \"; path=\/\";\n        } else {\n            localStorage.setItem(storageKey, \"true\");\n            if (zeitrahmen > 0) {\n                var expirationDate = new Date();\n                expirationDate.setDate(expirationDate.getDate() + zeitrahmen);\n                localStorage.setItem(storageKey + \"_expiration\", expirationDate.getTime());\n            }\n        }\n    } else if (zeitrahmen !== 0) {\n        \/\/ Element bereits gesehen und Zeitrahmen nicht 0, daher ausblenden\n        $(\".\" + elementName).hide();\n    }\n}\n\n\n\njQuery(document).ready(function($){\n    var now = new Date();\n    var start = new Date(\"\");\n    var end = new Date(\"\");\n\n    \/\/ Beispiel: Verwenden von Cookies f\u00fcr 'verstecken11' mit einem Zeitraum von  Tagen\n    anzeigenMitSpeicher('verstecken11', , true);\n\n    \/\/ Verwenden von localStorage f\u00fcr 'verstecken11' mit einem Zeitraum von  Tagen\n    anzeigenMitSpeicher('verstecken11', , false);\n\n    if (now >= start && now <= end) {\n        \/\/ Hier k\u00f6nnen Sie entscheiden, ob Sie Cookies oder localStorage verwenden m\u00f6chten\n        anzeigenMitSpeicher('verstecken11', , true);\n    } else {\n        $('.verstecken11').hide();\n    }\n\n    $('.btn_verstecken11').click(function(e){\n        e.preventDefault();\n        $(\".verstecken11\").slideToggle();\n        $('.btn_verstecken11').toggleClass('opened closed');\n    });\n});\n\n\njQuery(document).ready(function($){\n    var now = new Date();\n    var start = new Date(\"\");\n    var end = new Date(\"\");\n\n    \/\/ Beispiel: Verwenden von Cookies f\u00fcr 'verstecken11' mit einem Zeitraum von  Tagen\n    anzeigenMitSpeicher('verstecken12', , true);\n\n    \/\/ Verwenden von localStorage f\u00fcr 'verstecken11' mit einem Zeitraum von  Tagen\n    anzeigenMitSpeicher('verstecken12', , false);\n\n    if (now >= start && now <= end) {\n        \/\/ Hier k\u00f6nnen Sie entscheiden, ob Sie Cookies oder localStorage verwenden m\u00f6chten\n        anzeigenMitSpeicher('verstecken12', , true);\n    } else {\n        $('.verstecken12').hide();\n    }\n\n    $('.btn_verstecken12').click(function(e){\n        e.preventDefault();\n        $(\".verstecken12\").slideToggle();\n        $('.btn_verstecken12').toggleClass('opened closed');\n    });\n});\n\n\njQuery(document).ready(function($){\n    var now = new Date();\n    var start = new Date(\"\");\n    var end = new Date(\"\");\n\n    \/\/ Beispiel: Verwenden von Cookies f\u00fcr 'verstecken11' mit einem Zeitraum von  Tagen\n    anzeigenMitSpeicher('verstecken14', , true);\n\n    \/\/ Verwenden von localStorage f\u00fcr 'verstecken11' mit einem Zeitraum von  Tagen\n    anzeigenMitSpeicher('verstecken14', , false);\n\n    if (now >= start && now <= end) {\n        \/\/ Hier k\u00f6nnen Sie entscheiden, ob Sie Cookies oder localStorage verwenden m\u00f6chten\n        anzeigenMitSpeicher('verstecken14', , true);\n    } else {\n        $('.verstecken14').hide();\n    }\n\n    $('.btn_verstecken14').click(function(e){\n        e.preventDefault();\n        $(\".verstecken14\").slideToggle();\n        $('.btn_verstecken14').toggleClass('opened closed');\n    });\n});\n   \n\n    <\/script>\n\n   [\/et_pb_code][\/et_pb_column][\/et_pb_row][\/et_pb_section][et_pb_section fb_built=&#8220;1&#8243; _builder_version=&#8220;4.27.5&#8243; _module_preset=&#8220;_initial&#8220; background_color=&#8220;#FFFFFF&#8220; custom_padding=&#8220;80px||0px||false|false&#8220; global_colors_info=&#8220;{}&#8220;][et_pb_row column_structure=&#8220;3_5,2_5&#8243; custom_padding_last_edited=&#8220;on|phone&#8220; _builder_version=&#8220;4.27.4&#8243; _module_preset=&#8220;default&#8220; custom_padding=&#8220;||||true|false&#8220; custom_padding_tablet=&#8220;||||true|false&#8220; custom_padding_phone=&#8220;0px||0px||true|false&#8220; custom_css_main_element=&#8220;||  display: flex;||  justify-content: center; \/* horizontale Zentrierung *\/||  align-items: center;     \/* vertikale Zentrierung *\/||&#8220; global_colors_info=&#8220;{}&#8220; custom_css_main_element_last_edited=&#8220;on|tablet&#8220; custom_css_main_element_tablet=&#8220;||  display: block;&#8220; custom_css_main_element_phone=&#8220;||  display: block;&#8220;][et_pb_column type=&#8220;3_5&#8243; _builder_version=&#8220;4.27.4&#8243; _module_preset=&#8220;default&#8220; animation_style=&#8220;slide&#8220; animation_direction=&#8220;bottom&#8220; global_colors_info=&#8220;{}&#8220;][et_pb_text module_class=&#8220;et_pb_default_text&#8220; _builder_version=&#8220;4.27.4&#8243; _module_preset=&#8220;default&#8220; header_font=&#8220;|600|||||||&#8220; header_text_color=&#8220;#333333&#8243; header_font_size=&#8220;34px&#8220; header_line_height=&#8220;1.7em&#8220; header_2_font=&#8220;||||||||&#8220; header_3_font=&#8220;Varelaround||||||||&#8220; header_2_font_size_tablet=&#8220;41px&#8220; header_2_font_size_phone=&#8220;35px&#8220; global_colors_info=&#8220;{}&#8220;]<\/p>\n<h2>\ud83c\udf3f Umweltschule in Europa<\/h2>\n<p><strong>Die Grundschule Hude-S\u00fcd<\/strong> tr\u00e4gt das Siegel<br \/><em>\u201eUmweltschule in Europa \/ Internationale Nachhaltigkeitsschule\u201c<\/em>.<br \/>Damit wird unser besonderes Engagement f\u00fcr <strong>Umweltschutz<\/strong>, <strong>Nachhaltigkeit<\/strong> und <strong>gemeinsames Handeln<\/strong> ausgezeichnet.<\/p>\n<p>In verschiedenen Projekten lernen unsere Sch\u00fclerinnen und Sch\u00fcler,<br \/>verantwortungsvoll mit Natur und Ressourcen umzugehen \u2013 zum Beispiel durch M\u00fcllvermeidung, Energiesparen, gesunde Ern\u00e4hrung oder das Gestalten einer gr\u00fcnen Schulumgebung. So \u00fcbernehmen wir gemeinsam Verantwortung f\u00fcr unsere Zukunft und zeigen, dass Umweltschutz direkt vor der eigenen Schult\u00fcr beginnt.<\/p>\n<p>[\/et_pb_text][et_pb_text module_class=&#8220;et_pb_alternative_text&#8220; _builder_version=&#8220;4.27.4&#8243; _module_preset=&#8220;default&#8220; header_font=&#8220;|600|||||||&#8220; header_text_color=&#8220;#333333&#8243; header_font_size=&#8220;34px&#8220; header_line_height=&#8220;1.7em&#8220; header_2_font=&#8220;||||||||&#8220; header_3_font=&#8220;Varelaround||||||||&#8220; header_2_font_size_tablet=&#8220;41px&#8220; header_2_font_size_phone=&#8220;35px&#8220; global_colors_info=&#8220;{}&#8220;]<\/p>\n<h2>\ud83c\udf3f Umweltschule in Europa<\/h2>\n<p>Unsere Schule wurde als <strong>Umweltschule in Europa<\/strong> ausgezeichnet. Das bedeutet, dass wir gro\u00dfen Wert auf <strong>nachhaltiges Lernen<\/strong> und <strong>umweltbewusstes Handeln<\/strong> legen \u2013 im Unterricht und im gesamten Schulalltag.<\/p>\n<p>Mit vielen verschiedenen Projekten st\u00e4rken wir das <strong>Verantwortungsgef\u00fchl der Kinder<\/strong> f\u00fcr <strong>Natur, Umwelt und Klima<\/strong>. Unser Ziel ist eine <strong>Bildung f\u00fcr nachhaltige Entwicklung (BNE)<\/strong> \u2013 also Lernen mit Blick auf eine gute Zukunft f\u00fcr Mensch und Umwelt.<\/p>\n<p>Wir arbeiten besonders in zwei Bereichen:<\/p>\n<ul>\n<li><strong>Biodiversit\u00e4t:<\/strong> Das bedeutet, die <em>Vielfalt des Lebens<\/em> zu sch\u00fctzen \u2013 also Pflanzen, Tiere und Lebensr\u00e4ume.<\/li>\n<li><strong>Umgang mit Rohstoffen, Abfall und Recycling:<\/strong> Wir achten darauf, sparsam mit Materialien umzugehen, M\u00fcll zu vermeiden und wiederzuverwenden.<\/li>\n<\/ul>\n<p>Im Folgenden zeigen wir einige unserer aktuellen und vergangenen <strong>Umweltprojekte<\/strong>, die diese Themen lebendig machen.<\/p>\n<ul>\n<li><strong>M\u00fcll vermeiden<\/strong><\/li>\n<li><strong>Energie sparen<\/strong><\/li>\n<li><strong>Gesunde Ern\u00e4hrung<\/strong><\/li>\n<li><strong>Eine gr\u00fcne Schulumgebung gestalten<\/strong><\/li>\n<\/ul>\n<p>So \u00fcbernehmen wir alle gemeinsam Verantwortung f\u00fcr unsere Zukunft. Wir zeigen, dass <strong>Umweltschutz direkt vor der eigenen Schult\u00fcr<\/strong> beginnen kann.<\/p>\n<p>[\/et_pb_text][\/et_pb_column][et_pb_column type=&#8220;2_5&#8243; _builder_version=&#8220;4.27.4&#8243; _module_preset=&#8220;default&#8220; animation_style=&#8220;slide&#8220; animation_direction=&#8220;right&#8220; global_colors_info=&#8220;{}&#8220;][et_pb_image src=&#8220;https:\/\/gs-hude-sued.de\/wp-content\/uploads\/2025\/10\/USE_INS_LOGO_2018_medium.jpg&#8220; alt=&#8220;Das Logo der Grundschule Hude-S\u00fcd zeigt Symbole f\u00fcr Umwelt- und Bildungsthemen. Es verdeutlicht das Engagement f\u00fcr nachhaltiges Lernen und Gemeinschaft.&#8220; title_text=&#8220;Umweltschule in Europa&#8220; align=&#8220;center&#8220; _builder_version=&#8220;4.27.4&#8243; _module_preset=&#8220;default&#8220; max_width=&#8220;350px&#8220; global_colors_info=&#8220;{}&#8220;][\/et_pb_image][\/et_pb_column][\/et_pb_row][\/et_pb_section][et_pb_section fb_built=&#8220;1&#8243; _builder_version=&#8220;4.27.5&#8243; _module_preset=&#8220;default&#8220; global_colors_info=&#8220;{}&#8220;][et_pb_row column_structure=&#8220;2_5,3_5&#8243; custom_padding_last_edited=&#8220;on|phone&#8220; _builder_version=&#8220;4.27.4&#8243; _module_preset=&#8220;default&#8220; custom_padding_tablet=&#8220;&#8220; custom_padding_phone=&#8220;||0px||false|false&#8220; custom_css_main_element=&#8220;||  display: flex;||  justify-content: center; \/* horizontale Zentrierung *\/||  align-items: center;     \/* vertikale Zentrierung *\/||&#8220; global_colors_info=&#8220;{}&#8220; custom_css_main_element_last_edited=&#8220;on|tablet&#8220; custom_css_main_element_tablet=&#8220;||  display: block;&#8220; custom_css_main_element_phone=&#8220;||  display: block;&#8220;][et_pb_column type=&#8220;2_5&#8243; _builder_version=&#8220;4.27.4&#8243; _module_preset=&#8220;default&#8220; animation_style=&#8220;slide&#8220; animation_direction=&#8220;right&#8220; global_colors_info=&#8220;{}&#8220;][et_pb_image src=&#8220;https:\/\/gs-hude-sued.de\/wp-content\/uploads\/2025\/10\/Sportfreundliche-Schule.jpg&#8220; alt=&#8220;Logo der Auszeichnung \u201eSportfreundliche Schule\u201c mit zwei abstrahierten Sportfiguren und der Devise \u201eBeweg dich f\u00fcr deine Zukunft\u201c.&#8220; align=&#8220;center&#8220; _builder_version=&#8220;4.27.5&#8243; _module_preset=&#8220;default&#8220; max_width=&#8220;350px&#8220; hover_enabled=&#8220;0&#8243; global_colors_info=&#8220;{}&#8220; sticky_enabled=&#8220;0&#8243;][\/et_pb_image][\/et_pb_column][et_pb_column type=&#8220;3_5&#8243; _builder_version=&#8220;4.27.4&#8243; _module_preset=&#8220;default&#8220; animation_style=&#8220;slide&#8220; animation_direction=&#8220;bottom&#8220; global_colors_info=&#8220;{}&#8220;][et_pb_text module_class=&#8220;et_pb_default_text&#8220; _builder_version=&#8220;4.27.4&#8243; _module_preset=&#8220;default&#8220; header_font=&#8220;|600|||||||&#8220; header_text_color=&#8220;#333333&#8243; header_font_size=&#8220;34px&#8220; header_line_height=&#8220;1.7em&#8220; header_2_font=&#8220;||||||||&#8220; header_3_font=&#8220;Varelaround||||||||&#8220; header_2_font_size_tablet=&#8220;41px&#8220; header_2_font_size_phone=&#8220;35px&#8220; global_colors_info=&#8220;{}&#8220;]<\/p>\n<h2>\ud83c\udfc5 Sportfreundliche Schule<\/h2>\n<p>Wir, die <strong>Grundschule Hude-S\u00fcd<\/strong>, freuen uns sehr \u00fcber die Auszeichnung als <em>\u201eSportfreundliche Schule\u201c<\/em>. Dieses Zertifikat zeigt, dass Bewegung, Sport und Gesundheit bei uns einen festen Platz im Schulalltag haben. Ob im Unterricht, in den Pausen oder bei unseren Sportfesten \u2013 wir legen gro\u00dfen Wert darauf, dass sich alle Kinder gern und regelm\u00e4\u00dfig bewegen.<\/p>\n<p>Durch vielf\u00e4ltige Bewegungsangebote, die Zusammenarbeit mit \u00f6rtlichen Sportvereinen und Projekte zu gesunder Ern\u00e4hrung f\u00f6rdern wir Teamgeist, Fairness und Freude an Bewegung. So schaffen wir eine lebendige und gesundheitsbewusste Lernumgebung, in der sich jedes Kind wohlf\u00fchlt und stark f\u00fcr die Zukunft wird.<\/p>\n<p>[\/et_pb_text][et_pb_text module_class=&#8220;et_pb_alternative_text&#8220; _builder_version=&#8220;4.27.4&#8243; _module_preset=&#8220;default&#8220; header_font=&#8220;|600|||||||&#8220; header_text_color=&#8220;#333333&#8243; header_font_size=&#8220;34px&#8220; header_line_height=&#8220;1.7em&#8220; header_2_font=&#8220;||||||||&#8220; header_3_font=&#8220;Varelaround||||||||&#8220; header_2_font_size_tablet=&#8220;41px&#8220; header_2_font_size_phone=&#8220;35px&#8220; global_colors_info=&#8220;{}&#8220;]<\/p>\n<h2>\ud83c\udfc5 Sportfreundliche Schule<\/h2>\n<p>Die Grundschule Hude-S\u00fcd freut sich sehr \u00fcber die Auszeichnung als <strong>\u201eSportfreundliche Schule\u201c<\/strong>.<\/p>\n<p>Dieses Zertifikat zeigt, dass <strong>Bewegung, Sport und Gesundheit<\/strong> bei uns einen festen Platz im Schulalltag haben. Ob im Unterricht, in den Pausen oder bei unseren Sportfesten \u2013 wir achten darauf, dass sich alle Kinder gern und regelm\u00e4\u00dfig bewegen.<\/p>\n<p>Durch viele verschiedene <strong>Bewegungsangebote<\/strong>, die <strong>Zusammenarbeit mit Sportvereinen<\/strong> vor Ort und <strong>Projekte zu gesunder Ern\u00e4hrung<\/strong> f\u00f6rdern wir:<\/p>\n<ul>\n<li><strong>Teamgeist<\/strong><\/li>\n<li><strong>Fairness<\/strong><\/li>\n<li><strong>Freude an Bewegung<\/strong><\/li>\n<\/ul>\n<p>So entsteht eine <strong>lebendige und gesundheitsbewusste Lernumgebung<\/strong>, in der sich jedes Kind wohlf\u00fchlt und stark f\u00fcr die Zukunft wird.<\/p>\n<p>[\/et_pb_text][\/et_pb_column][\/et_pb_row][\/et_pb_section]<\/p>\n","protected":false},"excerpt":{"rendered":"<p>Willkommen an der Grundschule Hude-S\u00fcdEin Ort des Lernens, Lebens und Lachens \u2013 mitten in Hude.Unsere Schule ist ein lebendiger Lernort, an dem Kinder neugierig die Welt entdecken, Verantwortung \u00fcbernehmen und Gemeinschaft erleben.Ein Ort des Lernens, Lebens und Lachens \u2013 mitten in Hude.Unsere Schule ist ein lebendiger Lernort, an dem Kinder neugierig die Welt entdecken, Verantwortung [&hellip;]<\/p>\n","protected":false},"author":1,"featured_media":240592,"parent":0,"menu_order":0,"comment_status":"closed","ping_status":"closed","template":"","meta":{"_acf_changed":false,"_et_pb_use_builder":"on","_et_pb_old_content":"","_et_gb_content_width":"","footnotes":""},"class_list":["post-236918","page","type-page","status-publish","has-post-thumbnail","hentry"],"acf":[],"yoast_head":"<!-- This site is optimized with the Yoast SEO Premium plugin v26.0 (Yoast SEO v27.0) - https:\/\/yoast.com\/product\/yoast-seo-premium-wordpress\/ -->\n<title>Grundschule Hude-S\u00fcd \u2013 Lernen, Gemeinschaft und Freude<\/title>\n<meta name=\"description\" content=\"Die Grundschule Hude-S\u00fcd bietet offenes Lernen, wertsch\u00e4tzendes Miteinander und Umweltengagement. Lernen, Bewegung und Verantwortung erleben \u2013 Mehr erfahren.\" \/>\n<meta name=\"robots\" content=\"index, follow, max-snippet:-1, max-image-preview:large, max-video-preview:-1\" \/>\n<link rel=\"canonical\" href=\"https:\/\/gs-hude-sued.de\/en\/\" \/>\n<meta property=\"og:locale\" content=\"en_GB\" \/>\n<meta property=\"og:type\" content=\"article\" \/>\n<meta property=\"og:title\" content=\"Startseite\" \/>\n<meta property=\"og:description\" content=\"Die Grundschule Hude-S\u00fcd bietet offenes Lernen, wertsch\u00e4tzendes Miteinander und Umweltengagement. Lernen, Bewegung und Verantwortung erleben \u2013 Mehr erfahren.\" \/>\n<meta property=\"og:url\" content=\"https:\/\/gs-hude-sued.de\/en\/\" \/>\n<meta property=\"og:site_name\" content=\"Grundschule Hude S\u00fcd\" \/>\n<meta property=\"article:modified_time\" content=\"2025-12-07T18:01:50+00:00\" \/>\n<meta property=\"og:image\" content=\"https:\/\/gs-hude-sued.de\/wp-content\/uploads\/2025\/10\/Gemini_Generated_Image_ouiedzouiedzouie.png\" \/>\n\t<meta property=\"og:image:width\" content=\"500\" \/>\n\t<meta property=\"og:image:height\" content=\"441\" \/>\n\t<meta property=\"og:image:type\" content=\"image\/png\" \/>\n<meta name=\"twitter:card\" content=\"summary_large_image\" \/>\n<script type=\"application\/ld+json\" class=\"yoast-schema-graph\">{\"@context\":\"https:\/\/schema.org\",\"@graph\":[{\"@type\":\"WebPage\",\"@id\":\"https:\/\/gs-hude-sued.de\/\",\"url\":\"https:\/\/gs-hude-sued.de\/\",\"name\":\"Grundschule Hude-S\u00fcd \u2013 Lernen, Gemeinschaft und Freude\",\"isPartOf\":{\"@id\":\"https:\/\/gs-hude-sued.de\/#website\"},\"primaryImageOfPage\":{\"@id\":\"https:\/\/gs-hude-sued.de\/#primaryimage\"},\"image\":{\"@id\":\"https:\/\/gs-hude-sued.de\/#primaryimage\"},\"thumbnailUrl\":\"https:\/\/gs-hude-sued.de\/wp-content\/uploads\/2025\/10\/Gemini_Generated_Image_ouiedzouiedzouie.png\",\"datePublished\":\"2025-10-02T09:39:50+00:00\",\"dateModified\":\"2025-12-07T18:01:50+00:00\",\"description\":\"Die Grundschule Hude-S\u00fcd bietet offenes Lernen, wertsch\u00e4tzendes Miteinander und Umweltengagement. Lernen, Bewegung und Verantwortung erleben \u2013 Mehr erfahren.\",\"breadcrumb\":{\"@id\":\"https:\/\/gs-hude-sued.de\/#breadcrumb\"},\"inLanguage\":\"en-GB\",\"potentialAction\":[{\"@type\":\"ReadAction\",\"target\":[\"https:\/\/gs-hude-sued.de\/\"]}]},{\"@type\":\"ImageObject\",\"inLanguage\":\"en-GB\",\"@id\":\"https:\/\/gs-hude-sued.de\/#primaryimage\",\"url\":\"https:\/\/gs-hude-sued.de\/wp-content\/uploads\/2025\/10\/Gemini_Generated_Image_ouiedzouiedzouie.png\",\"contentUrl\":\"https:\/\/gs-hude-sued.de\/wp-content\/uploads\/2025\/10\/Gemini_Generated_Image_ouiedzouiedzouie.png\",\"width\":500,\"height\":441,\"caption\":\"Die Kinder repr\u00e4sentieren ein wertsch\u00e4tzendes Miteinander und zeichnen ein positives Bild der Inklusion. Ihre Haltung l\u00e4dt zu einer gemeinsamen Lernumgebung ein.\"},{\"@type\":\"BreadcrumbList\",\"@id\":\"https:\/\/gs-hude-sued.de\/#breadcrumb\",\"itemListElement\":[{\"@type\":\"ListItem\",\"position\":1,\"name\":\"Startseite\",\"item\":\"https:\/\/gs-hude-sued.de\/\"},{\"@type\":\"ListItem\",\"position\":2,\"name\":\"Startseite\"}]},{\"@type\":\"WebSite\",\"@id\":\"https:\/\/gs-hude-sued.de\/#website\",\"url\":\"https:\/\/gs-hude-sued.de\/\",\"name\":\"Grundschule Hude S\u00fcd\",\"description\":\"Grundschule Hude-S\u00fcd \u2013 Miteinander stark f\u00fcr die Zukunft.\",\"potentialAction\":[{\"@type\":\"SearchAction\",\"target\":{\"@type\":\"EntryPoint\",\"urlTemplate\":\"https:\/\/gs-hude-sued.de\/?s={search_term_string}\"},\"query-input\":{\"@type\":\"PropertyValueSpecification\",\"valueRequired\":true,\"valueName\":\"search_term_string\"}}],\"inLanguage\":\"en-GB\"}]}<\/script>\n<!-- \/ Yoast SEO Premium plugin. -->","yoast_head_json":{"title":"Hude-S\u00fcd Primary School \u2013 Learning, Community and Joy","description":"Hude-S\u00fcd Elementary School offers open learning, respectful interaction, and environmental commitment. Experience learning, movement, and responsibility \u2013 Learn more.","robots":{"index":"index","follow":"follow","max-snippet":"max-snippet:-1","max-image-preview":"max-image-preview:large","max-video-preview":"max-video-preview:-1"},"canonical":"https:\/\/gs-hude-sued.de\/en\/","og_locale":"en_GB","og_type":"article","og_title":"Startseite","og_description":"Die Grundschule Hude-S\u00fcd bietet offenes Lernen, wertsch\u00e4tzendes Miteinander und Umweltengagement. Lernen, Bewegung und Verantwortung erleben \u2013 Mehr erfahren.","og_url":"https:\/\/gs-hude-sued.de\/en\/","og_site_name":"Grundschule Hude S\u00fcd","article_modified_time":"2025-12-07T18:01:50+00:00","og_image":[{"width":500,"height":441,"url":"https:\/\/gs-hude-sued.de\/wp-content\/uploads\/2025\/10\/Gemini_Generated_Image_ouiedzouiedzouie.png","type":"image\/png"}],"twitter_card":"summary_large_image","schema":{"@context":"https:\/\/schema.org","@graph":[{"@type":"WebPage","@id":"https:\/\/gs-hude-sued.de\/","url":"https:\/\/gs-hude-sued.de\/","name":"Hude-S\u00fcd Primary School \u2013 Learning, Community and Joy","isPartOf":{"@id":"https:\/\/gs-hude-sued.de\/#website"},"primaryImageOfPage":{"@id":"https:\/\/gs-hude-sued.de\/#primaryimage"},"image":{"@id":"https:\/\/gs-hude-sued.de\/#primaryimage"},"thumbnailUrl":"https:\/\/gs-hude-sued.de\/wp-content\/uploads\/2025\/10\/Gemini_Generated_Image_ouiedzouiedzouie.png","datePublished":"2025-10-02T09:39:50+00:00","dateModified":"2025-12-07T18:01:50+00:00","description":"Hude-S\u00fcd Elementary School offers open learning, respectful interaction, and environmental commitment. Experience learning, movement, and responsibility \u2013 Learn more.","breadcrumb":{"@id":"https:\/\/gs-hude-sued.de\/#breadcrumb"},"inLanguage":"en-GB","potentialAction":[{"@type":"ReadAction","target":["https:\/\/gs-hude-sued.de\/"]}]},{"@type":"ImageObject","inLanguage":"en-GB","@id":"https:\/\/gs-hude-sued.de\/#primaryimage","url":"https:\/\/gs-hude-sued.de\/wp-content\/uploads\/2025\/10\/Gemini_Generated_Image_ouiedzouiedzouie.png","contentUrl":"https:\/\/gs-hude-sued.de\/wp-content\/uploads\/2025\/10\/Gemini_Generated_Image_ouiedzouiedzouie.png","width":500,"height":441,"caption":"Die Kinder repr\u00e4sentieren ein wertsch\u00e4tzendes Miteinander und zeichnen ein positives Bild der Inklusion. Ihre Haltung l\u00e4dt zu einer gemeinsamen Lernumgebung ein."},{"@type":"BreadcrumbList","@id":"https:\/\/gs-hude-sued.de\/#breadcrumb","itemListElement":[{"@type":"ListItem","position":1,"name":"Startseite","item":"https:\/\/gs-hude-sued.de\/"},{"@type":"ListItem","position":2,"name":"Startseite"}]},{"@type":"WebSite","@id":"https:\/\/gs-hude-sued.de\/#website","url":"https:\/\/gs-hude-sued.de\/","name":"Hude South Primary School","description":"Hude-S\u00fcd Primary School \u2013 Strong together for the future.","potentialAction":[{"@type":"SearchAction","target":{"@type":"EntryPoint","urlTemplate":"https:\/\/gs-hude-sued.de\/?s={search_term_string}"},"query-input":{"@type":"PropertyValueSpecification","valueRequired":true,"valueName":"search_term_string"}}],"inLanguage":"en-GB"}]}},"_links":{"self":[{"href":"https:\/\/gs-hude-sued.de\/en\/wp-json\/wp\/v2\/pages\/236918","targetHints":{"allow":["GET"]}}],"collection":[{"href":"https:\/\/gs-hude-sued.de\/en\/wp-json\/wp\/v2\/pages"}],"about":[{"href":"https:\/\/gs-hude-sued.de\/en\/wp-json\/wp\/v2\/types\/page"}],"author":[{"embeddable":true,"href":"https:\/\/gs-hude-sued.de\/en\/wp-json\/wp\/v2\/users\/1"}],"replies":[{"embeddable":true,"href":"https:\/\/gs-hude-sued.de\/en\/wp-json\/wp\/v2\/comments?post=236918"}],"version-history":[{"count":11,"href":"https:\/\/gs-hude-sued.de\/en\/wp-json\/wp\/v2\/pages\/236918\/revisions"}],"predecessor-version":[{"id":241425,"href":"https:\/\/gs-hude-sued.de\/en\/wp-json\/wp\/v2\/pages\/236918\/revisions\/241425"}],"wp:featuredmedia":[{"embeddable":true,"href":"https:\/\/gs-hude-sued.de\/en\/wp-json\/wp\/v2\/media\/240592"}],"wp:attachment":[{"href":"https:\/\/gs-hude-sued.de\/en\/wp-json\/wp\/v2\/media?parent=236918"}],"curies":[{"name":"wp","href":"https:\/\/api.w.org\/{rel}","templated":true}]}}